{"id":147,"date":"2009-09-03T10:36:29","date_gmt":"2009-09-03T08:36:29","guid":{"rendered":"http:\/\/localhost\/index.php\/varolistaszabalyzat\/"},"modified":"2026-05-19T09:55:51","modified_gmt":"2026-05-19T07:55:51","slug":"varolistaszabalyzat","status":"publish","type":"page","link":"https:\/\/www.szentimrekorhaz.hu\/index.php\/varolistaszabalyzat\/","title":{"rendered":"V\u00e1r\u00f3lista szab\u00e1lyzat"},"content":{"rendered":"<p>Eredeti dokumentumok (az akad\u00e1lymentes v\u00e1ltozathoz g\u00f6rgessen lejjebb):<\/p>\n<p><a href=\"https:\/\/www.szentimrekorhaz.hu\/wp-content\/uploads\/2026\/05\/Varolista-szabalyzat.pdf\">V\u00e1r\u00f3lista Szab\u00e1lyzat<\/a><\/p>\n<p>\u00a0<\/p>\n\n\n<div data-wp-interactive=\"core\/file\" class=\"wp-block-file\"><object data-wp-bind--hidden=\"!state.hasPdfPreview\" hidden class=\"wp-block-file__embed\" data=\"https:\/\/www.szentimrekorhaz.hu\/wp-content\/uploads\/2025\/08\/Varolista-szabalyzat20231021vegleges_korrektura-nelkul.pdf\" type=\"application\/pdf\" style=\"width:100%;height:600px\" aria-label=\"Akad\u00e1lymentes\u00edtett - V\u00e1r\u00f3lista szab\u00e1lyzat be\u00e1gyaz\u00e1sa\"><\/object><a id=\"wp-block-file--media-3eb40dc1-3dd9-4f13-80ad-9363821eef0b\" href=\"https:\/\/www.szentimrekorhaz.hu\/wp-content\/uploads\/2025\/08\/Varolista-szabalyzat20231021vegleges_korrektura-nelkul.pdf\">Akad\u00e1lymentes\u00edtett \u2013 V\u00e1r\u00f3lista szab\u00e1lyzat<\/a><a href=\"https:\/\/www.szentimrekorhaz.hu\/wp-content\/uploads\/2025\/08\/Varolista-szabalyzat20231021vegleges_korrektura-nelkul.pdf\" class=\"wp-block-file__button wp-element-button\" download aria-describedby=\"wp-block-file--media-3eb40dc1-3dd9-4f13-80ad-9363821eef0b\">Let\u00f6lt\u00e9s<\/a><\/div>\n\n\n\n<div data-wp-interactive=\"core\/file\" class=\"wp-block-file\"><object data-wp-bind--hidden=\"!state.hasPdfPreview\" hidden class=\"wp-block-file__embed\" data=\"https:\/\/www.szentimrekorhaz.hu\/wp-content\/uploads\/2025\/08\/Varolista-szabalyzat-1.-sz.-melleklet20231021vegleges.pdf\" type=\"application\/pdf\" style=\"width:100%;height:600px\" aria-label=\"Akad\u00e1lymentes\u00edtett - V\u00e1r\u00f3lista szab\u00e1lyzat 1. sz. mell\u00e9klet be\u00e1gyaz\u00e1sa\"><\/object><a id=\"wp-block-file--media-73a692b4-b008-4941-8418-a0fe7d482a4c\" href=\"https:\/\/www.szentimrekorhaz.hu\/wp-content\/uploads\/2025\/08\/Varolista-szabalyzat-1.-sz.-melleklet20231021vegleges.pdf\">Akad\u00e1lymentes\u00edtett \u2013 V\u00e1r\u00f3lista szab\u00e1lyzat 1. sz. mell\u00e9klet<\/a><a href=\"https:\/\/www.szentimrekorhaz.hu\/wp-content\/uploads\/2025\/08\/Varolista-szabalyzat-1.-sz.-melleklet20231021vegleges.pdf\" class=\"wp-block-file__button wp-element-button\" download aria-describedby=\"wp-block-file--media-73a692b4-b008-4941-8418-a0fe7d482a4c\">Let\u00f6lt\u00e9s<\/a><\/div>\n\n\n\n<p><\/p>\n\n\n\n\t<div class=\"dkpdf-button-container\" style=\"            text-align:right \">\n\n\t\t<a class=\"dkpdf-button\" href=\"\/index.php\/wp-json\/wp\/v2\/pages\/147?pdf=147\" target=\"_blank\"><span class=\"dkpdf-button-icon\"><i class=\"fa fa-file-pdf-o\"><\/i><\/span> Let\u00f6lt\u00e9s<\/a>\n\n\t<\/div>\n\n\n\n\n\n<!-- PMB print buttons is only displayed on a single post\/page URLs-->","protected":false},"excerpt":{"rendered":"<p>Eredeti dokumentumok (az akad\u00e1lymentes v\u00e1ltozathoz g\u00f6rgessen lejjebb): V\u00e1r\u00f3lista Szab\u00e1lyzat \u00a0 Let\u00f6lt\u00e9s<\/p>\n","protected":false},"author":1,"featured_media":0,"parent":0,"menu_order":1,"comment_status":"closed","ping_status":"closed","template":"","meta":{"_acf_changed":false,"_uag_custom_page_level_css":"","footnotes":""},"categories":[],"tags":[],"class_list":["post-147","page","type-page","status-publish","hentry"],"acf":[],"yoast_head":"<!-- This site is optimized with the Yoast SEO plugin v28.2 - https:\/\/yoast.com\/product\/yoast-seo-wordpress\/ -->\n<title>V\u00e1r\u00f3lista szab\u00e1lyzat - D\u00e9l-budai Centrumk\u00f3rh\u00e1z<\/title>\n<meta name=\"robots\" content=\"index, follow, max-snippet:-1, max-image-preview:large, max-video-preview:-1\" \/>\n<link rel=\"canonical\" href=\"https:\/\/www.szentimrekorhaz.hu\/index.php\/varolistaszabalyzat\/\" \/>\n<meta property=\"og:locale\" content=\"hu_HU\" \/>\n<meta property=\"og:type\" content=\"article\" \/>\n<meta property=\"og:title\" content=\"V\u00e1r\u00f3lista szab\u00e1lyzat - D\u00e9l-budai Centrumk\u00f3rh\u00e1z\" \/>\n<meta property=\"og:description\" content=\"Eredeti dokumentumok (az akad\u00e1lymentes v\u00e1ltozathoz g\u00f6rgessen lejjebb): V\u00e1r\u00f3lista Szab\u00e1lyzat \u00a0 Let\u00f6lt\u00e9s\" \/>\n<meta property=\"og:url\" content=\"https:\/\/www.szentimrekorhaz.hu\/index.php\/varolistaszabalyzat\/\" \/>\n<meta property=\"og:site_name\" content=\"D\u00e9l-budai Centrumk\u00f3rh\u00e1z\" \/>\n<meta property=\"article:publisher\" content=\"https:\/\/www.facebook.com\/szentimrekorhaz\" \/>\n<meta property=\"article:modified_time\" content=\"2026-05-19T07:55:51+00:00\" \/>\n<meta name=\"twitter:card\" content=\"summary_large_image\" \/>\n<script type=\"application\/ld+json\" class=\"yoast-schema-graph\">{\"@context\":\"https:\\\/\\\/schema.org\",\"@graph\":[{\"@type\":\"WebPage\",\"@id\":\"https:\\\/\\\/www.szentimrekorhaz.hu\\\/index.php\\\/varolistaszabalyzat\\\/\",\"url\":\"https:\\\/\\\/www.szentimrekorhaz.hu\\\/index.php\\\/varolistaszabalyzat\\\/\",\"name\":\"V\u00e1r\u00f3lista szab\u00e1lyzat - D\u00e9l-budai Centrumk\u00f3rh\u00e1z\",\"isPartOf\":{\"@id\":\"https:\\\/\\\/www.szentimrekorhaz.hu\\\/#website\"},\"datePublished\":\"2009-09-03T08:36:29+00:00\",\"dateModified\":\"2026-05-19T07:55:51+00:00\",\"breadcrumb\":{\"@id\":\"https:\\\/\\\/www.szentimrekorhaz.hu\\\/index.php\\\/varolistaszabalyzat\\\/#breadcrumb\"},\"inLanguage\":\"hu\",\"potentialAction\":[{\"@type\":\"ReadAction\",\"target\":[\"https:\\\/\\\/www.szentimrekorhaz.hu\\\/index.php\\\/varolistaszabalyzat\\\/\"]}]},{\"@type\":\"BreadcrumbList\",\"@id\":\"https:\\\/\\\/www.szentimrekorhaz.hu\\\/index.php\\\/varolistaszabalyzat\\\/#breadcrumb\",\"itemListElement\":[{\"@type\":\"ListItem\",\"position\":1,\"name\":\"Home\",\"item\":\"https:\\\/\\\/www.szentimrekorhaz.hu\\\/\"},{\"@type\":\"ListItem\",\"position\":2,\"name\":\"V\u00e1r\u00f3lista szab\u00e1lyzat\"}]},{\"@type\":\"WebSite\",\"@id\":\"https:\\\/\\\/www.szentimrekorhaz.hu\\\/#website\",\"url\":\"https:\\\/\\\/www.szentimrekorhaz.hu\\\/\",\"name\":\"D\u00e9l-budai Centrumk\u00f3rh\u00e1z Szent Imre Egyetemi Oktat\u00f3k\u00f3rh\u00e1z\",\"description\":\"Szent Imre Egyetemi Oktat\u00f3k\u00f3rh\u00e1z\",\"publisher\":{\"@id\":\"https:\\\/\\\/www.szentimrekorhaz.hu\\\/#organization\"},\"potentialAction\":[{\"@type\":\"SearchAction\",\"target\":{\"@type\":\"EntryPoint\",\"urlTemplate\":\"https:\\\/\\\/www.szentimrekorhaz.hu\\\/?s={search_term_string}\"},\"query-input\":{\"@type\":\"PropertyValueSpecification\",\"valueRequired\":true,\"valueName\":\"search_term_string\"}}],\"inLanguage\":\"hu\"},{\"@type\":\"Organization\",\"@id\":\"https:\\\/\\\/www.szentimrekorhaz.hu\\\/#organization\",\"name\":\"D\u00e9l-budai Centrumk\u00f3rh\u00e1z Szent Imre Egyetemi Oktat\u00f3k\u00f3rh\u00e1z\",\"url\":\"https:\\\/\\\/www.szentimrekorhaz.hu\\\/\",\"logo\":{\"@type\":\"ImageObject\",\"inLanguage\":\"hu\",\"@id\":\"https:\\\/\\\/www.szentimrekorhaz.hu\\\/#\\\/schema\\\/logo\\\/image\\\/\",\"url\":\"https:\\\/\\\/www.szentimrekorhaz.hu\\\/wp-content\\\/uploads\\\/2025\\\/05\\\/cropped-logo.png\",\"contentUrl\":\"https:\\\/\\\/www.szentimrekorhaz.hu\\\/wp-content\\\/uploads\\\/2025\\\/05\\\/cropped-logo.png\",\"width\":577,\"height\":577,\"caption\":\"D\u00e9l-budai Centrumk\u00f3rh\u00e1z Szent Imre Egyetemi Oktat\u00f3k\u00f3rh\u00e1z\"},\"image\":{\"@id\":\"https:\\\/\\\/www.szentimrekorhaz.hu\\\/#\\\/schema\\\/logo\\\/image\\\/\"},\"sameAs\":[\"https:\\\/\\\/www.facebook.com\\\/szentimrekorhaz\",\"https:\\\/\\\/www.instagram.com\\\/szentimrekorhaz\"]}]}<\/script>\n<!-- \/ Yoast SEO plugin. -->","yoast_head_json":{"title":"V\u00e1r\u00f3lista szab\u00e1lyzat - D\u00e9l-budai Centrumk\u00f3rh\u00e1z","robots":{"index":"index","follow":"follow","max-snippet":"max-snippet:-1","max-image-preview":"max-image-preview:large","max-video-preview":"max-video-preview:-1"},"canonical":"https:\/\/www.szentimrekorhaz.hu\/index.php\/varolistaszabalyzat\/","og_locale":"hu_HU","og_type":"article","og_title":"V\u00e1r\u00f3lista szab\u00e1lyzat - D\u00e9l-budai Centrumk\u00f3rh\u00e1z","og_description":"Eredeti dokumentumok (az akad\u00e1lymentes v\u00e1ltozathoz g\u00f6rgessen lejjebb): V\u00e1r\u00f3lista Szab\u00e1lyzat \u00a0 Let\u00f6lt\u00e9s","og_url":"https:\/\/www.szentimrekorhaz.hu\/index.php\/varolistaszabalyzat\/","og_site_name":"D\u00e9l-budai Centrumk\u00f3rh\u00e1z","article_publisher":"https:\/\/www.facebook.com\/szentimrekorhaz","article_modified_time":"2026-05-19T07:55:51+00:00","twitter_card":"summary_large_image","schema":{"@context":"https:\/\/schema.org","@graph":[{"@type":"WebPage","@id":"https:\/\/www.szentimrekorhaz.hu\/index.php\/varolistaszabalyzat\/","url":"https:\/\/www.szentimrekorhaz.hu\/index.php\/varolistaszabalyzat\/","name":"V\u00e1r\u00f3lista szab\u00e1lyzat - D\u00e9l-budai Centrumk\u00f3rh\u00e1z","isPartOf":{"@id":"https:\/\/www.szentimrekorhaz.hu\/#website"},"datePublished":"2009-09-03T08:36:29+00:00","dateModified":"2026-05-19T07:55:51+00:00","breadcrumb":{"@id":"https:\/\/www.szentimrekorhaz.hu\/index.php\/varolistaszabalyzat\/#breadcrumb"},"inLanguage":"hu","potentialAction":[{"@type":"ReadAction","target":["https:\/\/www.szentimrekorhaz.hu\/index.php\/varolistaszabalyzat\/"]}]},{"@type":"BreadcrumbList","@id":"https:\/\/www.szentimrekorhaz.hu\/index.php\/varolistaszabalyzat\/#breadcrumb","itemListElement":[{"@type":"ListItem","position":1,"name":"Home","item":"https:\/\/www.szentimrekorhaz.hu\/"},{"@type":"ListItem","position":2,"name":"V\u00e1r\u00f3lista szab\u00e1lyzat"}]},{"@type":"WebSite","@id":"https:\/\/www.szentimrekorhaz.hu\/#website","url":"https:\/\/www.szentimrekorhaz.hu\/","name":"D\u00e9l-budai Centrumk\u00f3rh\u00e1z Szent Imre Egyetemi Oktat\u00f3k\u00f3rh\u00e1z","description":"Szent Imre Egyetemi Oktat\u00f3k\u00f3rh\u00e1z","publisher":{"@id":"https:\/\/www.szentimrekorhaz.hu\/#organization"},"potentialAction":[{"@type":"SearchAction","target":{"@type":"EntryPoint","urlTemplate":"https:\/\/www.szentimrekorhaz.hu\/?s={search_term_string}"},"query-input":{"@type":"PropertyValueSpecification","valueRequired":true,"valueName":"search_term_string"}}],"inLanguage":"hu"},{"@type":"Organization","@id":"https:\/\/www.szentimrekorhaz.hu\/#organization","name":"D\u00e9l-budai Centrumk\u00f3rh\u00e1z Szent Imre Egyetemi Oktat\u00f3k\u00f3rh\u00e1z","url":"https:\/\/www.szentimrekorhaz.hu\/","logo":{"@type":"ImageObject","inLanguage":"hu","@id":"https:\/\/www.szentimrekorhaz.hu\/#\/schema\/logo\/image\/","url":"https:\/\/www.szentimrekorhaz.hu\/wp-content\/uploads\/2025\/05\/cropped-logo.png","contentUrl":"https:\/\/www.szentimrekorhaz.hu\/wp-content\/uploads\/2025\/05\/cropped-logo.png","width":577,"height":577,"caption":"D\u00e9l-budai Centrumk\u00f3rh\u00e1z Szent Imre Egyetemi Oktat\u00f3k\u00f3rh\u00e1z"},"image":{"@id":"https:\/\/www.szentimrekorhaz.hu\/#\/schema\/logo\/image\/"},"sameAs":["https:\/\/www.facebook.com\/szentimrekorhaz","https:\/\/www.instagram.com\/szentimrekorhaz"]}]}},"uagb_featured_image_src":{"full":false,"thumbnail":false,"medium":false,"medium_large":false,"large":false,"1536x1536":false,"2048x2048":false,"410x410":false},"uagb_author_info":{"display_name":"admin","author_link":"https:\/\/www.szentimrekorhaz.hu\/index.php\/author\/admin\/"},"uagb_comment_info":0,"uagb_excerpt":"Eredeti dokumentumok (az akad\u00e1lymentes v\u00e1ltozathoz g\u00f6rgessen lejjebb): V\u00e1r\u00f3lista Szab\u00e1lyzat \u00a0 Let\u00f6lt\u00e9s","post_type":"page","author_name":"admin","_links":{"self":[{"href":"https:\/\/www.szentimrekorhaz.hu\/index.php\/wp-json\/wp\/v2\/pages\/147","targetHints":{"allow":["GET"]}}],"collection":[{"href":"https:\/\/www.szentimrekorhaz.hu\/index.php\/wp-json\/wp\/v2\/pages"}],"about":[{"href":"https:\/\/www.szentimrekorhaz.hu\/index.php\/wp-json\/wp\/v2\/types\/page"}],"author":[{"embeddable":true,"href":"https:\/\/www.szentimrekorhaz.hu\/index.php\/wp-json\/wp\/v2\/users\/1"}],"replies":[{"embeddable":true,"href":"https:\/\/www.szentimrekorhaz.hu\/index.php\/wp-json\/wp\/v2\/comments?post=147"}],"version-history":[{"count":5,"href":"https:\/\/www.szentimrekorhaz.hu\/index.php\/wp-json\/wp\/v2\/pages\/147\/revisions"}],"predecessor-version":[{"id":4472,"href":"https:\/\/www.szentimrekorhaz.hu\/index.php\/wp-json\/wp\/v2\/pages\/147\/revisions\/4472"}],"wp:attachment":[{"href":"https:\/\/www.szentimrekorhaz.hu\/index.php\/wp-json\/wp\/v2\/media?parent=147"}],"wp:term":[{"taxonomy":"category","embeddable":true,"href":"https:\/\/www.szentimrekorhaz.hu\/index.php\/wp-json\/wp\/v2\/categories?post=147"},{"taxonomy":"post_tag","embeddable":true,"href":"https:\/\/www.szentimrekorhaz.hu\/index.php\/wp-json\/wp\/v2\/tags?post=147"}],"curies":[{"name":"wp","href":"https:\/\/api.w.org\/{rel}","templated":true}]}}