{"id":233,"date":"2009-10-07T16:14:26","date_gmt":"2009-10-07T14:14:26","guid":{"rendered":"http:\/\/localhost\/index.php\/vip1\/"},"modified":"2026-04-22T09:42:04","modified_gmt":"2026-04-22T07:42:04","slug":"vip1","status":"publish","type":"page","link":"https:\/\/www.szentimrekorhaz.hu\/index.php\/vip1\/","title":{"rendered":"\u00c1ltal\u00e1nos Belgy\u00f3gy\u00e1szati \u00e9s Kardiol\u00f3giai Oszt\u00e1ly"},"content":{"rendered":"<p><strong>\u201eA\u201d \u00e9p. f\u00f6ldszint<\/strong><\/p>\n<p><strong>Oszt\u00e1lyvezet\u0151 f\u0151orvos:<\/strong> <strong>Prof. Dr. Finta Ervin c. egyetemi tan\u00e1r<\/strong><\/p>\n<p><strong>Tel.: (+36-1) 382-0371 vagy a (+36-1) 464-8600\/1723 mell\u00e9k<\/strong><\/p>\n<p><strong>\u00c1pol\u00e1s: Kiemelt Hotelszolg\u00e1lat I.<\/strong><\/p>\n<p><strong>Vezet\u0151 \u00c1pol\u00f3: Gelencs\u00e9r Adrienn<\/strong><\/p>\n<p>Az orvos igazgat\u00f3 k\u00f6zvetlen al\u00e1rendelts\u00e9g\u00e9ben m\u0171k\u00f6dik. A r\u00e9szleget a Szent Imre K\u00f3rh\u00e1z \u00e9s a Dimenzi\u00f3 \u00d6nseg\u00e9lyez\u0151 Egyes\u00fclet egy\u00fcttm\u0171k\u00f6d\u00e9se alapj\u00e1n alak\u00edtott\u00e1k ki, azzal a c\u00e9llal, hogy a betegek legkorszer\u0171bb berendez\u00e9sekkel felszerelt k\u00f3rtermekben t\u00f6rt\u00e9n\u0151 elhelyez\u00e9se, az ell\u00e1t\u00e1si, \u00e1pol\u00e1si k\u00f6r\u00fclm\u00e9nyek az \u00e1tlagos magyar k\u00f3rh\u00e1zi k\u00f6rnyezethez k\u00e9pest magasabb sz\u00ednvonal\u00faak, k\u00e9nyelmesebbek, magasabb komfortfokozat\u00faak legyenek l\u00e9nyeg\u00e9ben megfelelve egy 3-4 csillagos sz\u00e1llodai elhelyez\u00e9snek.<\/p>\n<p>Feladata:<\/p>\n<ul>\n<li>Jelleg\u00e9b\u0151l ad\u00f3d\u00f3an \u00fan. tot\u00e1lis m\u00e1trix egys\u00e9g b\u00e1rmely szakmai profilhoz tartoz\u00f3 beteg (amennyiben ell\u00e1t\u00e1sa nem ig\u00e9nyel speci\u00e1lis szakmai felszerel\u00e9st) elhelyezhet\u0151 az egys\u00e9gben. Ezekkel kapcsolatban feladatai a sz\u00fcks\u00e9ges konzult\u00e1nsok bevon\u00e1s\u00e1val:<\/li>\n<li style=\"list-style-type: none;\">\n<ul>\n<li>a megfelel\u0151 kezel\u00e9s be\u00e1ll\u00edt\u00e1sa,<\/li>\n<li>a betegek hazabocs\u00e1t\u00e1sa, vagy<\/li>\n<li>sz\u00fcks\u00e9g eset\u00e9n m\u00e1s k\u00f3rh\u00e1zi profilra (oszt\u00e1lyra) \u00e1thelyez\u00e9se, vagy<\/li>\n<li>sz\u00fcks\u00e9g eset\u00e9n m\u00e1s k\u00f3rh\u00e1zba (int\u00e9zetbe) t\u00f6rt\u00e9n\u0151 \u00e1thelyez\u00e9se;<\/li>\n<li>az orvosk\u00e9pz\u00e9sben, orvos-tov\u00e1bbk\u00e9pz\u00e9sben, szakdolgoz\u00f3i k\u00e9pz\u00e9sben akkredit\u00e1ci\u00f3j\u00e1nak megfelel\u0151 feladatok ell\u00e1t\u00e1sa.<\/li>\n<\/ul>\n<\/li>\n<li>A betegfelv\u00e9tel a Kiemelt Hotelszolg\u00e1lati r\u00e9szlegre el\u0151jegyz\u00e9s alapj\u00e1n, k\u00fcl\u00f6n t\u00e9r\u00edt\u00e9s ellen\u00e9ben t\u00f6rt\u00e9nik. B\u00e1rki ig\u00e9nybe veheti a szolg\u00e1ltat\u00e1st, aki v\u00e1llalja, hogy megfizeti az aktu\u00e1lisan \u00e9rv\u00e9nyes t\u00e9r\u00edt\u00e9si d\u00edjat, \u00e9s a Profil rendelkezik szabad kapacit\u00e1ssal. Els\u0151bbs\u00e9get \u00e9lveznek a<\/li>\n<li>Dimenzi\u00f3 Eg\u00e9szs\u00e9gp\u00e9nzt\u00e1r tagjai \u00e9s a k\u00f3rh\u00e1zzal szerz\u0151d\u00e9ses viszonyban l\u00e9v\u0151 v\u00e1llalatok, mag\u00e1nszem\u00e9lyek felv\u00e9tel\u00fcket a kiemelt hotelszolg\u00e1lttal kell egyeztetni. Tel.: (+36)30-2291578<\/li>\n<li>Mag\u00e1nkezdem\u00e9nyez\u00e9s eset\u00e9n az oszt\u00e1lyvezet\u0151 f\u0151orvossal, vagy helyettes\u00e9vel t\u00f6rt\u00e9n\u0151 megbesz\u00e9l\u00e9st k\u00f6vet\u0151en egyeztet\u00e9s sz\u00fcks\u00e9ges (+36)-30-2291578.<\/li>\n<li>S\u00fcrg\u0151ss\u00e9gi felv\u00e9tel: S\u00fcrg\u0151ss\u00e9gi Betegell\u00e1t\u00f3 Egys\u00e9gen (SBE) kereszt\u00fcl abban az esetben lehets\u00e9ges, ha a felv\u00e9tel a Kiemelt Hotelszolg\u00e1lat tervezett ell\u00e1t\u00e1s\u00e1t nem zavarja.<\/li>\n<\/ul>\n<p><strong>Az\u00a0Oszt\u00e1ly\u00a0\u00e1ltal m\u0171k\u00f6dtetett szakambulanci\u00e1k: <\/strong><\/p>\n<p><strong>Hypertonia Szakambulancia,<\/strong><\/p>\n<p><strong>Echokardiogr\u00e1fi\u00e1s Szakambulancia,<\/strong><\/p>\n<p><strong>Kiemelt Hotelszolg\u00e1lat Ambulancia,<\/strong><\/p>\n<p><strong>Duplex Scan szakambulancia<\/strong> \u2013 az oszt\u00e1lyon\u00a0kezelt betegek r\u00e9sz\u00e9re m\u0171k\u00f6dnek, szakorvosi indik\u00e1ci\u00f3 alapj\u00e1n vehet\u0151k ig\u00e9nybe<\/p>\n\n\n\n\t<div class=\"dkpdf-button-container\" style=\"            text-align:right \">\n\n\t\t<a class=\"dkpdf-button\" href=\"\/index.php\/wp-json\/wp\/v2\/pages\/233?pdf=233\" target=\"_blank\"><span class=\"dkpdf-button-icon\"><i class=\"fa fa-file-pdf-o\"><\/i><\/span> Let\u00f6lt\u00e9s<\/a>\n\n\t<\/div>\n\n\n\n\n\n<!-- PMB print buttons is only displayed on a single post\/page URLs-->","protected":false},"excerpt":{"rendered":"<p>\u201eA\u201d \u00e9p. f\u00f6ldszint Oszt\u00e1lyvezet\u0151 f\u0151orvos: Prof. Dr. Finta Ervin c. egyetemi tan\u00e1r Tel.: (+36-1) 382-0371 vagy a (+36-1) 464-8600\/1723 mell\u00e9k \u00c1pol\u00e1s: Kiemelt Hotelszolg\u00e1lat I. Vezet\u0151&hellip;<\/p>\n","protected":false},"author":3,"featured_media":0,"parent":0,"menu_order":1,"comment_status":"closed","ping_status":"closed","template":"","meta":{"_acf_changed":false,"_uag_custom_page_level_css":"","footnotes":""},"categories":[],"tags":[],"class_list":["post-233","page","type-page","status-publish","hentry"],"acf":[],"yoast_head":"<!-- This site is optimized with the Yoast SEO plugin v28.2 - https:\/\/yoast.com\/product\/yoast-seo-wordpress\/ -->\n<title>\u00c1ltal\u00e1nos Belgy\u00f3gy\u00e1szati \u00e9s Kardiol\u00f3giai Oszt\u00e1ly - D\u00e9l-budai Centrumk\u00f3rh\u00e1z<\/title>\n<meta name=\"robots\" content=\"index, follow, max-snippet:-1, max-image-preview:large, max-video-preview:-1\" \/>\n<link rel=\"canonical\" href=\"https:\/\/www.szentimrekorhaz.hu\/index.php\/vip1\/\" \/>\n<meta property=\"og:locale\" content=\"hu_HU\" \/>\n<meta property=\"og:type\" content=\"article\" \/>\n<meta property=\"og:title\" content=\"\u00c1ltal\u00e1nos Belgy\u00f3gy\u00e1szati \u00e9s Kardiol\u00f3giai Oszt\u00e1ly - D\u00e9l-budai Centrumk\u00f3rh\u00e1z\" \/>\n<meta property=\"og:description\" content=\"\u201eA\u201d \u00e9p. f\u00f6ldszint Oszt\u00e1lyvezet\u0151 f\u0151orvos: Prof. Dr. Finta Ervin c. egyetemi tan\u00e1r Tel.: (+36-1) 382-0371 vagy a (+36-1) 464-8600\/1723 mell\u00e9k \u00c1pol\u00e1s: Kiemelt Hotelszolg\u00e1lat I. Vezet\u0151&hellip;\" \/>\n<meta property=\"og:url\" content=\"https:\/\/www.szentimrekorhaz.hu\/index.php\/vip1\/\" \/>\n<meta property=\"og:site_name\" content=\"D\u00e9l-budai Centrumk\u00f3rh\u00e1z\" \/>\n<meta property=\"article:publisher\" content=\"https:\/\/www.facebook.com\/szentimrekorhaz\" \/>\n<meta property=\"article:modified_time\" content=\"2026-04-22T07:42:04+00:00\" \/>\n<meta name=\"twitter:card\" content=\"summary_large_image\" \/>\n<meta name=\"twitter:label1\" content=\"Est. reading time\" \/>\n\t<meta name=\"twitter:data1\" content=\"2 perc\" \/>\n<script type=\"application\/ld+json\" class=\"yoast-schema-graph\">{\"@context\":\"https:\\\/\\\/schema.org\",\"@graph\":[{\"@type\":\"WebPage\",\"@id\":\"https:\\\/\\\/www.szentimrekorhaz.hu\\\/index.php\\\/vip1\\\/\",\"url\":\"https:\\\/\\\/www.szentimrekorhaz.hu\\\/index.php\\\/vip1\\\/\",\"name\":\"\u00c1ltal\u00e1nos Belgy\u00f3gy\u00e1szati \u00e9s Kardiol\u00f3giai Oszt\u00e1ly - D\u00e9l-budai Centrumk\u00f3rh\u00e1z\",\"isPartOf\":{\"@id\":\"https:\\\/\\\/www.szentimrekorhaz.hu\\\/#website\"},\"datePublished\":\"2009-10-07T14:14:26+00:00\",\"dateModified\":\"2026-04-22T07:42:04+00:00\",\"breadcrumb\":{\"@id\":\"https:\\\/\\\/www.szentimrekorhaz.hu\\\/index.php\\\/vip1\\\/#breadcrumb\"},\"inLanguage\":\"hu\",\"potentialAction\":[{\"@type\":\"ReadAction\",\"target\":[\"https:\\\/\\\/www.szentimrekorhaz.hu\\\/index.php\\\/vip1\\\/\"]}]},{\"@type\":\"BreadcrumbList\",\"@id\":\"https:\\\/\\\/www.szentimrekorhaz.hu\\\/index.php\\\/vip1\\\/#breadcrumb\",\"itemListElement\":[{\"@type\":\"ListItem\",\"position\":1,\"name\":\"Home\",\"item\":\"https:\\\/\\\/www.szentimrekorhaz.hu\\\/\"},{\"@type\":\"ListItem\",\"position\":2,\"name\":\"\u00c1ltal\u00e1nos Belgy\u00f3gy\u00e1szati \u00e9s Kardiol\u00f3giai Oszt\u00e1ly\"}]},{\"@type\":\"WebSite\",\"@id\":\"https:\\\/\\\/www.szentimrekorhaz.hu\\\/#website\",\"url\":\"https:\\\/\\\/www.szentimrekorhaz.hu\\\/\",\"name\":\"D\u00e9l-budai Centrumk\u00f3rh\u00e1z Szent Imre Egyetemi Oktat\u00f3k\u00f3rh\u00e1z\",\"description\":\"Szent Imre Egyetemi Oktat\u00f3k\u00f3rh\u00e1z\",\"publisher\":{\"@id\":\"https:\\\/\\\/www.szentimrekorhaz.hu\\\/#organization\"},\"potentialAction\":[{\"@type\":\"SearchAction\",\"target\":{\"@type\":\"EntryPoint\",\"urlTemplate\":\"https:\\\/\\\/www.szentimrekorhaz.hu\\\/?s={search_term_string}\"},\"query-input\":{\"@type\":\"PropertyValueSpecification\",\"valueRequired\":true,\"valueName\":\"search_term_string\"}}],\"inLanguage\":\"hu\"},{\"@type\":\"Organization\",\"@id\":\"https:\\\/\\\/www.szentimrekorhaz.hu\\\/#organization\",\"name\":\"D\u00e9l-budai Centrumk\u00f3rh\u00e1z Szent Imre Egyetemi Oktat\u00f3k\u00f3rh\u00e1z\",\"url\":\"https:\\\/\\\/www.szentimrekorhaz.hu\\\/\",\"logo\":{\"@type\":\"ImageObject\",\"inLanguage\":\"hu\",\"@id\":\"https:\\\/\\\/www.szentimrekorhaz.hu\\\/#\\\/schema\\\/logo\\\/image\\\/\",\"url\":\"https:\\\/\\\/www.szentimrekorhaz.hu\\\/wp-content\\\/uploads\\\/2025\\\/05\\\/cropped-logo.png\",\"contentUrl\":\"https:\\\/\\\/www.szentimrekorhaz.hu\\\/wp-content\\\/uploads\\\/2025\\\/05\\\/cropped-logo.png\",\"width\":577,\"height\":577,\"caption\":\"D\u00e9l-budai Centrumk\u00f3rh\u00e1z Szent Imre Egyetemi Oktat\u00f3k\u00f3rh\u00e1z\"},\"image\":{\"@id\":\"https:\\\/\\\/www.szentimrekorhaz.hu\\\/#\\\/schema\\\/logo\\\/image\\\/\"},\"sameAs\":[\"https:\\\/\\\/www.facebook.com\\\/szentimrekorhaz\",\"https:\\\/\\\/www.instagram.com\\\/szentimrekorhaz\"]}]}<\/script>\n<!-- \/ Yoast SEO plugin. -->","yoast_head_json":{"title":"\u00c1ltal\u00e1nos Belgy\u00f3gy\u00e1szati \u00e9s Kardiol\u00f3giai Oszt\u00e1ly - D\u00e9l-budai Centrumk\u00f3rh\u00e1z","robots":{"index":"index","follow":"follow","max-snippet":"max-snippet:-1","max-image-preview":"max-image-preview:large","max-video-preview":"max-video-preview:-1"},"canonical":"https:\/\/www.szentimrekorhaz.hu\/index.php\/vip1\/","og_locale":"hu_HU","og_type":"article","og_title":"\u00c1ltal\u00e1nos Belgy\u00f3gy\u00e1szati \u00e9s Kardiol\u00f3giai Oszt\u00e1ly - D\u00e9l-budai Centrumk\u00f3rh\u00e1z","og_description":"\u201eA\u201d \u00e9p. f\u00f6ldszint Oszt\u00e1lyvezet\u0151 f\u0151orvos: Prof. Dr. Finta Ervin c. egyetemi tan\u00e1r Tel.: (+36-1) 382-0371 vagy a (+36-1) 464-8600\/1723 mell\u00e9k \u00c1pol\u00e1s: Kiemelt Hotelszolg\u00e1lat I. Vezet\u0151&hellip;","og_url":"https:\/\/www.szentimrekorhaz.hu\/index.php\/vip1\/","og_site_name":"D\u00e9l-budai Centrumk\u00f3rh\u00e1z","article_publisher":"https:\/\/www.facebook.com\/szentimrekorhaz","article_modified_time":"2026-04-22T07:42:04+00:00","twitter_card":"summary_large_image","twitter_misc":{"Est. reading time":"2 perc"},"schema":{"@context":"https:\/\/schema.org","@graph":[{"@type":"WebPage","@id":"https:\/\/www.szentimrekorhaz.hu\/index.php\/vip1\/","url":"https:\/\/www.szentimrekorhaz.hu\/index.php\/vip1\/","name":"\u00c1ltal\u00e1nos Belgy\u00f3gy\u00e1szati \u00e9s Kardiol\u00f3giai Oszt\u00e1ly - D\u00e9l-budai Centrumk\u00f3rh\u00e1z","isPartOf":{"@id":"https:\/\/www.szentimrekorhaz.hu\/#website"},"datePublished":"2009-10-07T14:14:26+00:00","dateModified":"2026-04-22T07:42:04+00:00","breadcrumb":{"@id":"https:\/\/www.szentimrekorhaz.hu\/index.php\/vip1\/#breadcrumb"},"inLanguage":"hu","potentialAction":[{"@type":"ReadAction","target":["https:\/\/www.szentimrekorhaz.hu\/index.php\/vip1\/"]}]},{"@type":"BreadcrumbList","@id":"https:\/\/www.szentimrekorhaz.hu\/index.php\/vip1\/#breadcrumb","itemListElement":[{"@type":"ListItem","position":1,"name":"Home","item":"https:\/\/www.szentimrekorhaz.hu\/"},{"@type":"ListItem","position":2,"name":"\u00c1ltal\u00e1nos Belgy\u00f3gy\u00e1szati \u00e9s Kardiol\u00f3giai Oszt\u00e1ly"}]},{"@type":"WebSite","@id":"https:\/\/www.szentimrekorhaz.hu\/#website","url":"https:\/\/www.szentimrekorhaz.hu\/","name":"D\u00e9l-budai Centrumk\u00f3rh\u00e1z Szent Imre Egyetemi Oktat\u00f3k\u00f3rh\u00e1z","description":"Szent Imre Egyetemi Oktat\u00f3k\u00f3rh\u00e1z","publisher":{"@id":"https:\/\/www.szentimrekorhaz.hu\/#organization"},"potentialAction":[{"@type":"SearchAction","target":{"@type":"EntryPoint","urlTemplate":"https:\/\/www.szentimrekorhaz.hu\/?s={search_term_string}"},"query-input":{"@type":"PropertyValueSpecification","valueRequired":true,"valueName":"search_term_string"}}],"inLanguage":"hu"},{"@type":"Organization","@id":"https:\/\/www.szentimrekorhaz.hu\/#organization","name":"D\u00e9l-budai Centrumk\u00f3rh\u00e1z Szent Imre Egyetemi Oktat\u00f3k\u00f3rh\u00e1z","url":"https:\/\/www.szentimrekorhaz.hu\/","logo":{"@type":"ImageObject","inLanguage":"hu","@id":"https:\/\/www.szentimrekorhaz.hu\/#\/schema\/logo\/image\/","url":"https:\/\/www.szentimrekorhaz.hu\/wp-content\/uploads\/2025\/05\/cropped-logo.png","contentUrl":"https:\/\/www.szentimrekorhaz.hu\/wp-content\/uploads\/2025\/05\/cropped-logo.png","width":577,"height":577,"caption":"D\u00e9l-budai Centrumk\u00f3rh\u00e1z Szent Imre Egyetemi Oktat\u00f3k\u00f3rh\u00e1z"},"image":{"@id":"https:\/\/www.szentimrekorhaz.hu\/#\/schema\/logo\/image\/"},"sameAs":["https:\/\/www.facebook.com\/szentimrekorhaz","https:\/\/www.instagram.com\/szentimrekorhaz"]}]}},"uagb_featured_image_src":{"full":false,"thumbnail":false,"medium":false,"medium_large":false,"large":false,"1536x1536":false,"2048x2048":false,"410x410":false},"uagb_author_info":{"display_name":"backup","author_link":"https:\/\/www.szentimrekorhaz.hu\/index.php\/author\/backup\/"},"uagb_comment_info":0,"uagb_excerpt":"\u201eA\u201d \u00e9p. f\u00f6ldszint Oszt\u00e1lyvezet\u0151 f\u0151orvos: Prof. Dr. Finta Ervin c. egyetemi tan\u00e1r Tel.: (+36-1) 382-0371 vagy a (+36-1) 464-8600\/1723 mell\u00e9k \u00c1pol\u00e1s: Kiemelt Hotelszolg\u00e1lat I. Vezet\u0151&hellip;","post_type":"page","author_name":"backup","_links":{"self":[{"href":"https:\/\/www.szentimrekorhaz.hu\/index.php\/wp-json\/wp\/v2\/pages\/233","targetHints":{"allow":["GET"]}}],"collection":[{"href":"https:\/\/www.szentimrekorhaz.hu\/index.php\/wp-json\/wp\/v2\/pages"}],"about":[{"href":"https:\/\/www.szentimrekorhaz.hu\/index.php\/wp-json\/wp\/v2\/types\/page"}],"author":[{"embeddable":true,"href":"https:\/\/www.szentimrekorhaz.hu\/index.php\/wp-json\/wp\/v2\/users\/3"}],"replies":[{"embeddable":true,"href":"https:\/\/www.szentimrekorhaz.hu\/index.php\/wp-json\/wp\/v2\/comments?post=233"}],"version-history":[{"count":5,"href":"https:\/\/www.szentimrekorhaz.hu\/index.php\/wp-json\/wp\/v2\/pages\/233\/revisions"}],"predecessor-version":[{"id":4110,"href":"https:\/\/www.szentimrekorhaz.hu\/index.php\/wp-json\/wp\/v2\/pages\/233\/revisions\/4110"}],"wp:attachment":[{"href":"https:\/\/www.szentimrekorhaz.hu\/index.php\/wp-json\/wp\/v2\/media?parent=233"}],"wp:term":[{"taxonomy":"category","embeddable":true,"href":"https:\/\/www.szentimrekorhaz.hu\/index.php\/wp-json\/wp\/v2\/categories?post=233"},{"taxonomy":"post_tag","embeddable":true,"href":"https:\/\/www.szentimrekorhaz.hu\/index.php\/wp-json\/wp\/v2\/tags?post=233"}],"curies":[{"name":"wp","href":"https:\/\/api.w.org\/{rel}","templated":true}]}}