{"id":239,"date":"2009-10-07T16:30:22","date_gmt":"2009-10-07T14:30:22","guid":{"rendered":"http:\/\/localhost\/index.php\/brgyogyaszat-szakrendeles\/"},"modified":"2025-09-20T10:08:32","modified_gmt":"2025-09-20T08:08:32","slug":"brgyogyaszat-szakrendeles","status":"publish","type":"page","link":"https:\/\/www.szentimrekorhaz.hu\/index.php\/brgyogyaszat-szakrendeles\/","title":{"rendered":"B\u0151rgy\u00f3gy\u00e1szat szakrendel\u00e9s"},"content":{"rendered":"\n<p><strong>Vezet\u0151 f\u0151orvos: Dr. K\u00f6rmendy Mikl\u00f3s<\/strong><\/p>\n\n\n\n<p><strong>Betegfogad\u00e1si rend:<\/strong><\/p>\n\n\n\n<p>A XI. ker\u00fcleti lakc\u00edmmel rendelkez\u0151 18 \u00e9v feletti feln\u0151tt betegeket beutal\u00f3 n\u00e9lk\u00fcl is fogadjuk az el\u0151jegyzett id\u0151ben.<\/p>\n\n\n\n<p>Betegeket a XI. ker\u00fcleten k\u00edv\u00fclr\u0151l nem tudunk fogadni.<\/p>\n\n\n\n<p>Nemi betegeket nem l\u00e1tunk el.<\/p>\n\n\n\n<p>\u00a0<\/p>\n\n\n\n<p><strong>A rendel\u00e9ssel kapcsolatos inform\u00e1ci\u00f3k:<\/strong><\/p>\n\n\n\n<p>\u00a0<\/p>\n\n\n\n<table id=\"tablepress-7\" class=\"tablepress tablepress-id-7 tbody-has-connected-cells\">\n<thead>\n<tr class=\"row-1\">\n\t<th class=\"column-1\"><strong>Ambulancia megnevez\u00e9se<\/strong><\/th><th class=\"column-2\"><strong>Rendel\u00e9s Helye<\/strong><\/th><th class=\"column-3\"><strong>Rendel\u00e9s ideje<\/strong><\/th><th class=\"column-4\"><strong>Rendel\u00e9st v\u00e9gz\u0151 orvps<\/strong><\/th><th class=\"column-5\"><strong>Telefonsz\u00e1m<\/strong><\/th><th class=\"column-6\"><strong>Fontos Tudnival\u00f3<\/strong><\/th>\n<\/tr>\n<\/thead>\n<tbody class=\"row-striping row-hover\">\n<tr class=\"row-2\">\n\t<td rowspan=\"4\" class=\"column-1\"><em><strong>B\u0151rgy\u00f3gy\u00e1szati szakrendel\u00e9s                      <\/strong><\/em><\/td><td rowspan=\"4\" class=\"column-2\"><em><strong>R \u00e9p\u00fclet 2. emelet 209.<\/strong><\/em><\/td><td rowspan=\"4\" class=\"column-3\">H\u00e9tf\u0151:11:00-14:00        Kedd,Szerda,Cs\u00fct\u00f6rt\u00f6k         8:00-12:00                     P\u00e9nteken nincs renel\u00e9s<\/td><td rowspan=\"4\" class=\"column-4\">Dr.K\u00f6rmendy Mikl\u00f3s F\u0151orvos<\/td><td rowspan=\"4\" class=\"column-5\"><strong>061\/464-8600\/1836<\/strong><\/td><td rowspan=\"4\" class=\"column-6\"><strong>K\u00f3rh\u00e1zi betegek \u00e9s XI.ker\u00fcleti lakosok r\u00e9sz\u00e9re.\u00a0                                            El\u0151jegyz\u00e9s sz\u00fcks\u00e9ges               El\u0151jegyz\u00e9s: rendel\u00e9si id\u0151ben 061\/464-8600\/1836<\/strong><\/td>\n<\/tr>\n<tr class=\"row-3\">\n\t\n<\/tr>\n<tr class=\"row-4\">\n\t\n<\/tr>\n<tr class=\"row-5\">\n\t\n<\/tr>\n<\/tbody>\n<\/table>\n<!-- #tablepress-7 from cache -->\n\n\n<p>\u00a0<\/p>\n\n\n\n\t<div class=\"dkpdf-button-container\" style=\"            text-align:right \">\n\n\t\t<a class=\"dkpdf-button\" href=\"\/index.php\/wp-json\/wp\/v2\/pages\/239?pdf=239\" target=\"_blank\"><span class=\"dkpdf-button-icon\"><i class=\"fa fa-file-pdf-o\"><\/i><\/span> Let\u00f6lt\u00e9s<\/a>\n\n\t<\/div>\n\n\n\n\n\n<!-- PMB print buttons is only displayed on a single post\/page URLs-->","protected":false},"excerpt":{"rendered":"<p>Vezet\u0151 f\u0151orvos: Dr. K\u00f6rmendy Mikl\u00f3s Betegfogad\u00e1si rend: A XI. ker\u00fcleti lakc\u00edmmel rendelkez\u0151 18 \u00e9v feletti feln\u0151tt betegeket beutal\u00f3 n\u00e9lk\u00fcl is fogadjuk az el\u0151jegyzett id\u0151ben. Betegeket&hellip;<\/p>\n","protected":false},"author":3,"featured_media":0,"parent":0,"menu_order":3,"comment_status":"closed","ping_status":"closed","template":"","meta":{"_acf_changed":false,"_uag_custom_page_level_css":"","footnotes":""},"categories":[],"tags":[],"class_list":["post-239","page","type-page","status-publish","hentry"],"acf":[],"yoast_head":"<!-- This site is optimized with the Yoast SEO plugin v28.2 - https:\/\/yoast.com\/product\/yoast-seo-wordpress\/ -->\n<title>B\u0151rgy\u00f3gy\u00e1szat szakrendel\u00e9s - D\u00e9l-budai Centrumk\u00f3rh\u00e1z<\/title>\n<meta name=\"robots\" content=\"index, follow, max-snippet:-1, max-image-preview:large, max-video-preview:-1\" \/>\n<link rel=\"canonical\" href=\"https:\/\/www.szentimrekorhaz.hu\/index.php\/brgyogyaszat-szakrendeles\/\" \/>\n<meta property=\"og:locale\" content=\"hu_HU\" \/>\n<meta property=\"og:type\" content=\"article\" \/>\n<meta property=\"og:title\" content=\"B\u0151rgy\u00f3gy\u00e1szat szakrendel\u00e9s - D\u00e9l-budai Centrumk\u00f3rh\u00e1z\" \/>\n<meta property=\"og:description\" content=\"Vezet\u0151 f\u0151orvos: Dr. K\u00f6rmendy Mikl\u00f3s Betegfogad\u00e1si rend: A XI. ker\u00fcleti lakc\u00edmmel rendelkez\u0151 18 \u00e9v feletti feln\u0151tt betegeket beutal\u00f3 n\u00e9lk\u00fcl is fogadjuk az el\u0151jegyzett id\u0151ben. Betegeket&hellip;\" \/>\n<meta property=\"og:url\" content=\"https:\/\/www.szentimrekorhaz.hu\/index.php\/brgyogyaszat-szakrendeles\/\" \/>\n<meta property=\"og:site_name\" content=\"D\u00e9l-budai Centrumk\u00f3rh\u00e1z\" \/>\n<meta property=\"article:publisher\" content=\"https:\/\/www.facebook.com\/szentimrekorhaz\" \/>\n<meta property=\"article:modified_time\" content=\"2025-09-20T08:08:32+00:00\" \/>\n<meta name=\"twitter:card\" content=\"summary_large_image\" \/>\n<script type=\"application\/ld+json\" class=\"yoast-schema-graph\">{\"@context\":\"https:\\\/\\\/schema.org\",\"@graph\":[{\"@type\":\"WebPage\",\"@id\":\"https:\\\/\\\/www.szentimrekorhaz.hu\\\/index.php\\\/brgyogyaszat-szakrendeles\\\/\",\"url\":\"https:\\\/\\\/www.szentimrekorhaz.hu\\\/index.php\\\/brgyogyaszat-szakrendeles\\\/\",\"name\":\"B\u0151rgy\u00f3gy\u00e1szat szakrendel\u00e9s - D\u00e9l-budai Centrumk\u00f3rh\u00e1z\",\"isPartOf\":{\"@id\":\"https:\\\/\\\/www.szentimrekorhaz.hu\\\/#website\"},\"datePublished\":\"2009-10-07T14:30:22+00:00\",\"dateModified\":\"2025-09-20T08:08:32+00:00\",\"breadcrumb\":{\"@id\":\"https:\\\/\\\/www.szentimrekorhaz.hu\\\/index.php\\\/brgyogyaszat-szakrendeles\\\/#breadcrumb\"},\"inLanguage\":\"hu\",\"potentialAction\":[{\"@type\":\"ReadAction\",\"target\":[\"https:\\\/\\\/www.szentimrekorhaz.hu\\\/index.php\\\/brgyogyaszat-szakrendeles\\\/\"]}]},{\"@type\":\"BreadcrumbList\",\"@id\":\"https:\\\/\\\/www.szentimrekorhaz.hu\\\/index.php\\\/brgyogyaszat-szakrendeles\\\/#breadcrumb\",\"itemListElement\":[{\"@type\":\"ListItem\",\"position\":1,\"name\":\"Home\",\"item\":\"https:\\\/\\\/www.szentimrekorhaz.hu\\\/\"},{\"@type\":\"ListItem\",\"position\":2,\"name\":\"B\u0151rgy\u00f3gy\u00e1szat szakrendel\u00e9s\"}]},{\"@type\":\"WebSite\",\"@id\":\"https:\\\/\\\/www.szentimrekorhaz.hu\\\/#website\",\"url\":\"https:\\\/\\\/www.szentimrekorhaz.hu\\\/\",\"name\":\"D\u00e9l-budai Centrumk\u00f3rh\u00e1z Szent Imre Egyetemi Oktat\u00f3k\u00f3rh\u00e1z\",\"description\":\"Szent Imre Egyetemi Oktat\u00f3k\u00f3rh\u00e1z\",\"publisher\":{\"@id\":\"https:\\\/\\\/www.szentimrekorhaz.hu\\\/#organization\"},\"potentialAction\":[{\"@type\":\"SearchAction\",\"target\":{\"@type\":\"EntryPoint\",\"urlTemplate\":\"https:\\\/\\\/www.szentimrekorhaz.hu\\\/?s={search_term_string}\"},\"query-input\":{\"@type\":\"PropertyValueSpecification\",\"valueRequired\":true,\"valueName\":\"search_term_string\"}}],\"inLanguage\":\"hu\"},{\"@type\":\"Organization\",\"@id\":\"https:\\\/\\\/www.szentimrekorhaz.hu\\\/#organization\",\"name\":\"D\u00e9l-budai Centrumk\u00f3rh\u00e1z Szent Imre Egyetemi Oktat\u00f3k\u00f3rh\u00e1z\",\"url\":\"https:\\\/\\\/www.szentimrekorhaz.hu\\\/\",\"logo\":{\"@type\":\"ImageObject\",\"inLanguage\":\"hu\",\"@id\":\"https:\\\/\\\/www.szentimrekorhaz.hu\\\/#\\\/schema\\\/logo\\\/image\\\/\",\"url\":\"https:\\\/\\\/www.szentimrekorhaz.hu\\\/wp-content\\\/uploads\\\/2025\\\/05\\\/cropped-logo.png\",\"contentUrl\":\"https:\\\/\\\/www.szentimrekorhaz.hu\\\/wp-content\\\/uploads\\\/2025\\\/05\\\/cropped-logo.png\",\"width\":577,\"height\":577,\"caption\":\"D\u00e9l-budai Centrumk\u00f3rh\u00e1z Szent Imre Egyetemi Oktat\u00f3k\u00f3rh\u00e1z\"},\"image\":{\"@id\":\"https:\\\/\\\/www.szentimrekorhaz.hu\\\/#\\\/schema\\\/logo\\\/image\\\/\"},\"sameAs\":[\"https:\\\/\\\/www.facebook.com\\\/szentimrekorhaz\",\"https:\\\/\\\/www.instagram.com\\\/szentimrekorhaz\"]}]}<\/script>\n<!-- \/ Yoast SEO plugin. -->","yoast_head_json":{"title":"B\u0151rgy\u00f3gy\u00e1szat szakrendel\u00e9s - D\u00e9l-budai Centrumk\u00f3rh\u00e1z","robots":{"index":"index","follow":"follow","max-snippet":"max-snippet:-1","max-image-preview":"max-image-preview:large","max-video-preview":"max-video-preview:-1"},"canonical":"https:\/\/www.szentimrekorhaz.hu\/index.php\/brgyogyaszat-szakrendeles\/","og_locale":"hu_HU","og_type":"article","og_title":"B\u0151rgy\u00f3gy\u00e1szat szakrendel\u00e9s - D\u00e9l-budai Centrumk\u00f3rh\u00e1z","og_description":"Vezet\u0151 f\u0151orvos: Dr. K\u00f6rmendy Mikl\u00f3s Betegfogad\u00e1si rend: A XI. ker\u00fcleti lakc\u00edmmel rendelkez\u0151 18 \u00e9v feletti feln\u0151tt betegeket beutal\u00f3 n\u00e9lk\u00fcl is fogadjuk az el\u0151jegyzett id\u0151ben. Betegeket&hellip;","og_url":"https:\/\/www.szentimrekorhaz.hu\/index.php\/brgyogyaszat-szakrendeles\/","og_site_name":"D\u00e9l-budai Centrumk\u00f3rh\u00e1z","article_publisher":"https:\/\/www.facebook.com\/szentimrekorhaz","article_modified_time":"2025-09-20T08:08:32+00:00","twitter_card":"summary_large_image","schema":{"@context":"https:\/\/schema.org","@graph":[{"@type":"WebPage","@id":"https:\/\/www.szentimrekorhaz.hu\/index.php\/brgyogyaszat-szakrendeles\/","url":"https:\/\/www.szentimrekorhaz.hu\/index.php\/brgyogyaszat-szakrendeles\/","name":"B\u0151rgy\u00f3gy\u00e1szat szakrendel\u00e9s - D\u00e9l-budai Centrumk\u00f3rh\u00e1z","isPartOf":{"@id":"https:\/\/www.szentimrekorhaz.hu\/#website"},"datePublished":"2009-10-07T14:30:22+00:00","dateModified":"2025-09-20T08:08:32+00:00","breadcrumb":{"@id":"https:\/\/www.szentimrekorhaz.hu\/index.php\/brgyogyaszat-szakrendeles\/#breadcrumb"},"inLanguage":"hu","potentialAction":[{"@type":"ReadAction","target":["https:\/\/www.szentimrekorhaz.hu\/index.php\/brgyogyaszat-szakrendeles\/"]}]},{"@type":"BreadcrumbList","@id":"https:\/\/www.szentimrekorhaz.hu\/index.php\/brgyogyaszat-szakrendeles\/#breadcrumb","itemListElement":[{"@type":"ListItem","position":1,"name":"Home","item":"https:\/\/www.szentimrekorhaz.hu\/"},{"@type":"ListItem","position":2,"name":"B\u0151rgy\u00f3gy\u00e1szat szakrendel\u00e9s"}]},{"@type":"WebSite","@id":"https:\/\/www.szentimrekorhaz.hu\/#website","url":"https:\/\/www.szentimrekorhaz.hu\/","name":"D\u00e9l-budai Centrumk\u00f3rh\u00e1z Szent Imre Egyetemi Oktat\u00f3k\u00f3rh\u00e1z","description":"Szent Imre Egyetemi Oktat\u00f3k\u00f3rh\u00e1z","publisher":{"@id":"https:\/\/www.szentimrekorhaz.hu\/#organization"},"potentialAction":[{"@type":"SearchAction","target":{"@type":"EntryPoint","urlTemplate":"https:\/\/www.szentimrekorhaz.hu\/?s={search_term_string}"},"query-input":{"@type":"PropertyValueSpecification","valueRequired":true,"valueName":"search_term_string"}}],"inLanguage":"hu"},{"@type":"Organization","@id":"https:\/\/www.szentimrekorhaz.hu\/#organization","name":"D\u00e9l-budai Centrumk\u00f3rh\u00e1z Szent Imre Egyetemi Oktat\u00f3k\u00f3rh\u00e1z","url":"https:\/\/www.szentimrekorhaz.hu\/","logo":{"@type":"ImageObject","inLanguage":"hu","@id":"https:\/\/www.szentimrekorhaz.hu\/#\/schema\/logo\/image\/","url":"https:\/\/www.szentimrekorhaz.hu\/wp-content\/uploads\/2025\/05\/cropped-logo.png","contentUrl":"https:\/\/www.szentimrekorhaz.hu\/wp-content\/uploads\/2025\/05\/cropped-logo.png","width":577,"height":577,"caption":"D\u00e9l-budai Centrumk\u00f3rh\u00e1z Szent Imre Egyetemi Oktat\u00f3k\u00f3rh\u00e1z"},"image":{"@id":"https:\/\/www.szentimrekorhaz.hu\/#\/schema\/logo\/image\/"},"sameAs":["https:\/\/www.facebook.com\/szentimrekorhaz","https:\/\/www.instagram.com\/szentimrekorhaz"]}]}},"uagb_featured_image_src":{"full":false,"thumbnail":false,"medium":false,"medium_large":false,"large":false,"1536x1536":false,"2048x2048":false,"410x410":false},"uagb_author_info":{"display_name":"backup","author_link":"https:\/\/www.szentimrekorhaz.hu\/index.php\/author\/backup\/"},"uagb_comment_info":0,"uagb_excerpt":"Vezet\u0151 f\u0151orvos: Dr. K\u00f6rmendy Mikl\u00f3s Betegfogad\u00e1si rend: A XI. ker\u00fcleti lakc\u00edmmel rendelkez\u0151 18 \u00e9v feletti feln\u0151tt betegeket beutal\u00f3 n\u00e9lk\u00fcl is fogadjuk az el\u0151jegyzett id\u0151ben. Betegeket&hellip;","post_type":"page","author_name":"backup","_links":{"self":[{"href":"https:\/\/www.szentimrekorhaz.hu\/index.php\/wp-json\/wp\/v2\/pages\/239","targetHints":{"allow":["GET"]}}],"collection":[{"href":"https:\/\/www.szentimrekorhaz.hu\/index.php\/wp-json\/wp\/v2\/pages"}],"about":[{"href":"https:\/\/www.szentimrekorhaz.hu\/index.php\/wp-json\/wp\/v2\/types\/page"}],"author":[{"embeddable":true,"href":"https:\/\/www.szentimrekorhaz.hu\/index.php\/wp-json\/wp\/v2\/users\/3"}],"replies":[{"embeddable":true,"href":"https:\/\/www.szentimrekorhaz.hu\/index.php\/wp-json\/wp\/v2\/comments?post=239"}],"version-history":[{"count":1,"href":"https:\/\/www.szentimrekorhaz.hu\/index.php\/wp-json\/wp\/v2\/pages\/239\/revisions"}],"predecessor-version":[{"id":2805,"href":"https:\/\/www.szentimrekorhaz.hu\/index.php\/wp-json\/wp\/v2\/pages\/239\/revisions\/2805"}],"wp:attachment":[{"href":"https:\/\/www.szentimrekorhaz.hu\/index.php\/wp-json\/wp\/v2\/media?parent=239"}],"wp:term":[{"taxonomy":"category","embeddable":true,"href":"https:\/\/www.szentimrekorhaz.hu\/index.php\/wp-json\/wp\/v2\/categories?post=239"},{"taxonomy":"post_tag","embeddable":true,"href":"https:\/\/www.szentimrekorhaz.hu\/index.php\/wp-json\/wp\/v2\/tags?post=239"}],"curies":[{"name":"wp","href":"https:\/\/api.w.org\/{rel}","templated":true}]}}