{"id":256,"date":"2009-10-08T13:57:23","date_gmt":"2009-10-08T11:57:23","guid":{"rendered":"http:\/\/localhost\/index.php\/diabetologia\/"},"modified":"2026-03-30T09:24:07","modified_gmt":"2026-03-30T07:24:07","slug":"diabetologia","status":"publish","type":"page","link":"https:\/\/www.szentimrekorhaz.hu\/index.php\/diabetologia\/","title":{"rendered":"Diabetol\u00f3gia"},"content":{"rendered":"\n<div><strong>Tel.:<\/strong>(+36-1)-464-8725<\/div>\n\n\n\n<div><strong>B\u00e1zis \u00e1pol\u00e1si egys\u00e9g:<\/strong> B5. \u201eK\u201d \u00e9p\u00fclet II. emelet.<\/div>\n\n\n\n<div><strong>\u00c1pol\u00e1si egys\u00e9g vezet\u0151:<\/strong> Kor\u00f3zs D\u00e1niel<\/div>\n\n\n\n<div>\u00a0<\/div>\n\n\n\n<div>\u00a0<\/div>\n\n\n\n<table id=\"tablepress-9\" class=\"tablepress tablepress-id-9 tbody-has-connected-cells\">\n<thead>\n<tr class=\"row-1\">\n\t<th class=\"column-1\"><strong>Ambulancia megnevez\u00e9se<\/strong><\/th><th class=\"column-2\"><strong>Rendel\u00e9s helye<\/strong><\/th><th class=\"column-3\"><strong>Rendel\u00e9s ideje<\/strong><\/th><th class=\"column-4\"><strong>Rendel\u00e9st v\u00e9gz\u0151 orvos<\/strong><\/th><th class=\"column-5\"><strong>Telefonsz\u00e1m<\/strong><\/th><th colspan=\"2\" class=\"column-6\"><strong>\u00a0Fontos tudnival\u00f3<\/strong><\/th><td class=\"column-8\"><\/td>\n<\/tr>\n<\/thead>\n<tbody class=\"row-striping row-hover\">\n<tr class=\"row-2\">\n\t<td rowspan=\"17\" class=\"column-1\"><strong>Diabetol\u00f3gia<\/strong><\/td><td rowspan=\"17\" class=\"column-2\">\u201eK\u201d \u00e9p\u00fclet f\u00f6ldszint 31.<\/td><td class=\"column-3\">H\u00e9tf\u0151:<\/td><td rowspan=\"4\" class=\"column-4\">Dr.Gasparics Roland             f\u0151orvos<\/td><td rowspan=\"17\" class=\"column-5\"><strong>061\/464-8759<\/strong><\/td><td class=\"column-6\">GDM \u00faj betegek felv\u00e9tele<\/td><td rowspan=\"17\" class=\"column-7\"><strong> Beutal\u00f3 k\u00f6teles   Id\u0151pontk\u00e9r\u00e9s:    H\u00e9tf\u0151t\u0151l-P\u00e9ntekig       8:00-13:00<\/strong><\/td><td class=\"column-8\"><\/td>\n<\/tr>\n<tr class=\"row-3\">\n\t<td class=\"column-3\">08:00-09:00<\/td><td class=\"column-6\">Di\u00e9t\u00e1s tan\u00e1csad\u00e1s<\/td><td class=\"column-8\"><\/td>\n<\/tr>\n<tr class=\"row-4\">\n\t<td class=\"column-3\">09:00-11:00<\/td><td rowspan=\"4\" class=\"column-6\">Neurop\u00e1thia vizsg\u00e1lat csak telefonos egyeztet\u00e9s alapj\u00e1n<\/td><td class=\"column-8\"><\/td>\n<\/tr>\n<tr class=\"row-5\">\n\t<td class=\"column-3\">11:00-14:00<\/td><td class=\"column-8\"><\/td>\n<\/tr>\n<tr class=\"row-6\">\n\t<td class=\"column-3\">Kedd:<\/td><td class=\"column-4\"><\/td><td class=\"column-8\"><\/td>\n<\/tr>\n<tr class=\"row-7\">\n\t<td class=\"column-3\">09:00-12:00<\/td><td class=\"column-4\">Dr. Gasparics Roland f\u0151orvos<\/td><td class=\"column-8\"><\/td>\n<\/tr>\n<tr class=\"row-8\">\n\t<td class=\"column-3\">11:00-13:00<\/td><td class=\"column-4\"><\/td><td class=\"column-6\">Eduk\u00e1ci\u00f3<\/td><td class=\"column-8\"><\/td>\n<\/tr>\n<tr class=\"row-9\">\n\t<td class=\"column-3\">Szerda: 08:00-11:00<\/td><td class=\"column-4\">Dr. Gasparics Roland f\u0151orvos<\/td><td rowspan=\"3\" class=\"column-6\">GDM kontroll             8:00-9:00<\/td><td class=\"column-8\"><\/td>\n<\/tr>\n<tr class=\"row-10\">\n\t<td class=\"column-3\">Szerda: 09:30-10:30<\/td><td class=\"column-4\">Dr. Csit\u00e1ri Gerg\u0151<\/td><td class=\"column-8\"><\/td>\n<\/tr>\n<tr class=\"row-11\">\n\t<td class=\"column-3\">Szerda: 12:30-14:00<\/td><td class=\"column-4\">Dr. Sipos Evelyn<\/td><td class=\"column-8\"><\/td>\n<\/tr>\n<tr class=\"row-12\">\n\t<td class=\"column-3\">Cs\u00fct\u00f6rt\u00f6k:<\/td><td class=\"column-4\"><\/td><td rowspan=\"5\" class=\"column-6\">Neurop\u00e1tia vizsg\u00e1lat csak telefonos egyeztet\u00e9s alapj\u00e1n            8:00-9:00 k\u00f6z\u00f6tt<\/td><td class=\"column-8\"><\/td>\n<\/tr>\n<tr class=\"row-13\">\n\t<td class=\"column-3\">10:00-11:00<\/td><td class=\"column-4\">Dr. Gencsiova Kristina<\/td><td class=\"column-8\"><\/td>\n<\/tr>\n<tr class=\"row-14\">\n\t<td class=\"column-3\">10:00-12:00<\/td><td class=\"column-4\">Dr. Gasparics Roland f\u0151orvos<\/td><td class=\"column-8\"><\/td>\n<\/tr>\n<tr class=\"row-15\">\n\t<td class=\"column-3\">12:30-14:00<\/td><td class=\"column-4\">Dr. T\u00f3th Krisztina<\/td><td class=\"column-8\"><\/td>\n<\/tr>\n<tr class=\"row-16\">\n\t<td rowspan=\"3\" class=\"column-3\">P\u00e9ntek: 08:00-13:00<\/td><td rowspan=\"3\" class=\"column-4\">\u00a0V\u00c1LTOZ\u00d3<\/td><td class=\"column-8\"><\/td>\n<\/tr>\n<tr class=\"row-17\">\n\t<td rowspan=\"2\" class=\"column-6\">Eduk\u00e1ci\u00f3 \u00e9s  neurop\u00e1tia vizsg\u00e1lat.                  Minden vizsg\u00e1latra el\u0151jegyz\u00e9s sz\u00fcks\u00e9ges<\/td><td class=\"column-8\"><\/td>\n<\/tr>\n<tr class=\"row-18\">\n\t<td class=\"column-8\"><\/td>\n<\/tr>\n<\/tbody>\n<\/table>\n<!-- #tablepress-9 from cache -->\n\n\n<div><span style=\"background-color: rgba(30, 115, 190, 0);\">Feladata:<\/span><\/div>\n\n\n\n<ul class=\"wp-block-list\">\n<li>a diab\u00e9teszben szenved\u0151 illetve diab\u00e9tesz gyan\u00fas betegek fel-, illetve \u00e1tv\u00e9tele, kivizsg\u00e1l\u00e1sa;<\/li>\n\n\n\n<li>a megfelel\u0151 kezel\u00e9s be\u00e1ll\u00edt\u00e1sa,<\/li>\n\n\n\n<li>a betegek hazabocs\u00e1t\u00e1sa, vagy sz\u00fcks\u00e9g eset\u00e9n m\u00e1s k\u00f3rh\u00e1zi profilra (oszt\u00e1lyra) \u00e1thelyez\u00e9se, vagy sz\u00fcks\u00e9g eset\u00e9n m\u00e1s k\u00f3rh\u00e1zba (int\u00e9zetbe) t\u00f6rt\u00e9n\u0151 \u00e1thelyez\u00e9se;<\/li>\n\n\n\n<li>a Nemzeti Diabetes K\u00f6zpont Szent Imre K\u00f3rh\u00e1zban lev\u0151 r\u00e9sz\u00e9nek m\u0171k\u00f6dtet\u00e9se<\/li>\n\n\n\n<li>az orvosk\u00e9pz\u00e9sben, orvos tov\u00e1bbk\u00e9pz\u00e9sben, szakdolgoz\u00f3i k\u00e9pz\u00e9sben akkredit\u00e1ci\u00f3j\u00e1nak megfelel\u0151 feladatok ell\u00e1t\u00e1sa.<\/li>\n<\/ul>\n\n\n\n<p><a href=\"https:\/\/www.szentimrekorhaz.hu\/index.php\/kardiometabolikus-centrum\/\">Kattints ide az oszt\u00e1ly fekv\u0151beteg ell\u00e1t\u00e1s\u00e1ra.<\/a><\/p>\n\n\n\n\t<div class=\"dkpdf-button-container\" style=\"            text-align:right \">\n\n\t\t<a class=\"dkpdf-button\" href=\"\/index.php\/wp-json\/wp\/v2\/pages\/256?pdf=256\" target=\"_blank\"><span class=\"dkpdf-button-icon\"><i class=\"fa fa-file-pdf-o\"><\/i><\/span> Let\u00f6lt\u00e9s<\/a>\n\n\t<\/div>\n\n\n\n\n\n<!-- PMB print buttons is only displayed on a single post\/page URLs-->","protected":false},"excerpt":{"rendered":"<p>Tel.:(+36-1)-464-8725 B\u00e1zis \u00e1pol\u00e1si egys\u00e9g: B5. \u201eK\u201d \u00e9p\u00fclet II. emelet. \u00c1pol\u00e1si egys\u00e9g vezet\u0151: Kor\u00f3zs D\u00e1niel \u00a0 \u00a0 Feladata: Kattints ide az oszt\u00e1ly fekv\u0151beteg ell\u00e1t\u00e1s\u00e1ra. Let\u00f6lt\u00e9s<\/p>\n","protected":false},"author":3,"featured_media":0,"parent":0,"menu_order":14,"comment_status":"closed","ping_status":"closed","template":"","meta":{"_acf_changed":false,"footnotes":""},"categories":[],"tags":[],"class_list":["post-256","page","type-page","status-publish","hentry"],"acf":[],"post_type":"page","author_name":"backup","_links":{"self":[{"href":"https:\/\/www.szentimrekorhaz.hu\/index.php\/wp-json\/wp\/v2\/pages\/256","targetHints":{"allow":["GET"]}}],"collection":[{"href":"https:\/\/www.szentimrekorhaz.hu\/index.php\/wp-json\/wp\/v2\/pages"}],"about":[{"href":"https:\/\/www.szentimrekorhaz.hu\/index.php\/wp-json\/wp\/v2\/types\/page"}],"author":[{"embeddable":true,"href":"https:\/\/www.szentimrekorhaz.hu\/index.php\/wp-json\/wp\/v2\/users\/3"}],"replies":[{"embeddable":true,"href":"https:\/\/www.szentimrekorhaz.hu\/index.php\/wp-json\/wp\/v2\/comments?post=256"}],"version-history":[{"count":2,"href":"https:\/\/www.szentimrekorhaz.hu\/index.php\/wp-json\/wp\/v2\/pages\/256\/revisions"}],"predecessor-version":[{"id":2782,"href":"https:\/\/www.szentimrekorhaz.hu\/index.php\/wp-json\/wp\/v2\/pages\/256\/revisions\/2782"}],"wp:attachment":[{"href":"https:\/\/www.szentimrekorhaz.hu\/index.php\/wp-json\/wp\/v2\/media?parent=256"}],"wp:term":[{"taxonomy":"category","embeddable":true,"href":"https:\/\/www.szentimrekorhaz.hu\/index.php\/wp-json\/wp\/v2\/categories?post=256"},{"taxonomy":"post_tag","embeddable":true,"href":"https:\/\/www.szentimrekorhaz.hu\/index.php\/wp-json\/wp\/v2\/tags?post=256"}],"curies":[{"name":"wp","href":"https:\/\/api.w.org\/{rel}","templated":true}]}}