{"id":258,"date":"2009-10-08T13:58:35","date_gmt":"2009-10-08T11:58:35","guid":{"rendered":"http:\/\/localhost\/index.php\/kardiologia\/"},"modified":"2026-07-13T14:18:46","modified_gmt":"2026-07-13T12:18:46","slug":"kardiologia","status":"publish","type":"page","link":"https:\/\/www.szentimrekorhaz.hu\/index.php\/kardiologia\/","title":{"rendered":"Kardiol\u00f3gia"},"content":{"rendered":"<div>\n<h2><strong> \u201eC\u201d \u00e9p\u00fclet III.- IV. emelet \u00e9s \u201eA\u201d \u00e9p\u00fclet IV. emelet<\/strong><\/h2>\n<h4><strong>mb. profilvezet\u0151 f\u0151orvos: Dr. Sz\u00e9l K\u00e1lm\u00e1n<\/strong><\/h4>\n<h3><strong>Tel.: +36-1\/464-8723; +36-1\/464-8724<\/strong><\/h3>\n<h4><strong>\u00c1pol\u00e1si egys\u00e9gvezet\u0151: Cs\u00e1k Annam\u00e1ria<\/strong><\/h4>\n<h4><strong>4.sz. Belgy\u00f3gy\u00e1szati \u00c1pol\u00e1si Egys\u00e9g:<\/strong><\/h4>\n<h3><strong>Telefon: +36-1-464-8600\/1151 mell\u00e9k<\/strong><\/h3>\n<p><strong>e-mail: <\/strong><a href=\"mailto:kardiologia@szentimrekorhaz.hu\"><strong>kardiologia@szentimrekorhaz.hu<\/strong><\/a><\/p>\n<p><strong>Az \u00c1ltal\u00e1nos Kardiol\u00f3giai Profil feladata:<\/strong><\/p>\n<p>A sz\u00edv- \u00e9s \u00e9rrendszeri betegs\u00e9gekben szenved\u0151 betegek ambul\u00e1ns, illetve k\u00f3rh\u00e1zi ell\u00e1t\u00e1sa, kivizsg\u00e1l\u00e1sa, gy\u00f3gykezel\u00e9se \u00e9s gondoz\u00e1sa. A betegs\u00e9gek felismer\u00e9s\u00e9hez a k\u00f6vetkez\u0151 m\u0171szeres vizsg\u00e1latok \u00e1llnak rendelkez\u00e9sre: EKG, Holter EKG, terhel\u00e9ses EKG, sz\u00edvultrahang (echocardiogaphia), valamint el\u00e9rhet\u0151 t\u00e1rsoszt\u00e1lyok k\u00f6zrem\u0171k\u00f6d\u00e9s\u00e9vel a sz\u00edvizot\u00f3p, illetve CT vizsg\u00e1lat. A diagnosztikus, illetve ter\u00e1pi\u00e1s sz\u00edvkat\u00e9teres beavatkoz\u00e1sokat, valamint a sz\u00fcks\u00e9ges sz\u00edvm\u0171t\u00e9teket d\u00f6nt\u0151en a Semmelweis Egyetem V\u00e1rosmajori Sz\u00edv- \u00e9s \u00c9rgy\u00f3gy\u00e1szati Klinika v\u00e9gzi.<\/p>\n<p>K\u00fcl\u00f6n k\u00e9r\u00e9sre, t\u00e9r\u00edt\u00e9s ellen\u00e9ben kiemelt hotelszolg\u00e1ltat\u00e1s biztos\u00edthat\u00f3.<\/p>\n<p><strong>A Kardiol\u00f3giai Profil \u00e1ltal m\u0171k\u00f6dtetett szakambulanci\u00e1k:<\/strong><\/p>\n<ul>\n<li>Echocardiographia szakambulancia<\/li>\n<li>EKG szakambulancia<\/li>\n<li>Kardiol\u00f3giai szakambulancia I. + belgy\u00f3gy\u00e1szati oszt\u00e1lyos ambulancia<\/li>\n<li>Kardiol\u00f3giai szakambulancia II.<\/li>\n<li>Terhel\u00e9ses EKG szakambulancia<\/li>\n<li>24 \u00f3r\u00e1s Holter EKG szakambulancia<\/li>\n<\/ul>\n<p><strong>A rendel\u00e9sekkel kapcsolatos inform\u00e1ci\u00f3k:<\/strong><\/p>\n<\/div>\n\n\n<table id=\"tablepress-13\" class=\"tablepress tablepress-id-13 tbody-has-connected-cells\">\n<thead>\n<tr class=\"row-1\">\n\t<th class=\"column-1\"><strong>Ambulancia megnevez\u00e9se<\/strong><\/th><th class=\"column-2\"><strong>Rendel\u00e9s helye, el\u00e9r\u00e9se<\/strong><\/th><th class=\"column-3\"><strong>Rendel\u00e9si id\u0151<\/strong><\/th><th class=\"column-4\"><strong>Rendel\u00e9st v\u00e9gz\u0151 orvos<\/strong><\/th><th class=\"column-5\"><strong>Telefon<\/strong><\/th><th class=\"column-6\"><strong>Fontos Tudnival\u00f3k<\/strong><\/th>\n<\/tr>\n<\/thead>\n<tbody class=\"row-striping row-hover\">\n<tr class=\"row-2\">\n\t<td rowspan=\"9\" class=\"column-1\"><strong>Kardiol\u00f3giai Profil Kardiol\u00f3gia Szakambulancia I.<\/strong><\/td><td rowspan=\"9\" class=\"column-2\"><strong>\u201eR\u201d\u00e9p\u00fclet                        \u00a02.emelet 207<\/strong><\/td><td class=\"column-3\">H\u00e9tf\u0151 08:00-15:00<\/td><td class=\"column-4\">Dr.K\u00e1ntor Ferenc adjunktus<\/td><td rowspan=\"9\" class=\"column-5\"><strong>061\/464-8600\/1506<\/strong><\/td><td rowspan=\"9\" class=\"column-6\"><strong>Beutal\u00f3 \u00e9s el\u0151jegyz\u00e9s sz\u00fcks\u00e9ges.                 El\u0151jegyz\u00e9s:                                          H\u00e9f\u0151t\u0151l-P\u00e9ntekig 8:00-10:00 k\u00f6z\u00f6tt<\/strong><\/td>\n<\/tr>\n<tr class=\"row-3\">\n\t<td class=\"column-3\">H\u00e9tf\u0151 13:00-15:00<\/td><td class=\"column-4\">Dr. Sz\u0151ke Vince adjunktus<\/td>\n<\/tr>\n<tr class=\"row-4\">\n\t<td class=\"column-3\">Kedd 08:00-12:30<\/td><td class=\"column-4\">Dr. K\u00e1ntor Ferenc adjunktus<\/td>\n<\/tr>\n<tr class=\"row-5\">\n\t<td class=\"column-3\">Kedd 12:30-15:00<\/td><td class=\"column-4\">Dr. \u00c1cs Tam\u00e1s profilvezet\u0151-helyettes f\u0151orvos<\/td>\n<\/tr>\n<tr class=\"row-6\">\n\t<td class=\"column-3\">Szerda 08:00-12:30<\/td><td class=\"column-4\">Dr.L\u00e1szl\u00f3 \u00c1gnes adjunktus<\/td>\n<\/tr>\n<tr class=\"row-7\">\n\t<td class=\"column-3\">Szerda 12:30-15:00<\/td><td class=\"column-4\">Dr.Kerkovits Andr\u00e1s f\u0151orvos<\/td>\n<\/tr>\n<tr class=\"row-8\">\n\t<td class=\"column-3\">Cs\u00fct\u00f6rt\u00f6k 08:00-12:30<\/td><td class=\"column-4\">Dr. L\u00e1szl\u00f3 \u00c1gnes adjunktus<\/td>\n<\/tr>\n<tr class=\"row-9\">\n\t<td class=\"column-3\">Cs\u00fct\u00f6rt\u00f6k 13:00 \u2013 15:00<\/td><td class=\"column-4\">Dr. Sz\u00e9l K\u00e1lm\u00e1n mb. profilvezet\u0151 f\u0151orvos <\/td>\n<\/tr>\n<tr class=\"row-10\">\n\t<td class=\"column-3\">P\u00e9ntek 08:00-15:00<\/td><td class=\"column-4\">Dr. L\u00e1szl\u00f3 \u00c1gnes adjunktus \u00e9s Dr. K\u00e1ntor Ferenc adjunktus felv\u00e1ltva<\/td>\n<\/tr>\n<tr class=\"row-11\">\n\t<td rowspan=\"9\" class=\"column-1\"><strong>Kardiol\u00f3giai szakambulancia II.<\/strong><\/td><td rowspan=\"9\" class=\"column-2\"><strong>\u201eR\u201d\u00e9p\u00fclet\u00a0                       2.emelet  211<\/strong><\/td><td class=\"column-3\">H\u00e9tf\u0151 08:00-12:00<\/td><td class=\"column-4\">Dr. Bukosza N\u00f3ra szakorvos<\/td><td rowspan=\"9\" class=\"column-5\"><strong>061\/464-8773<\/strong><\/td><td rowspan=\"9\" class=\"column-6\"><strong>Beutal\u00f3 \u00e9s el\u0151jegyz\u00e9s sz\u00fcks\u00e9ges.                  El\u0151jehyz\u00e9s:                      H\u00e9tf\u0151t\u0151l-P\u00e9ntekig  8:00-10:00 k\u00f6z\u00f6tt                                      <\/strong><\/td>\n<\/tr>\n<tr class=\"row-12\">\n\t<td class=\"column-3\">H\u00e9tf\u0151 12:30-15:00<\/td><td class=\"column-4\">Dr. Patthy \u00c1d\u00e1m adjunktus<\/td>\n<\/tr>\n<tr class=\"row-13\">\n\t<td class=\"column-3\">Kedd: 9:30-12:30<\/td><td class=\"column-4\">Dr. Kov\u00e1cs Emese Gy\u00f6ngyv\u00e9r Ph.D. adjunktus<\/td>\n<\/tr>\n<tr class=\"row-14\">\n\t<td class=\"column-3\">Kedd: 13:00-15:00<\/td><td class=\"column-4\">Dr. Simon Andr\u00e1s Ph.D. f\u0151orvos<\/td>\n<\/tr>\n<tr class=\"row-15\">\n\t<td class=\"column-3\">Szerda: 09:00-12:30<\/td><td class=\"column-4\">Dr. J\u00e1rai Zolt\u00e1n Ph.D. f\u0151orvos, mb. f\u0151igazgat\u00f3<\/td>\n<\/tr>\n<tr class=\"row-16\">\n\t<td class=\"column-3\">Cs\u00fct\u00f6rt\u00f6k: 08:00-12:30<\/td><td class=\"column-4\">Dr. Herendi Ildik\u00f3 f\u0151orvos<\/td>\n<\/tr>\n<tr class=\"row-17\">\n\t<td class=\"column-3\">Cs\u00fct\u00f6rt\u00f6k: 13:00-15:00<\/td><td class=\"column-4\">Dr. Bukosza N\u00f3ra szakorvos<\/td>\n<\/tr>\n<tr class=\"row-18\">\n\t<td class=\"column-3\">P\u00e9ntek: 09:00-12:00<\/td><td class=\"column-4\">Dr. Kerkovits Andr\u00e1s f\u0151orvos, mb. orvosigazgat\u00f3      Echocardiographia<\/td>\n<\/tr>\n<tr class=\"row-19\">\n\t<td class=\"column-3\">P\u00e9ntek: 13:00-15:00<\/td><td class=\"column-4\">v\u00e1ltoz\u00f3<\/td>\n<\/tr>\n<tr class=\"row-20\">\n\t<td rowspan=\"2\" class=\"column-1\"><strong>Terhel\u00e9ses EKG Szakambulancia<\/strong><\/td><td rowspan=\"2\" class=\"column-2\"><strong>\u201eR\u201d \u00e9p\u00fclet                    II. emelet 208.<\/strong><\/td><td rowspan=\"2\" class=\"column-3\">H\u00e9tf\u0151t\u0151l-P\u00e9ntekig                    10:00-15:00<\/td><td rowspan=\"2\" class=\"column-4\">Folyamatos orvosi fel\u00fcgyelet mellett<\/td><td rowspan=\"2\" class=\"column-5\"><strong>061\/464-8600\/1153 061\/464-8600\/1506<\/strong><\/td><td rowspan=\"2\" class=\"column-6\"><strong>Szakorvosi javaslat alapj\u00e1n vehet\u0151 ig\u00e9nybe El\u0151jegyz\u00e9s:08:00-15:00 k\u00f6z\u00f6tt <\/strong><\/td>\n<\/tr>\n<tr class=\"row-21\">\n\t\n<\/tr>\n<tr class=\"row-22\">\n\t<td rowspan=\"3\" class=\"column-1\"><strong>24 \u00f3r\u00e1s Holter EKG Szakambulancia<\/strong><\/td><td rowspan=\"3\" class=\"column-2\"><strong>\u201eR\u201d\u00e9p\u00fclet                         \u00a02. emelet 206<\/strong><\/td><td rowspan=\"3\" class=\"column-3\">H\u00e9tf\u0151t\u0151l-P\u00e9ntekig                       08:00-09:00 \u00e9s 10:00-11:00 k\u00f6z\u00f6tt<\/td><td rowspan=\"3\" class=\"column-4\">K\u00e9sz\u00fcl\u00e9kek felrak\u00e1sa\/lev\u00e9tele j\u00e1r\u00f3betegek r\u00e9sz\u00e9re: naponta 09:00-10:00 k\u00f6z\u00f6tt, 10:00 ut\u00e1n helysz\u00edni vizsg\u00e1lat.<\/td><td rowspan=\"3\" class=\"column-5\"><strong>061\/464-8600\/1506<\/strong><\/td><td rowspan=\"3\" class=\"column-6\"><strong>Szakorvosi javaslat alapj\u00e1n vehet\u0151 ig\u00e9nybe El\u0151jegyz\u00e9s:08:00-09:00 k\u00f6z\u00f6tt <\/strong><\/td>\n<\/tr>\n<tr class=\"row-23\">\n\t\n<\/tr>\n<tr class=\"row-24\">\n\t\n<\/tr>\n<tr class=\"row-25\">\n\t<td rowspan=\"2\" class=\"column-1\"><strong>Echocardiographia Szakambulancia<\/strong><\/td><td rowspan=\"2\" class=\"column-2\"><strong>\u201eC\u201d\u00e9p\u00fclet \u00a0                        4.emelet 467<\/strong><\/td><td rowspan=\"2\" class=\"column-3\">H\u00e9tf\u0151l-P\u00e9ntekig                     8:00-15:00 k\u00f6z\u00f6tt<\/td><td rowspan=\"2\" class=\"column-4\">Dr. Baracsi-Botos Vikt\u00f3ria,                                           Dr. J\u00e1rai Zolt\u00e1n,                      Dr. Kerkovits Andr\u00e1s,      Dr. Kov\u00e1cs Emese,            Dr. Patthy \u00c1d\u00e1m               Dr. Simon Andr\u00e1s             Dr. Bukosza N\u00f3ra             Dr. Sz\u00e9ll K\u00e1lm\u00e1n              Dr. Nemes Bal\u00e1zs           Dr. Sz\u0151ke Vince<\/td><td rowspan=\"2\" class=\"column-5\"><strong>061\/464-8600\/2400<\/strong><\/td><td rowspan=\"2\" class=\"column-6\"><strong>Szakorvosi javaslat alapj\u00e1n vehet\u0151 ig\u00e9nybe       El\u0151jegyz\u00e9s rendel\u00e9si id\u0151ben<\/strong><\/td>\n<\/tr>\n<tr class=\"row-26\">\n\t\n<\/tr>\n<tr class=\"row-27\">\n\t<td class=\"column-1\"><\/td><td class=\"column-2\"><\/td><td class=\"column-3\"><\/td><td class=\"column-4\"><\/td><td class=\"column-5\"><\/td><td class=\"column-6\"><\/td>\n<\/tr>\n<\/tbody>\n<\/table>\n<!-- #tablepress-13 from cache -->\n\n\n<figure class=\"wp-block-table\"><table class=\"has-fixed-layout\"><tbody><tr><td><strong>Kardiol\u00f3giai Profil orvosai:<\/strong><\/td><td>\u00a0<\/td><\/tr><tr><td>Dr. J\u00e1rai Zolt\u00e1n Mikl\u00f3s Ph.D.<\/td><td>f\u0151orvos<\/td><\/tr><tr><td>Dr. Sz\u00e9l K\u00e1lm\u00e1n <\/td><td>mb. profilvezet\u0151 f\u0151orvos<\/td><\/tr><tr><td>Dr. \u00c1mon Tam\u00e1s<\/td><td>szakorvos<\/td><\/tr><tr><td>Dr. \u00c1cs Mih\u00e1ly Tam\u00e1s<\/td><td>f\u0151orvos, profilvezet\u0151-helyettes<\/td><\/tr><tr><td>Dr. Baracsi-Botos Vikt\u00f3ria<\/td><td>adjunktus<\/td><\/tr><tr><td>Dr. Bukosza N\u00f3ra \u00c9va Ph.D<\/td><td>szakorvos<\/td><\/tr><tr><td>Dr. Csapl\u00e1ros D\u00f3ra<\/td><td>szakorvos<\/td><\/tr><tr><td>Dr. Kov\u00e1cs Emese Gy\u00f6ngyv\u00e9r Ph.D<\/td><td>adjunktus<\/td><\/tr><tr><td>Dr. L\u0151rincz Erik<\/td><td>szakorvosjel\u00f6lt<\/td><\/tr><tr><td>Dr. Nagy Zs\u00f3fia<\/td><td>szakorvosjel\u00f6lt<\/td><\/tr><tr><td>Dr. Patthy \u00c1d\u00e1m Endre<\/td><td>adjunktus<\/td><\/tr><tr><td>Dr. Simon Andr\u00e1s Ph.D<\/td><td>f\u0151orvos<\/td><\/tr><tr><td>Dr. Szir\u00e1ki M\u00e1rton<\/td><td>szakorvos<\/td><\/tr><tr><td>Dr. Sz\u0151ke Vince Bertalan<\/td><td>adjunktus<\/td><\/tr><\/tbody><\/table><\/figure>\n\n\n\n<figure class=\"wp-block-table\"><table class=\"has-fixed-layout\"><tbody><tr><td colspan=\"2\"><strong>Kardiol\u00f3giai szakambulanci\u00e1k orvosai:<\/strong><\/td><\/tr><tr><td>Dr. Bodn\u00e1r Andr\u00e1sn\u00e9 Dr. Herendi Ildik\u00f3<\/td><td>f\u0151orvos<\/td><\/tr><tr><td>Dr. K\u00e1ntor Ferenc<\/td><td>adjunktus<\/td><\/tr><tr><td>Dr. Kerkovits Andr\u00e1s<\/td><td>f\u0151orvos<\/td><\/tr><tr><td>Dr. L\u00e1szl\u00f3 \u00c1gnes<\/td><td>adjunktus <\/td><\/tr><tr><td>Dr. Nemes Bal\u00e1zs<\/td><td>szakorvos<\/td><\/tr><\/tbody><\/table><\/figure>\n\n\n\n<p><a href=\"https:\/\/www.szentimrekorhaz.hu\/index.php\/altalanos-kardiologiai-profil-koronaria-rz\/\">Kattints ide az oszt\u00e1ly fekv\u0151beteg ell\u00e1t\u00e1s\u00e1ra.<\/a><\/p>\n\n\n\n\t<div class=\"dkpdf-button-container\" style=\"            text-align:right \">\n\n\t\t<a class=\"dkpdf-button\" href=\"\/index.php\/wp-json\/wp\/v2\/pages\/258?pdf=258\" target=\"_blank\"><span class=\"dkpdf-button-icon\"><i class=\"fa fa-file-pdf-o\"><\/i><\/span> Let\u00f6lt\u00e9s<\/a>\n\n\t<\/div>\n\n\n\n\n\n<!-- PMB print buttons is only displayed on a single post\/page URLs-->","protected":false},"excerpt":{"rendered":"<p>\u201eC\u201d \u00e9p\u00fclet III.- IV. emelet \u00e9s \u201eA\u201d \u00e9p\u00fclet IV. emelet mb. profilvezet\u0151 f\u0151orvos: Dr. Sz\u00e9l K\u00e1lm\u00e1n Tel.: +36-1\/464-8723; +36-1\/464-8724 \u00c1pol\u00e1si egys\u00e9gvezet\u0151: Cs\u00e1k Annam\u00e1ria 4.sz. Belgy\u00f3gy\u00e1szati&hellip;<\/p>\n","protected":false},"author":3,"featured_media":0,"parent":0,"menu_order":16,"comment_status":"closed","ping_status":"closed","template":"","meta":{"_acf_changed":false,"_uag_custom_page_level_css":"","footnotes":""},"categories":[],"tags":[],"class_list":["post-258","page","type-page","status-publish","hentry"],"acf":[],"yoast_head":"<!-- This site is optimized with the Yoast SEO plugin v28.2 - https:\/\/yoast.com\/product\/yoast-seo-wordpress\/ -->\n<title>Kardiol\u00f3gia - D\u00e9l-budai Centrumk\u00f3rh\u00e1z<\/title>\n<meta name=\"robots\" content=\"index, follow, max-snippet:-1, max-image-preview:large, max-video-preview:-1\" \/>\n<link rel=\"canonical\" href=\"https:\/\/www.szentimrekorhaz.hu\/index.php\/kardiologia\/\" \/>\n<meta property=\"og:locale\" content=\"hu_HU\" \/>\n<meta property=\"og:type\" content=\"article\" \/>\n<meta property=\"og:title\" content=\"Kardiol\u00f3gia - D\u00e9l-budai Centrumk\u00f3rh\u00e1z\" \/>\n<meta property=\"og:description\" content=\"\u201eC\u201d \u00e9p\u00fclet III.- IV. emelet \u00e9s \u201eA\u201d \u00e9p\u00fclet IV. emelet mb. profilvezet\u0151 f\u0151orvos: Dr. Sz\u00e9l K\u00e1lm\u00e1n Tel.: +36-1\/464-8723; +36-1\/464-8724 \u00c1pol\u00e1si egys\u00e9gvezet\u0151: Cs\u00e1k Annam\u00e1ria 4.sz. Belgy\u00f3gy\u00e1szati&hellip;\" \/>\n<meta property=\"og:url\" content=\"https:\/\/www.szentimrekorhaz.hu\/index.php\/kardiologia\/\" \/>\n<meta property=\"og:site_name\" content=\"D\u00e9l-budai Centrumk\u00f3rh\u00e1z\" \/>\n<meta property=\"article:publisher\" content=\"https:\/\/www.facebook.com\/szentimrekorhaz\" \/>\n<meta property=\"article:modified_time\" content=\"2026-07-13T12:18:46+00:00\" \/>\n<meta name=\"twitter:card\" content=\"summary_large_image\" \/>\n<meta name=\"twitter:label1\" content=\"Est. reading time\" \/>\n\t<meta name=\"twitter:data1\" content=\"2 perc\" \/>\n<script type=\"application\/ld+json\" class=\"yoast-schema-graph\">{\"@context\":\"https:\\\/\\\/schema.org\",\"@graph\":[{\"@type\":\"WebPage\",\"@id\":\"https:\\\/\\\/www.szentimrekorhaz.hu\\\/index.php\\\/kardiologia\\\/\",\"url\":\"https:\\\/\\\/www.szentimrekorhaz.hu\\\/index.php\\\/kardiologia\\\/\",\"name\":\"Kardiol\u00f3gia - D\u00e9l-budai Centrumk\u00f3rh\u00e1z\",\"isPartOf\":{\"@id\":\"https:\\\/\\\/www.szentimrekorhaz.hu\\\/#website\"},\"datePublished\":\"2009-10-08T11:58:35+00:00\",\"dateModified\":\"2026-07-13T12:18:46+00:00\",\"breadcrumb\":{\"@id\":\"https:\\\/\\\/www.szentimrekorhaz.hu\\\/index.php\\\/kardiologia\\\/#breadcrumb\"},\"inLanguage\":\"hu\",\"potentialAction\":[{\"@type\":\"ReadAction\",\"target\":[\"https:\\\/\\\/www.szentimrekorhaz.hu\\\/index.php\\\/kardiologia\\\/\"]}]},{\"@type\":\"BreadcrumbList\",\"@id\":\"https:\\\/\\\/www.szentimrekorhaz.hu\\\/index.php\\\/kardiologia\\\/#breadcrumb\",\"itemListElement\":[{\"@type\":\"ListItem\",\"position\":1,\"name\":\"Home\",\"item\":\"https:\\\/\\\/www.szentimrekorhaz.hu\\\/\"},{\"@type\":\"ListItem\",\"position\":2,\"name\":\"Kardiol\u00f3gia\"}]},{\"@type\":\"WebSite\",\"@id\":\"https:\\\/\\\/www.szentimrekorhaz.hu\\\/#website\",\"url\":\"https:\\\/\\\/www.szentimrekorhaz.hu\\\/\",\"name\":\"D\u00e9l-budai Centrumk\u00f3rh\u00e1z Szent Imre Egyetemi Oktat\u00f3k\u00f3rh\u00e1z\",\"description\":\"Szent Imre Egyetemi Oktat\u00f3k\u00f3rh\u00e1z\",\"publisher\":{\"@id\":\"https:\\\/\\\/www.szentimrekorhaz.hu\\\/#organization\"},\"potentialAction\":[{\"@type\":\"SearchAction\",\"target\":{\"@type\":\"EntryPoint\",\"urlTemplate\":\"https:\\\/\\\/www.szentimrekorhaz.hu\\\/?s={search_term_string}\"},\"query-input\":{\"@type\":\"PropertyValueSpecification\",\"valueRequired\":true,\"valueName\":\"search_term_string\"}}],\"inLanguage\":\"hu\"},{\"@type\":\"Organization\",\"@id\":\"https:\\\/\\\/www.szentimrekorhaz.hu\\\/#organization\",\"name\":\"D\u00e9l-budai Centrumk\u00f3rh\u00e1z Szent Imre Egyetemi Oktat\u00f3k\u00f3rh\u00e1z\",\"url\":\"https:\\\/\\\/www.szentimrekorhaz.hu\\\/\",\"logo\":{\"@type\":\"ImageObject\",\"inLanguage\":\"hu\",\"@id\":\"https:\\\/\\\/www.szentimrekorhaz.hu\\\/#\\\/schema\\\/logo\\\/image\\\/\",\"url\":\"https:\\\/\\\/www.szentimrekorhaz.hu\\\/wp-content\\\/uploads\\\/2025\\\/05\\\/cropped-logo.png\",\"contentUrl\":\"https:\\\/\\\/www.szentimrekorhaz.hu\\\/wp-content\\\/uploads\\\/2025\\\/05\\\/cropped-logo.png\",\"width\":577,\"height\":577,\"caption\":\"D\u00e9l-budai Centrumk\u00f3rh\u00e1z Szent Imre Egyetemi Oktat\u00f3k\u00f3rh\u00e1z\"},\"image\":{\"@id\":\"https:\\\/\\\/www.szentimrekorhaz.hu\\\/#\\\/schema\\\/logo\\\/image\\\/\"},\"sameAs\":[\"https:\\\/\\\/www.facebook.com\\\/szentimrekorhaz\",\"https:\\\/\\\/www.instagram.com\\\/szentimrekorhaz\"]}]}<\/script>\n<!-- \/ Yoast SEO plugin. -->","yoast_head_json":{"title":"Kardiol\u00f3gia - D\u00e9l-budai Centrumk\u00f3rh\u00e1z","robots":{"index":"index","follow":"follow","max-snippet":"max-snippet:-1","max-image-preview":"max-image-preview:large","max-video-preview":"max-video-preview:-1"},"canonical":"https:\/\/www.szentimrekorhaz.hu\/index.php\/kardiologia\/","og_locale":"hu_HU","og_type":"article","og_title":"Kardiol\u00f3gia - D\u00e9l-budai Centrumk\u00f3rh\u00e1z","og_description":"\u201eC\u201d \u00e9p\u00fclet III.- IV. emelet \u00e9s \u201eA\u201d \u00e9p\u00fclet IV. emelet mb. profilvezet\u0151 f\u0151orvos: Dr. Sz\u00e9l K\u00e1lm\u00e1n Tel.: +36-1\/464-8723; +36-1\/464-8724 \u00c1pol\u00e1si egys\u00e9gvezet\u0151: Cs\u00e1k Annam\u00e1ria 4.sz. Belgy\u00f3gy\u00e1szati&hellip;","og_url":"https:\/\/www.szentimrekorhaz.hu\/index.php\/kardiologia\/","og_site_name":"D\u00e9l-budai Centrumk\u00f3rh\u00e1z","article_publisher":"https:\/\/www.facebook.com\/szentimrekorhaz","article_modified_time":"2026-07-13T12:18:46+00:00","twitter_card":"summary_large_image","twitter_misc":{"Est. reading time":"2 perc"},"schema":{"@context":"https:\/\/schema.org","@graph":[{"@type":"WebPage","@id":"https:\/\/www.szentimrekorhaz.hu\/index.php\/kardiologia\/","url":"https:\/\/www.szentimrekorhaz.hu\/index.php\/kardiologia\/","name":"Kardiol\u00f3gia - D\u00e9l-budai Centrumk\u00f3rh\u00e1z","isPartOf":{"@id":"https:\/\/www.szentimrekorhaz.hu\/#website"},"datePublished":"2009-10-08T11:58:35+00:00","dateModified":"2026-07-13T12:18:46+00:00","breadcrumb":{"@id":"https:\/\/www.szentimrekorhaz.hu\/index.php\/kardiologia\/#breadcrumb"},"inLanguage":"hu","potentialAction":[{"@type":"ReadAction","target":["https:\/\/www.szentimrekorhaz.hu\/index.php\/kardiologia\/"]}]},{"@type":"BreadcrumbList","@id":"https:\/\/www.szentimrekorhaz.hu\/index.php\/kardiologia\/#breadcrumb","itemListElement":[{"@type":"ListItem","position":1,"name":"Home","item":"https:\/\/www.szentimrekorhaz.hu\/"},{"@type":"ListItem","position":2,"name":"Kardiol\u00f3gia"}]},{"@type":"WebSite","@id":"https:\/\/www.szentimrekorhaz.hu\/#website","url":"https:\/\/www.szentimrekorhaz.hu\/","name":"D\u00e9l-budai Centrumk\u00f3rh\u00e1z Szent Imre Egyetemi Oktat\u00f3k\u00f3rh\u00e1z","description":"Szent Imre Egyetemi Oktat\u00f3k\u00f3rh\u00e1z","publisher":{"@id":"https:\/\/www.szentimrekorhaz.hu\/#organization"},"potentialAction":[{"@type":"SearchAction","target":{"@type":"EntryPoint","urlTemplate":"https:\/\/www.szentimrekorhaz.hu\/?s={search_term_string}"},"query-input":{"@type":"PropertyValueSpecification","valueRequired":true,"valueName":"search_term_string"}}],"inLanguage":"hu"},{"@type":"Organization","@id":"https:\/\/www.szentimrekorhaz.hu\/#organization","name":"D\u00e9l-budai Centrumk\u00f3rh\u00e1z Szent Imre Egyetemi Oktat\u00f3k\u00f3rh\u00e1z","url":"https:\/\/www.szentimrekorhaz.hu\/","logo":{"@type":"ImageObject","inLanguage":"hu","@id":"https:\/\/www.szentimrekorhaz.hu\/#\/schema\/logo\/image\/","url":"https:\/\/www.szentimrekorhaz.hu\/wp-content\/uploads\/2025\/05\/cropped-logo.png","contentUrl":"https:\/\/www.szentimrekorhaz.hu\/wp-content\/uploads\/2025\/05\/cropped-logo.png","width":577,"height":577,"caption":"D\u00e9l-budai Centrumk\u00f3rh\u00e1z Szent Imre Egyetemi Oktat\u00f3k\u00f3rh\u00e1z"},"image":{"@id":"https:\/\/www.szentimrekorhaz.hu\/#\/schema\/logo\/image\/"},"sameAs":["https:\/\/www.facebook.com\/szentimrekorhaz","https:\/\/www.instagram.com\/szentimrekorhaz"]}]}},"uagb_featured_image_src":{"full":false,"thumbnail":false,"medium":false,"medium_large":false,"large":false,"1536x1536":false,"2048x2048":false,"410x410":false},"uagb_author_info":{"display_name":"backup","author_link":"https:\/\/www.szentimrekorhaz.hu\/index.php\/author\/backup\/"},"uagb_comment_info":0,"uagb_excerpt":"\u201eC\u201d \u00e9p\u00fclet III.- IV. emelet \u00e9s \u201eA\u201d \u00e9p\u00fclet IV. emelet mb. profilvezet\u0151 f\u0151orvos: Dr. Sz\u00e9l K\u00e1lm\u00e1n Tel.: +36-1\/464-8723; +36-1\/464-8724 \u00c1pol\u00e1si egys\u00e9gvezet\u0151: Cs\u00e1k Annam\u00e1ria 4.sz. Belgy\u00f3gy\u00e1szati&hellip;","post_type":"page","author_name":"backup","_links":{"self":[{"href":"https:\/\/www.szentimrekorhaz.hu\/index.php\/wp-json\/wp\/v2\/pages\/258","targetHints":{"allow":["GET"]}}],"collection":[{"href":"https:\/\/www.szentimrekorhaz.hu\/index.php\/wp-json\/wp\/v2\/pages"}],"about":[{"href":"https:\/\/www.szentimrekorhaz.hu\/index.php\/wp-json\/wp\/v2\/types\/page"}],"author":[{"embeddable":true,"href":"https:\/\/www.szentimrekorhaz.hu\/index.php\/wp-json\/wp\/v2\/users\/3"}],"replies":[{"embeddable":true,"href":"https:\/\/www.szentimrekorhaz.hu\/index.php\/wp-json\/wp\/v2\/comments?post=258"}],"version-history":[{"count":14,"href":"https:\/\/www.szentimrekorhaz.hu\/index.php\/wp-json\/wp\/v2\/pages\/258\/revisions"}],"predecessor-version":[{"id":4891,"href":"https:\/\/www.szentimrekorhaz.hu\/index.php\/wp-json\/wp\/v2\/pages\/258\/revisions\/4891"}],"wp:attachment":[{"href":"https:\/\/www.szentimrekorhaz.hu\/index.php\/wp-json\/wp\/v2\/media?parent=258"}],"wp:term":[{"taxonomy":"category","embeddable":true,"href":"https:\/\/www.szentimrekorhaz.hu\/index.php\/wp-json\/wp\/v2\/categories?post=258"},{"taxonomy":"post_tag","embeddable":true,"href":"https:\/\/www.szentimrekorhaz.hu\/index.php\/wp-json\/wp\/v2\/tags?post=258"}],"curies":[{"name":"wp","href":"https:\/\/api.w.org\/{rel}","templated":true}]}}