{"id":290,"date":"2010-02-22T09:25:56","date_gmt":"2010-02-22T08:25:56","guid":{"rendered":"http:\/\/localhost\/index.php\/lelkipasztori-szolgalat\/"},"modified":"2025-06-04T15:21:54","modified_gmt":"2025-06-04T13:21:54","slug":"lelkipasztori-szolgalat","status":"publish","type":"page","link":"https:\/\/www.szentimrekorhaz.hu\/index.php\/lelkipasztori-szolgalat\/","title":{"rendered":"Lelkip\u00e1sztori szolg\u00e1lat"},"content":{"rendered":"<div style=\"text-align: center;\">\n<p class=\"MsoNormal\" style=\"text-align: left;\">A D\u00e9l-budai centrumk\u00f3rh\u00e1z Szent Imre Egyetemi Oktat\u00f3k\u00f3rh\u00e1zban gy\u00f3gyul\u00f3 betegeket katolikus pap l\u00e1togatja meg minden h\u00e9ten p\u00e9nteken.<\/p>\n<p class=\"MsoNormal\" style=\"text-align: left;\">Szem\u00e9lyes tal\u00e1lkoz\u00e1sra jelentkezni az \u00f6nk\u00e9ntes betegl\u00e1togat\u00f3kn\u00e1l lehet, akik hetente keresik fel a betegeket.<\/p>\n<p class=\"MsoNormal\"><img decoding=\"async\" class=\" size-full wp-image-289\" style=\"width: 173px; height: 234px;\" src=\"\/wp-content\/uploads\/2010\/02\/lelkp.JPG\" alt=\"\" width=\"173\" height=\"234\" longdesc=\"Szent Kozma \u00e9s Damj\u00e1n orvos v\u00e9rtan\u00fak\"><\/p>\n<p><em><span style=\"font-size: 10px;\">Szent Kozma \u00e9s Damj\u00e1n orvos v\u00e9rtan\u00fak<\/span><\/em><\/p>\n<p style=\"text-align: left;\">Budapesti Katolikus K\u00f3rh\u00e1zlelk\u00e9szs\u00e9g<br>\n1122 Budapest, R\u00e1th Gy\u00f6rgy utca 7-9.<br>\nTel.:+36 1 224 8640; e-mail: korlelk@gmail.com<\/p>\n<p style=\"text-align: left;\"><a href=\"https:\/\/www.facebook.com\/korlelk?locale=hu_HU\">Facebook<\/a><\/p>\n<\/div>\n<div style=\"text-align: center;\"><\/div>\n\n\n\n\t<div class=\"dkpdf-button-container\" style=\"            text-align:right \">\n\n\t\t<a class=\"dkpdf-button\" href=\"\/index.php\/wp-json\/wp\/v2\/pages\/290?pdf=290\" target=\"_blank\"><span class=\"dkpdf-button-icon\"><i class=\"fa fa-file-pdf-o\"><\/i><\/span> Let\u00f6lt\u00e9s<\/a>\n\n\t<\/div>\n\n\n\n\n\n<!-- PMB print buttons is only displayed on a single post\/page URLs-->","protected":false},"excerpt":{"rendered":"<p>A D\u00e9l-budai centrumk\u00f3rh\u00e1z Szent Imre Egyetemi Oktat\u00f3k\u00f3rh\u00e1zban gy\u00f3gyul\u00f3 betegeket katolikus pap l\u00e1togatja meg minden h\u00e9ten p\u00e9nteken. Szem\u00e9lyes tal\u00e1lkoz\u00e1sra jelentkezni az \u00f6nk\u00e9ntes betegl\u00e1togat\u00f3kn\u00e1l lehet, akik hetente&hellip;<\/p>\n","protected":false},"author":3,"featured_media":289,"parent":0,"menu_order":21,"comment_status":"closed","ping_status":"closed","template":"","meta":{"_acf_changed":false,"_uag_custom_page_level_css":"","footnotes":""},"categories":[],"tags":[],"class_list":["post-290","page","type-page","status-publish","has-post-thumbnail","hentry"],"acf":[],"yoast_head":"<!-- This site is optimized with the Yoast SEO plugin v28.2 - https:\/\/yoast.com\/product\/yoast-seo-wordpress\/ -->\n<title>Lelkip\u00e1sztori szolg\u00e1lat - D\u00e9l-budai Centrumk\u00f3rh\u00e1z<\/title>\n<meta name=\"robots\" content=\"index, follow, max-snippet:-1, max-image-preview:large, max-video-preview:-1\" \/>\n<link rel=\"canonical\" href=\"https:\/\/www.szentimrekorhaz.hu\/index.php\/lelkipasztori-szolgalat\/\" \/>\n<meta property=\"og:locale\" content=\"hu_HU\" \/>\n<meta property=\"og:type\" content=\"article\" \/>\n<meta property=\"og:title\" content=\"Lelkip\u00e1sztori szolg\u00e1lat - D\u00e9l-budai Centrumk\u00f3rh\u00e1z\" \/>\n<meta property=\"og:description\" content=\"A D\u00e9l-budai centrumk\u00f3rh\u00e1z Szent Imre Egyetemi Oktat\u00f3k\u00f3rh\u00e1zban gy\u00f3gyul\u00f3 betegeket katolikus pap l\u00e1togatja meg minden h\u00e9ten p\u00e9nteken. Szem\u00e9lyes tal\u00e1lkoz\u00e1sra jelentkezni az \u00f6nk\u00e9ntes betegl\u00e1togat\u00f3kn\u00e1l lehet, akik hetente&hellip;\" \/>\n<meta property=\"og:url\" content=\"https:\/\/www.szentimrekorhaz.hu\/index.php\/lelkipasztori-szolgalat\/\" \/>\n<meta property=\"og:site_name\" content=\"D\u00e9l-budai Centrumk\u00f3rh\u00e1z\" \/>\n<meta property=\"article:publisher\" content=\"https:\/\/www.facebook.com\/szentimrekorhaz\" \/>\n<meta property=\"article:modified_time\" content=\"2025-06-04T13:21:54+00:00\" \/>\n<meta property=\"og:image\" content=\"https:\/\/www.szentimrekorhaz.hu\/wp-content\/uploads\/2010\/02\/lelkp.JPG\" \/>\n\t<meta property=\"og:image:width\" content=\"173\" \/>\n\t<meta property=\"og:image:height\" content=\"234\" \/>\n\t<meta property=\"og:image:type\" content=\"image\/jpeg\" \/>\n<meta name=\"twitter:card\" content=\"summary_large_image\" \/>\n<script type=\"application\/ld+json\" class=\"yoast-schema-graph\">{\"@context\":\"https:\\\/\\\/schema.org\",\"@graph\":[{\"@type\":\"WebPage\",\"@id\":\"https:\\\/\\\/www.szentimrekorhaz.hu\\\/index.php\\\/lelkipasztori-szolgalat\\\/\",\"url\":\"https:\\\/\\\/www.szentimrekorhaz.hu\\\/index.php\\\/lelkipasztori-szolgalat\\\/\",\"name\":\"Lelkip\u00e1sztori szolg\u00e1lat - D\u00e9l-budai Centrumk\u00f3rh\u00e1z\",\"isPartOf\":{\"@id\":\"https:\\\/\\\/www.szentimrekorhaz.hu\\\/#website\"},\"primaryImageOfPage\":{\"@id\":\"https:\\\/\\\/www.szentimrekorhaz.hu\\\/index.php\\\/lelkipasztori-szolgalat\\\/#primaryimage\"},\"image\":{\"@id\":\"https:\\\/\\\/www.szentimrekorhaz.hu\\\/index.php\\\/lelkipasztori-szolgalat\\\/#primaryimage\"},\"thumbnailUrl\":\"https:\\\/\\\/www.szentimrekorhaz.hu\\\/wp-content\\\/uploads\\\/2010\\\/02\\\/lelkp.JPG\",\"datePublished\":\"2010-02-22T08:25:56+00:00\",\"dateModified\":\"2025-06-04T13:21:54+00:00\",\"breadcrumb\":{\"@id\":\"https:\\\/\\\/www.szentimrekorhaz.hu\\\/index.php\\\/lelkipasztori-szolgalat\\\/#breadcrumb\"},\"inLanguage\":\"hu\",\"potentialAction\":[{\"@type\":\"ReadAction\",\"target\":[\"https:\\\/\\\/www.szentimrekorhaz.hu\\\/index.php\\\/lelkipasztori-szolgalat\\\/\"]}]},{\"@type\":\"ImageObject\",\"inLanguage\":\"hu\",\"@id\":\"https:\\\/\\\/www.szentimrekorhaz.hu\\\/index.php\\\/lelkipasztori-szolgalat\\\/#primaryimage\",\"url\":\"https:\\\/\\\/www.szentimrekorhaz.hu\\\/wp-content\\\/uploads\\\/2010\\\/02\\\/lelkp.JPG\",\"contentUrl\":\"https:\\\/\\\/www.szentimrekorhaz.hu\\\/wp-content\\\/uploads\\\/2010\\\/02\\\/lelkp.JPG\",\"width\":173,\"height\":234},{\"@type\":\"BreadcrumbList\",\"@id\":\"https:\\\/\\\/www.szentimrekorhaz.hu\\\/index.php\\\/lelkipasztori-szolgalat\\\/#breadcrumb\",\"itemListElement\":[{\"@type\":\"ListItem\",\"position\":1,\"name\":\"Home\",\"item\":\"https:\\\/\\\/www.szentimrekorhaz.hu\\\/\"},{\"@type\":\"ListItem\",\"position\":2,\"name\":\"Lelkip\u00e1sztori szolg\u00e1lat\"}]},{\"@type\":\"WebSite\",\"@id\":\"https:\\\/\\\/www.szentimrekorhaz.hu\\\/#website\",\"url\":\"https:\\\/\\\/www.szentimrekorhaz.hu\\\/\",\"name\":\"D\u00e9l-budai Centrumk\u00f3rh\u00e1z Szent Imre Egyetemi Oktat\u00f3k\u00f3rh\u00e1z\",\"description\":\"Szent Imre Egyetemi Oktat\u00f3k\u00f3rh\u00e1z\",\"publisher\":{\"@id\":\"https:\\\/\\\/www.szentimrekorhaz.hu\\\/#organization\"},\"potentialAction\":[{\"@type\":\"SearchAction\",\"target\":{\"@type\":\"EntryPoint\",\"urlTemplate\":\"https:\\\/\\\/www.szentimrekorhaz.hu\\\/?s={search_term_string}\"},\"query-input\":{\"@type\":\"PropertyValueSpecification\",\"valueRequired\":true,\"valueName\":\"search_term_string\"}}],\"inLanguage\":\"hu\"},{\"@type\":\"Organization\",\"@id\":\"https:\\\/\\\/www.szentimrekorhaz.hu\\\/#organization\",\"name\":\"D\u00e9l-budai Centrumk\u00f3rh\u00e1z Szent Imre Egyetemi Oktat\u00f3k\u00f3rh\u00e1z\",\"url\":\"https:\\\/\\\/www.szentimrekorhaz.hu\\\/\",\"logo\":{\"@type\":\"ImageObject\",\"inLanguage\":\"hu\",\"@id\":\"https:\\\/\\\/www.szentimrekorhaz.hu\\\/#\\\/schema\\\/logo\\\/image\\\/\",\"url\":\"https:\\\/\\\/www.szentimrekorhaz.hu\\\/wp-content\\\/uploads\\\/2025\\\/05\\\/cropped-logo.png\",\"contentUrl\":\"https:\\\/\\\/www.szentimrekorhaz.hu\\\/wp-content\\\/uploads\\\/2025\\\/05\\\/cropped-logo.png\",\"width\":577,\"height\":577,\"caption\":\"D\u00e9l-budai Centrumk\u00f3rh\u00e1z Szent Imre Egyetemi Oktat\u00f3k\u00f3rh\u00e1z\"},\"image\":{\"@id\":\"https:\\\/\\\/www.szentimrekorhaz.hu\\\/#\\\/schema\\\/logo\\\/image\\\/\"},\"sameAs\":[\"https:\\\/\\\/www.facebook.com\\\/szentimrekorhaz\",\"https:\\\/\\\/www.instagram.com\\\/szentimrekorhaz\"]}]}<\/script>\n<!-- \/ Yoast SEO plugin. -->","yoast_head_json":{"title":"Lelkip\u00e1sztori szolg\u00e1lat - D\u00e9l-budai Centrumk\u00f3rh\u00e1z","robots":{"index":"index","follow":"follow","max-snippet":"max-snippet:-1","max-image-preview":"max-image-preview:large","max-video-preview":"max-video-preview:-1"},"canonical":"https:\/\/www.szentimrekorhaz.hu\/index.php\/lelkipasztori-szolgalat\/","og_locale":"hu_HU","og_type":"article","og_title":"Lelkip\u00e1sztori szolg\u00e1lat - D\u00e9l-budai Centrumk\u00f3rh\u00e1z","og_description":"A D\u00e9l-budai centrumk\u00f3rh\u00e1z Szent Imre Egyetemi Oktat\u00f3k\u00f3rh\u00e1zban gy\u00f3gyul\u00f3 betegeket katolikus pap l\u00e1togatja meg minden h\u00e9ten p\u00e9nteken. Szem\u00e9lyes tal\u00e1lkoz\u00e1sra jelentkezni az \u00f6nk\u00e9ntes betegl\u00e1togat\u00f3kn\u00e1l lehet, akik hetente&hellip;","og_url":"https:\/\/www.szentimrekorhaz.hu\/index.php\/lelkipasztori-szolgalat\/","og_site_name":"D\u00e9l-budai Centrumk\u00f3rh\u00e1z","article_publisher":"https:\/\/www.facebook.com\/szentimrekorhaz","article_modified_time":"2025-06-04T13:21:54+00:00","og_image":[{"width":173,"height":234,"url":"https:\/\/www.szentimrekorhaz.hu\/wp-content\/uploads\/2010\/02\/lelkp.JPG","type":"image\/jpeg"}],"twitter_card":"summary_large_image","schema":{"@context":"https:\/\/schema.org","@graph":[{"@type":"WebPage","@id":"https:\/\/www.szentimrekorhaz.hu\/index.php\/lelkipasztori-szolgalat\/","url":"https:\/\/www.szentimrekorhaz.hu\/index.php\/lelkipasztori-szolgalat\/","name":"Lelkip\u00e1sztori szolg\u00e1lat - D\u00e9l-budai Centrumk\u00f3rh\u00e1z","isPartOf":{"@id":"https:\/\/www.szentimrekorhaz.hu\/#website"},"primaryImageOfPage":{"@id":"https:\/\/www.szentimrekorhaz.hu\/index.php\/lelkipasztori-szolgalat\/#primaryimage"},"image":{"@id":"https:\/\/www.szentimrekorhaz.hu\/index.php\/lelkipasztori-szolgalat\/#primaryimage"},"thumbnailUrl":"https:\/\/www.szentimrekorhaz.hu\/wp-content\/uploads\/2010\/02\/lelkp.JPG","datePublished":"2010-02-22T08:25:56+00:00","dateModified":"2025-06-04T13:21:54+00:00","breadcrumb":{"@id":"https:\/\/www.szentimrekorhaz.hu\/index.php\/lelkipasztori-szolgalat\/#breadcrumb"},"inLanguage":"hu","potentialAction":[{"@type":"ReadAction","target":["https:\/\/www.szentimrekorhaz.hu\/index.php\/lelkipasztori-szolgalat\/"]}]},{"@type":"ImageObject","inLanguage":"hu","@id":"https:\/\/www.szentimrekorhaz.hu\/index.php\/lelkipasztori-szolgalat\/#primaryimage","url":"https:\/\/www.szentimrekorhaz.hu\/wp-content\/uploads\/2010\/02\/lelkp.JPG","contentUrl":"https:\/\/www.szentimrekorhaz.hu\/wp-content\/uploads\/2010\/02\/lelkp.JPG","width":173,"height":234},{"@type":"BreadcrumbList","@id":"https:\/\/www.szentimrekorhaz.hu\/index.php\/lelkipasztori-szolgalat\/#breadcrumb","itemListElement":[{"@type":"ListItem","position":1,"name":"Home","item":"https:\/\/www.szentimrekorhaz.hu\/"},{"@type":"ListItem","position":2,"name":"Lelkip\u00e1sztori szolg\u00e1lat"}]},{"@type":"WebSite","@id":"https:\/\/www.szentimrekorhaz.hu\/#website","url":"https:\/\/www.szentimrekorhaz.hu\/","name":"D\u00e9l-budai Centrumk\u00f3rh\u00e1z Szent Imre Egyetemi Oktat\u00f3k\u00f3rh\u00e1z","description":"Szent Imre Egyetemi Oktat\u00f3k\u00f3rh\u00e1z","publisher":{"@id":"https:\/\/www.szentimrekorhaz.hu\/#organization"},"potentialAction":[{"@type":"SearchAction","target":{"@type":"EntryPoint","urlTemplate":"https:\/\/www.szentimrekorhaz.hu\/?s={search_term_string}"},"query-input":{"@type":"PropertyValueSpecification","valueRequired":true,"valueName":"search_term_string"}}],"inLanguage":"hu"},{"@type":"Organization","@id":"https:\/\/www.szentimrekorhaz.hu\/#organization","name":"D\u00e9l-budai Centrumk\u00f3rh\u00e1z Szent Imre Egyetemi Oktat\u00f3k\u00f3rh\u00e1z","url":"https:\/\/www.szentimrekorhaz.hu\/","logo":{"@type":"ImageObject","inLanguage":"hu","@id":"https:\/\/www.szentimrekorhaz.hu\/#\/schema\/logo\/image\/","url":"https:\/\/www.szentimrekorhaz.hu\/wp-content\/uploads\/2025\/05\/cropped-logo.png","contentUrl":"https:\/\/www.szentimrekorhaz.hu\/wp-content\/uploads\/2025\/05\/cropped-logo.png","width":577,"height":577,"caption":"D\u00e9l-budai Centrumk\u00f3rh\u00e1z Szent Imre Egyetemi Oktat\u00f3k\u00f3rh\u00e1z"},"image":{"@id":"https:\/\/www.szentimrekorhaz.hu\/#\/schema\/logo\/image\/"},"sameAs":["https:\/\/www.facebook.com\/szentimrekorhaz","https:\/\/www.instagram.com\/szentimrekorhaz"]}]}},"uagb_featured_image_src":{"full":["https:\/\/www.szentimrekorhaz.hu\/wp-content\/uploads\/2010\/02\/lelkp.JPG",173,234,false],"thumbnail":["https:\/\/www.szentimrekorhaz.hu\/wp-content\/uploads\/2010\/02\/lelkp-150x150.jpg",150,150,true],"medium":["https:\/\/www.szentimrekorhaz.hu\/wp-content\/uploads\/2010\/02\/lelkp.JPG",173,234,false],"medium_large":["https:\/\/www.szentimrekorhaz.hu\/wp-content\/uploads\/2010\/02\/lelkp.JPG",173,234,false],"large":["https:\/\/www.szentimrekorhaz.hu\/wp-content\/uploads\/2010\/02\/lelkp.JPG",173,234,false],"1536x1536":["https:\/\/www.szentimrekorhaz.hu\/wp-content\/uploads\/2010\/02\/lelkp.JPG",173,234,false],"2048x2048":["https:\/\/www.szentimrekorhaz.hu\/wp-content\/uploads\/2010\/02\/lelkp.JPG",173,234,false],"410x410":["https:\/\/www.szentimrekorhaz.hu\/wp-content\/uploads\/2010\/02\/lelkp.JPG",173,234,false]},"uagb_author_info":{"display_name":"backup","author_link":"https:\/\/www.szentimrekorhaz.hu\/index.php\/author\/backup\/"},"uagb_comment_info":0,"uagb_excerpt":"A D\u00e9l-budai centrumk\u00f3rh\u00e1z Szent Imre Egyetemi Oktat\u00f3k\u00f3rh\u00e1zban gy\u00f3gyul\u00f3 betegeket katolikus pap l\u00e1togatja meg minden h\u00e9ten p\u00e9nteken. Szem\u00e9lyes tal\u00e1lkoz\u00e1sra jelentkezni az \u00f6nk\u00e9ntes betegl\u00e1togat\u00f3kn\u00e1l lehet, akik hetente&hellip;","post_type":"page","author_name":"backup","_links":{"self":[{"href":"https:\/\/www.szentimrekorhaz.hu\/index.php\/wp-json\/wp\/v2\/pages\/290","targetHints":{"allow":["GET"]}}],"collection":[{"href":"https:\/\/www.szentimrekorhaz.hu\/index.php\/wp-json\/wp\/v2\/pages"}],"about":[{"href":"https:\/\/www.szentimrekorhaz.hu\/index.php\/wp-json\/wp\/v2\/types\/page"}],"author":[{"embeddable":true,"href":"https:\/\/www.szentimrekorhaz.hu\/index.php\/wp-json\/wp\/v2\/users\/3"}],"replies":[{"embeddable":true,"href":"https:\/\/www.szentimrekorhaz.hu\/index.php\/wp-json\/wp\/v2\/comments?post=290"}],"version-history":[{"count":2,"href":"https:\/\/www.szentimrekorhaz.hu\/index.php\/wp-json\/wp\/v2\/pages\/290\/revisions"}],"predecessor-version":[{"id":1272,"href":"https:\/\/www.szentimrekorhaz.hu\/index.php\/wp-json\/wp\/v2\/pages\/290\/revisions\/1272"}],"wp:featuredmedia":[{"embeddable":true,"href":"https:\/\/www.szentimrekorhaz.hu\/index.php\/wp-json\/wp\/v2\/media\/289"}],"wp:attachment":[{"href":"https:\/\/www.szentimrekorhaz.hu\/index.php\/wp-json\/wp\/v2\/media?parent=290"}],"wp:term":[{"taxonomy":"category","embeddable":true,"href":"https:\/\/www.szentimrekorhaz.hu\/index.php\/wp-json\/wp\/v2\/categories?post=290"},{"taxonomy":"post_tag","embeddable":true,"href":"https:\/\/www.szentimrekorhaz.hu\/index.php\/wp-json\/wp\/v2\/tags?post=290"}],"curies":[{"name":"wp","href":"https:\/\/api.w.org\/{rel}","templated":true}]}}