{"id":448,"date":"2017-10-27T19:26:16","date_gmt":"2017-10-27T17:26:16","guid":{"rendered":"http:\/\/localhost\/index.php\/20171023-2\/"},"modified":"2017-10-27T19:26:16","modified_gmt":"2017-10-27T17:26:16","slug":"20171023-2","status":"publish","type":"page","link":"https:\/\/www.szentimrekorhaz.hu\/index.php\/20171023-2\/","title":{"rendered":"Megeml\u00e9kez\u00e9s"},"content":{"rendered":"<p>\n\tAz 1956-os szabads\u00e1gharc 61. \u00e9vfordul\u00f3ja alkalm\u00e1b\u00f3l tartott megeml\u00e9kez\u00e9sen a Szent Imre Egyetemi Oktat\u00f3k\u00f3rh\u00e1zban, besz\u00e9det mondott Dr. Guly\u00e1s Gergely a Fidesz frakci\u00f3vezet\u0151je.<\/p>\n<p style=\"text-align: center;\">\n\t<img decoding=\"async\" class=\" size-full wp-image-447\" alt=\"\" src=\"\/wp-content\/uploads\/2017\/10\/IMG_8981.jpeg\" style=\"width: 640px; height: 427px;\" width=\"640\" height=\"427\" srcset=\"https:\/\/www.szentimrekorhaz.hu\/wp-content\/uploads\/2017\/10\/IMG_8981.jpeg 640w, https:\/\/www.szentimrekorhaz.hu\/wp-content\/uploads\/2017\/10\/IMG_8981-300x200.jpeg 300w\" sizes=\"(max-width: 640px) 100vw, 640px\" \/><\/p>\n<p style=\"text-align: center;\">\n\t<img decoding=\"async\" class=\" size-full wp-image-446\" alt=\"\" src=\"\/wp-content\/uploads\/2017\/10\/IMG_8846.jpg\" style=\"width: 640px; height: 427px;\" width=\"640\" height=\"427\" srcset=\"https:\/\/www.szentimrekorhaz.hu\/wp-content\/uploads\/2017\/10\/IMG_8846.jpg 640w, https:\/\/www.szentimrekorhaz.hu\/wp-content\/uploads\/2017\/10\/IMG_8846-300x200.jpg 300w\" sizes=\"(max-width: 640px) 100vw, 640px\" \/><\/p>\n\n\n\n\t<div class=\"dkpdf-button-container\" style=\"            text-align:right \">\n\n\t\t<a class=\"dkpdf-button\" href=\"\/index.php\/wp-json\/wp\/v2\/pages\/448?pdf=448\" target=\"_blank\"><span class=\"dkpdf-button-icon\"><i class=\"fa fa-file-pdf-o\"><\/i><\/span> Let\u00f6lt\u00e9s<\/a>\n\n\t<\/div>\n\n\n\n\n\n<!-- PMB print buttons is only displayed on a single post\/page URLs-->","protected":false},"excerpt":{"rendered":"<p>\n\t<img decoding=\"async\" class=\" alignleft size-full wp-image-446\" alt=\"\" src=\"\/wp-content\/uploads\/2017\/10\/IMG_8846.jpg\" style=\"width: 156px; height: 104px; margin-left: 5px; margin-right: 5px; float: left;\" width=\"640\" height=\"427\" srcset=\"https:\/\/www.szentimrekorhaz.hu\/wp-content\/uploads\/2017\/10\/IMG_8846.jpg 640w, https:\/\/www.szentimrekorhaz.hu\/wp-content\/uploads\/2017\/10\/IMG_8846-300x200.jpg 300w\" sizes=\"(max-width: 640px) 100vw, 640px\" \/>&nbsp;Az 1956-os szabads&aacute;gharc 61. &eacute;vfordul&oacute;ja alkalm&aacute;b&oacute;l tartott megeml&eacute;kez&eacute;sen a Szent Imre Egyetemi Oktat&oacute;k&oacute;rh&aacute;zban, besz&eacute;det mondott Dr. Guly&aacute;s Gergely a Fidesz frakci&oacute;vezet\u0151je.<\/p>\n","protected":false},"author":2,"featured_media":446,"parent":0,"menu_order":2,"comment_status":"closed","ping_status":"closed","template":"","meta":{"_acf_changed":false,"_uag_custom_page_level_css":"","footnotes":""},"categories":[],"tags":[],"class_list":["post-448","page","type-page","status-publish","has-post-thumbnail","hentry"],"acf":[],"yoast_head":"<!-- This site is optimized with the Yoast SEO plugin v28.2 - https:\/\/yoast.com\/product\/yoast-seo-wordpress\/ -->\n<title>Megeml\u00e9kez\u00e9s - D\u00e9l-budai Centrumk\u00f3rh\u00e1z<\/title>\n<meta name=\"robots\" content=\"index, follow, max-snippet:-1, max-image-preview:large, max-video-preview:-1\" \/>\n<link rel=\"canonical\" href=\"https:\/\/www.szentimrekorhaz.hu\/index.php\/20171023-2\/\" \/>\n<meta property=\"og:locale\" content=\"hu_HU\" \/>\n<meta property=\"og:type\" content=\"article\" \/>\n<meta property=\"og:title\" content=\"Megeml\u00e9kez\u00e9s - D\u00e9l-budai Centrumk\u00f3rh\u00e1z\" \/>\n<meta property=\"og:description\" content=\"&nbsp;Az 1956-os szabads&aacute;gharc 61. &eacute;vfordul&oacute;ja alkalm&aacute;b&oacute;l tartott megeml&eacute;kez&eacute;sen a Szent Imre Egyetemi Oktat&oacute;k&oacute;rh&aacute;zban, besz&eacute;det mondott Dr. Guly&aacute;s Gergely a Fidesz frakci&oacute;vezet\u0151je.\" \/>\n<meta property=\"og:url\" content=\"https:\/\/www.szentimrekorhaz.hu\/index.php\/20171023-2\/\" \/>\n<meta property=\"og:site_name\" content=\"D\u00e9l-budai Centrumk\u00f3rh\u00e1z\" \/>\n<meta property=\"article:publisher\" content=\"https:\/\/www.facebook.com\/szentimrekorhaz\" \/>\n<meta property=\"og:image\" content=\"https:\/\/www.szentimrekorhaz.hu\/wp-content\/uploads\/2017\/10\/IMG_8846.jpg\" \/>\n\t<meta property=\"og:image:width\" content=\"640\" \/>\n\t<meta property=\"og:image:height\" content=\"427\" \/>\n\t<meta property=\"og:image:type\" content=\"image\/jpeg\" \/>\n<meta name=\"twitter:card\" content=\"summary_large_image\" \/>\n<script type=\"application\/ld+json\" class=\"yoast-schema-graph\">{\"@context\":\"https:\\\/\\\/schema.org\",\"@graph\":[{\"@type\":\"WebPage\",\"@id\":\"https:\\\/\\\/www.szentimrekorhaz.hu\\\/index.php\\\/20171023-2\\\/\",\"url\":\"https:\\\/\\\/www.szentimrekorhaz.hu\\\/index.php\\\/20171023-2\\\/\",\"name\":\"Megeml\u00e9kez\u00e9s - D\u00e9l-budai Centrumk\u00f3rh\u00e1z\",\"isPartOf\":{\"@id\":\"https:\\\/\\\/www.szentimrekorhaz.hu\\\/#website\"},\"primaryImageOfPage\":{\"@id\":\"https:\\\/\\\/www.szentimrekorhaz.hu\\\/index.php\\\/20171023-2\\\/#primaryimage\"},\"image\":{\"@id\":\"https:\\\/\\\/www.szentimrekorhaz.hu\\\/index.php\\\/20171023-2\\\/#primaryimage\"},\"thumbnailUrl\":\"https:\\\/\\\/www.szentimrekorhaz.hu\\\/wp-content\\\/uploads\\\/2017\\\/10\\\/IMG_8846.jpg\",\"datePublished\":\"2017-10-27T17:26:16+00:00\",\"breadcrumb\":{\"@id\":\"https:\\\/\\\/www.szentimrekorhaz.hu\\\/index.php\\\/20171023-2\\\/#breadcrumb\"},\"inLanguage\":\"hu\",\"potentialAction\":[{\"@type\":\"ReadAction\",\"target\":[\"https:\\\/\\\/www.szentimrekorhaz.hu\\\/index.php\\\/20171023-2\\\/\"]}]},{\"@type\":\"ImageObject\",\"inLanguage\":\"hu\",\"@id\":\"https:\\\/\\\/www.szentimrekorhaz.hu\\\/index.php\\\/20171023-2\\\/#primaryimage\",\"url\":\"https:\\\/\\\/www.szentimrekorhaz.hu\\\/wp-content\\\/uploads\\\/2017\\\/10\\\/IMG_8846.jpg\",\"contentUrl\":\"https:\\\/\\\/www.szentimrekorhaz.hu\\\/wp-content\\\/uploads\\\/2017\\\/10\\\/IMG_8846.jpg\",\"width\":640,\"height\":427},{\"@type\":\"BreadcrumbList\",\"@id\":\"https:\\\/\\\/www.szentimrekorhaz.hu\\\/index.php\\\/20171023-2\\\/#breadcrumb\",\"itemListElement\":[{\"@type\":\"ListItem\",\"position\":1,\"name\":\"Home\",\"item\":\"https:\\\/\\\/www.szentimrekorhaz.hu\\\/\"},{\"@type\":\"ListItem\",\"position\":2,\"name\":\"Megeml\u00e9kez\u00e9s\"}]},{\"@type\":\"WebSite\",\"@id\":\"https:\\\/\\\/www.szentimrekorhaz.hu\\\/#website\",\"url\":\"https:\\\/\\\/www.szentimrekorhaz.hu\\\/\",\"name\":\"D\u00e9l-budai Centrumk\u00f3rh\u00e1z Szent Imre Egyetemi Oktat\u00f3k\u00f3rh\u00e1z\",\"description\":\"Szent Imre Egyetemi Oktat\u00f3k\u00f3rh\u00e1z\",\"publisher\":{\"@id\":\"https:\\\/\\\/www.szentimrekorhaz.hu\\\/#organization\"},\"potentialAction\":[{\"@type\":\"SearchAction\",\"target\":{\"@type\":\"EntryPoint\",\"urlTemplate\":\"https:\\\/\\\/www.szentimrekorhaz.hu\\\/?s={search_term_string}\"},\"query-input\":{\"@type\":\"PropertyValueSpecification\",\"valueRequired\":true,\"valueName\":\"search_term_string\"}}],\"inLanguage\":\"hu\"},{\"@type\":\"Organization\",\"@id\":\"https:\\\/\\\/www.szentimrekorhaz.hu\\\/#organization\",\"name\":\"D\u00e9l-budai Centrumk\u00f3rh\u00e1z Szent Imre Egyetemi Oktat\u00f3k\u00f3rh\u00e1z\",\"url\":\"https:\\\/\\\/www.szentimrekorhaz.hu\\\/\",\"logo\":{\"@type\":\"ImageObject\",\"inLanguage\":\"hu\",\"@id\":\"https:\\\/\\\/www.szentimrekorhaz.hu\\\/#\\\/schema\\\/logo\\\/image\\\/\",\"url\":\"https:\\\/\\\/www.szentimrekorhaz.hu\\\/wp-content\\\/uploads\\\/2025\\\/05\\\/cropped-logo.png\",\"contentUrl\":\"https:\\\/\\\/www.szentimrekorhaz.hu\\\/wp-content\\\/uploads\\\/2025\\\/05\\\/cropped-logo.png\",\"width\":577,\"height\":577,\"caption\":\"D\u00e9l-budai Centrumk\u00f3rh\u00e1z Szent Imre Egyetemi Oktat\u00f3k\u00f3rh\u00e1z\"},\"image\":{\"@id\":\"https:\\\/\\\/www.szentimrekorhaz.hu\\\/#\\\/schema\\\/logo\\\/image\\\/\"},\"sameAs\":[\"https:\\\/\\\/www.facebook.com\\\/szentimrekorhaz\",\"https:\\\/\\\/www.instagram.com\\\/szentimrekorhaz\"]}]}<\/script>\n<!-- \/ Yoast SEO plugin. -->","yoast_head_json":{"title":"Megeml\u00e9kez\u00e9s - D\u00e9l-budai Centrumk\u00f3rh\u00e1z","robots":{"index":"index","follow":"follow","max-snippet":"max-snippet:-1","max-image-preview":"max-image-preview:large","max-video-preview":"max-video-preview:-1"},"canonical":"https:\/\/www.szentimrekorhaz.hu\/index.php\/20171023-2\/","og_locale":"hu_HU","og_type":"article","og_title":"Megeml\u00e9kez\u00e9s - D\u00e9l-budai Centrumk\u00f3rh\u00e1z","og_description":"&nbsp;Az 1956-os szabads&aacute;gharc 61. &eacute;vfordul&oacute;ja alkalm&aacute;b&oacute;l tartott megeml&eacute;kez&eacute;sen a Szent Imre Egyetemi Oktat&oacute;k&oacute;rh&aacute;zban, besz&eacute;det mondott Dr. Guly&aacute;s Gergely a Fidesz frakci&oacute;vezet\u0151je.","og_url":"https:\/\/www.szentimrekorhaz.hu\/index.php\/20171023-2\/","og_site_name":"D\u00e9l-budai Centrumk\u00f3rh\u00e1z","article_publisher":"https:\/\/www.facebook.com\/szentimrekorhaz","og_image":[{"width":640,"height":427,"url":"https:\/\/www.szentimrekorhaz.hu\/wp-content\/uploads\/2017\/10\/IMG_8846.jpg","type":"image\/jpeg"}],"twitter_card":"summary_large_image","schema":{"@context":"https:\/\/schema.org","@graph":[{"@type":"WebPage","@id":"https:\/\/www.szentimrekorhaz.hu\/index.php\/20171023-2\/","url":"https:\/\/www.szentimrekorhaz.hu\/index.php\/20171023-2\/","name":"Megeml\u00e9kez\u00e9s - D\u00e9l-budai Centrumk\u00f3rh\u00e1z","isPartOf":{"@id":"https:\/\/www.szentimrekorhaz.hu\/#website"},"primaryImageOfPage":{"@id":"https:\/\/www.szentimrekorhaz.hu\/index.php\/20171023-2\/#primaryimage"},"image":{"@id":"https:\/\/www.szentimrekorhaz.hu\/index.php\/20171023-2\/#primaryimage"},"thumbnailUrl":"https:\/\/www.szentimrekorhaz.hu\/wp-content\/uploads\/2017\/10\/IMG_8846.jpg","datePublished":"2017-10-27T17:26:16+00:00","breadcrumb":{"@id":"https:\/\/www.szentimrekorhaz.hu\/index.php\/20171023-2\/#breadcrumb"},"inLanguage":"hu","potentialAction":[{"@type":"ReadAction","target":["https:\/\/www.szentimrekorhaz.hu\/index.php\/20171023-2\/"]}]},{"@type":"ImageObject","inLanguage":"hu","@id":"https:\/\/www.szentimrekorhaz.hu\/index.php\/20171023-2\/#primaryimage","url":"https:\/\/www.szentimrekorhaz.hu\/wp-content\/uploads\/2017\/10\/IMG_8846.jpg","contentUrl":"https:\/\/www.szentimrekorhaz.hu\/wp-content\/uploads\/2017\/10\/IMG_8846.jpg","width":640,"height":427},{"@type":"BreadcrumbList","@id":"https:\/\/www.szentimrekorhaz.hu\/index.php\/20171023-2\/#breadcrumb","itemListElement":[{"@type":"ListItem","position":1,"name":"Home","item":"https:\/\/www.szentimrekorhaz.hu\/"},{"@type":"ListItem","position":2,"name":"Megeml\u00e9kez\u00e9s"}]},{"@type":"WebSite","@id":"https:\/\/www.szentimrekorhaz.hu\/#website","url":"https:\/\/www.szentimrekorhaz.hu\/","name":"D\u00e9l-budai Centrumk\u00f3rh\u00e1z Szent Imre Egyetemi Oktat\u00f3k\u00f3rh\u00e1z","description":"Szent Imre Egyetemi Oktat\u00f3k\u00f3rh\u00e1z","publisher":{"@id":"https:\/\/www.szentimrekorhaz.hu\/#organization"},"potentialAction":[{"@type":"SearchAction","target":{"@type":"EntryPoint","urlTemplate":"https:\/\/www.szentimrekorhaz.hu\/?s={search_term_string}"},"query-input":{"@type":"PropertyValueSpecification","valueRequired":true,"valueName":"search_term_string"}}],"inLanguage":"hu"},{"@type":"Organization","@id":"https:\/\/www.szentimrekorhaz.hu\/#organization","name":"D\u00e9l-budai Centrumk\u00f3rh\u00e1z Szent Imre Egyetemi Oktat\u00f3k\u00f3rh\u00e1z","url":"https:\/\/www.szentimrekorhaz.hu\/","logo":{"@type":"ImageObject","inLanguage":"hu","@id":"https:\/\/www.szentimrekorhaz.hu\/#\/schema\/logo\/image\/","url":"https:\/\/www.szentimrekorhaz.hu\/wp-content\/uploads\/2025\/05\/cropped-logo.png","contentUrl":"https:\/\/www.szentimrekorhaz.hu\/wp-content\/uploads\/2025\/05\/cropped-logo.png","width":577,"height":577,"caption":"D\u00e9l-budai Centrumk\u00f3rh\u00e1z Szent Imre Egyetemi Oktat\u00f3k\u00f3rh\u00e1z"},"image":{"@id":"https:\/\/www.szentimrekorhaz.hu\/#\/schema\/logo\/image\/"},"sameAs":["https:\/\/www.facebook.com\/szentimrekorhaz","https:\/\/www.instagram.com\/szentimrekorhaz"]}]}},"uagb_featured_image_src":{"full":["https:\/\/www.szentimrekorhaz.hu\/wp-content\/uploads\/2017\/10\/IMG_8846.jpg",640,427,false],"thumbnail":["https:\/\/www.szentimrekorhaz.hu\/wp-content\/uploads\/2017\/10\/IMG_8846-150x150.jpg",150,150,true],"medium":["https:\/\/www.szentimrekorhaz.hu\/wp-content\/uploads\/2017\/10\/IMG_8846-300x200.jpg",300,200,true],"medium_large":["https:\/\/www.szentimrekorhaz.hu\/wp-content\/uploads\/2017\/10\/IMG_8846.jpg",640,427,false],"large":["https:\/\/www.szentimrekorhaz.hu\/wp-content\/uploads\/2017\/10\/IMG_8846.jpg",640,427,false],"1536x1536":["https:\/\/www.szentimrekorhaz.hu\/wp-content\/uploads\/2017\/10\/IMG_8846.jpg",640,427,false],"2048x2048":["https:\/\/www.szentimrekorhaz.hu\/wp-content\/uploads\/2017\/10\/IMG_8846.jpg",640,427,false],"410x410":["https:\/\/www.szentimrekorhaz.hu\/wp-content\/uploads\/2017\/10\/IMG_8846-410x410.jpg",410,410,true]},"uagb_author_info":{"display_name":"Bal\u00f3 \u00c1d\u00e1m","author_link":"https:\/\/www.szentimrekorhaz.hu\/index.php\/author\/balo\/"},"uagb_comment_info":0,"uagb_excerpt":"&nbsp;Az 1956-os szabads&aacute;gharc 61. &eacute;vfordul&oacute;ja alkalm&aacute;b&oacute;l tartott megeml&eacute;kez&eacute;sen a Szent Imre Egyetemi Oktat&oacute;k&oacute;rh&aacute;zban, besz&eacute;det mondott Dr. Guly&aacute;s Gergely a Fidesz frakci&oacute;vezet\u0151je.","post_type":"page","author_name":"Bal\u00f3 \u00c1d\u00e1m","_links":{"self":[{"href":"https:\/\/www.szentimrekorhaz.hu\/index.php\/wp-json\/wp\/v2\/pages\/448","targetHints":{"allow":["GET"]}}],"collection":[{"href":"https:\/\/www.szentimrekorhaz.hu\/index.php\/wp-json\/wp\/v2\/pages"}],"about":[{"href":"https:\/\/www.szentimrekorhaz.hu\/index.php\/wp-json\/wp\/v2\/types\/page"}],"author":[{"embeddable":true,"href":"https:\/\/www.szentimrekorhaz.hu\/index.php\/wp-json\/wp\/v2\/users\/2"}],"replies":[{"embeddable":true,"href":"https:\/\/www.szentimrekorhaz.hu\/index.php\/wp-json\/wp\/v2\/comments?post=448"}],"version-history":[{"count":0,"href":"https:\/\/www.szentimrekorhaz.hu\/index.php\/wp-json\/wp\/v2\/pages\/448\/revisions"}],"wp:featuredmedia":[{"embeddable":true,"href":"https:\/\/www.szentimrekorhaz.hu\/index.php\/wp-json\/wp\/v2\/media\/446"}],"wp:attachment":[{"href":"https:\/\/www.szentimrekorhaz.hu\/index.php\/wp-json\/wp\/v2\/media?parent=448"}],"wp:term":[{"taxonomy":"category","embeddable":true,"href":"https:\/\/www.szentimrekorhaz.hu\/index.php\/wp-json\/wp\/v2\/categories?post=448"},{"taxonomy":"post_tag","embeddable":true,"href":"https:\/\/www.szentimrekorhaz.hu\/index.php\/wp-json\/wp\/v2\/tags?post=448"}],"curies":[{"name":"wp","href":"https:\/\/api.w.org\/{rel}","templated":true}]}}