{"id":507,"date":"2019-07-12T11:27:01","date_gmt":"2019-07-12T09:27:01","guid":{"rendered":"http:\/\/localhost\/index.php\/varolista\/"},"modified":"2025-06-04T15:26:07","modified_gmt":"2025-06-04T13:26:07","slug":"varolista","status":"publish","type":"page","link":"https:\/\/www.szentimrekorhaz.hu\/index.php\/varolista\/","title":{"rendered":"V\u00e1r\u00f3lista"},"content":{"rendered":"<p style=\"text-align: left;\">2012. j\u00falius 1-\u00e9t\u00f5l jogszab\u00e1lyv\u00e1ltoz\u00e1s t\u00f6rt\u00e9nt. Int\u00e9zet\u00fcnk ezut\u00e1n nem vezet semmilyen oszt\u00e1lyos v\u00e1r\u00f3list\u00e1t. A k\u00f6zponti, \u00f6sszes\u00edtett v\u00e1r\u00f3list\u00e1kat az Orsz\u00e1gos Online V\u00e1r\u00f3lista Rendszerben, al\u00e1bbi oldalon tekintheti meg:<\/p>\n<p style=\"text-align: center;\"><a href=\"https:\/\/jogviszony.neak.gov.hu\/varolista_pub\/\" target=\"_blank\" rel=\"noopener\"><img decoding=\"async\" style=\"width: 173px; height: 65px;\" src=\"\/wp-content\/uploads\/2019\/07\/SORRENDxx.png\" alt=\"Orsz\u00e1gos online v\u00e1r\u00f3lista ny\u00edlv\u00e1ntart\u00f3 rendszer\"><\/a><\/p>\n\n\n\n\t<div class=\"dkpdf-button-container\" style=\"            text-align:right \">\n\n\t\t<a class=\"dkpdf-button\" href=\"\/index.php\/wp-json\/wp\/v2\/pages\/507?pdf=507\" target=\"_blank\"><span class=\"dkpdf-button-icon\"><i class=\"fa fa-file-pdf-o\"><\/i><\/span> Let\u00f6lt\u00e9s<\/a>\n\n\t<\/div>\n\n\n\n\n\n<!-- PMB print buttons is only displayed on a single post\/page URLs-->","protected":false},"excerpt":{"rendered":"<p>2012. j\u00falius 1-\u00e9t\u00f5l jogszab\u00e1lyv\u00e1ltoz\u00e1s t\u00f6rt\u00e9nt. Int\u00e9zet\u00fcnk ezut\u00e1n nem vezet semmilyen oszt\u00e1lyos v\u00e1r\u00f3list\u00e1t. A k\u00f6zponti, \u00f6sszes\u00edtett v\u00e1r\u00f3list\u00e1kat az Orsz\u00e1gos Online V\u00e1r\u00f3lista Rendszerben, al\u00e1bbi oldalon tekintheti meg:&hellip;<\/p>\n","protected":false},"author":2,"featured_media":506,"parent":0,"menu_order":1,"comment_status":"closed","ping_status":"closed","template":"","meta":{"_acf_changed":false,"_uag_custom_page_level_css":"","footnotes":""},"categories":[],"tags":[],"class_list":["post-507","page","type-page","status-publish","has-post-thumbnail","hentry"],"acf":[],"yoast_head":"<!-- This site is optimized with the Yoast SEO plugin v28.2 - https:\/\/yoast.com\/product\/yoast-seo-wordpress\/ -->\n<title>V\u00e1r\u00f3lista - D\u00e9l-budai Centrumk\u00f3rh\u00e1z<\/title>\n<meta name=\"robots\" content=\"index, follow, max-snippet:-1, max-image-preview:large, max-video-preview:-1\" \/>\n<link rel=\"canonical\" href=\"https:\/\/www.szentimrekorhaz.hu\/index.php\/varolista\/\" \/>\n<meta property=\"og:locale\" content=\"hu_HU\" \/>\n<meta property=\"og:type\" content=\"article\" \/>\n<meta property=\"og:title\" content=\"V\u00e1r\u00f3lista - D\u00e9l-budai Centrumk\u00f3rh\u00e1z\" \/>\n<meta property=\"og:description\" content=\"2012. j\u00falius 1-\u00e9t\u00f5l jogszab\u00e1lyv\u00e1ltoz\u00e1s t\u00f6rt\u00e9nt. Int\u00e9zet\u00fcnk ezut\u00e1n nem vezet semmilyen oszt\u00e1lyos v\u00e1r\u00f3list\u00e1t. A k\u00f6zponti, \u00f6sszes\u00edtett v\u00e1r\u00f3list\u00e1kat az Orsz\u00e1gos Online V\u00e1r\u00f3lista Rendszerben, al\u00e1bbi oldalon tekintheti meg:&hellip;\" \/>\n<meta property=\"og:url\" content=\"https:\/\/www.szentimrekorhaz.hu\/index.php\/varolista\/\" \/>\n<meta property=\"og:site_name\" content=\"D\u00e9l-budai Centrumk\u00f3rh\u00e1z\" \/>\n<meta property=\"article:publisher\" content=\"https:\/\/www.facebook.com\/szentimrekorhaz\" \/>\n<meta property=\"article:modified_time\" content=\"2025-06-04T13:26:07+00:00\" \/>\n<meta property=\"og:image\" content=\"https:\/\/www.szentimrekorhaz.hu\/wp-content\/uploads\/2019\/07\/SORRENDxx.png\" \/>\n\t<meta property=\"og:image:width\" content=\"173\" \/>\n\t<meta property=\"og:image:height\" content=\"65\" \/>\n\t<meta property=\"og:image:type\" content=\"image\/png\" \/>\n<meta name=\"twitter:card\" content=\"summary_large_image\" \/>\n<script type=\"application\/ld+json\" class=\"yoast-schema-graph\">{\"@context\":\"https:\\\/\\\/schema.org\",\"@graph\":[{\"@type\":\"WebPage\",\"@id\":\"https:\\\/\\\/www.szentimrekorhaz.hu\\\/index.php\\\/varolista\\\/\",\"url\":\"https:\\\/\\\/www.szentimrekorhaz.hu\\\/index.php\\\/varolista\\\/\",\"name\":\"V\u00e1r\u00f3lista - D\u00e9l-budai Centrumk\u00f3rh\u00e1z\",\"isPartOf\":{\"@id\":\"https:\\\/\\\/www.szentimrekorhaz.hu\\\/#website\"},\"primaryImageOfPage\":{\"@id\":\"https:\\\/\\\/www.szentimrekorhaz.hu\\\/index.php\\\/varolista\\\/#primaryimage\"},\"image\":{\"@id\":\"https:\\\/\\\/www.szentimrekorhaz.hu\\\/index.php\\\/varolista\\\/#primaryimage\"},\"thumbnailUrl\":\"https:\\\/\\\/www.szentimrekorhaz.hu\\\/wp-content\\\/uploads\\\/2019\\\/07\\\/SORRENDxx.png\",\"datePublished\":\"2019-07-12T09:27:01+00:00\",\"dateModified\":\"2025-06-04T13:26:07+00:00\",\"breadcrumb\":{\"@id\":\"https:\\\/\\\/www.szentimrekorhaz.hu\\\/index.php\\\/varolista\\\/#breadcrumb\"},\"inLanguage\":\"hu\",\"potentialAction\":[{\"@type\":\"ReadAction\",\"target\":[\"https:\\\/\\\/www.szentimrekorhaz.hu\\\/index.php\\\/varolista\\\/\"]}]},{\"@type\":\"ImageObject\",\"inLanguage\":\"hu\",\"@id\":\"https:\\\/\\\/www.szentimrekorhaz.hu\\\/index.php\\\/varolista\\\/#primaryimage\",\"url\":\"https:\\\/\\\/www.szentimrekorhaz.hu\\\/wp-content\\\/uploads\\\/2019\\\/07\\\/SORRENDxx.png\",\"contentUrl\":\"https:\\\/\\\/www.szentimrekorhaz.hu\\\/wp-content\\\/uploads\\\/2019\\\/07\\\/SORRENDxx.png\",\"width\":173,\"height\":65,\"caption\":\"Orsz\u00e1gos online v\u00e1r\u00f3lista ny\u00edlv\u00e1ntart\u00f3 rendszer\"},{\"@type\":\"BreadcrumbList\",\"@id\":\"https:\\\/\\\/www.szentimrekorhaz.hu\\\/index.php\\\/varolista\\\/#breadcrumb\",\"itemListElement\":[{\"@type\":\"ListItem\",\"position\":1,\"name\":\"Home\",\"item\":\"https:\\\/\\\/www.szentimrekorhaz.hu\\\/\"},{\"@type\":\"ListItem\",\"position\":2,\"name\":\"V\u00e1r\u00f3lista\"}]},{\"@type\":\"WebSite\",\"@id\":\"https:\\\/\\\/www.szentimrekorhaz.hu\\\/#website\",\"url\":\"https:\\\/\\\/www.szentimrekorhaz.hu\\\/\",\"name\":\"D\u00e9l-budai Centrumk\u00f3rh\u00e1z Szent Imre Egyetemi Oktat\u00f3k\u00f3rh\u00e1z\",\"description\":\"Szent Imre Egyetemi Oktat\u00f3k\u00f3rh\u00e1z\",\"publisher\":{\"@id\":\"https:\\\/\\\/www.szentimrekorhaz.hu\\\/#organization\"},\"potentialAction\":[{\"@type\":\"SearchAction\",\"target\":{\"@type\":\"EntryPoint\",\"urlTemplate\":\"https:\\\/\\\/www.szentimrekorhaz.hu\\\/?s={search_term_string}\"},\"query-input\":{\"@type\":\"PropertyValueSpecification\",\"valueRequired\":true,\"valueName\":\"search_term_string\"}}],\"inLanguage\":\"hu\"},{\"@type\":\"Organization\",\"@id\":\"https:\\\/\\\/www.szentimrekorhaz.hu\\\/#organization\",\"name\":\"D\u00e9l-budai Centrumk\u00f3rh\u00e1z Szent Imre Egyetemi Oktat\u00f3k\u00f3rh\u00e1z\",\"url\":\"https:\\\/\\\/www.szentimrekorhaz.hu\\\/\",\"logo\":{\"@type\":\"ImageObject\",\"inLanguage\":\"hu\",\"@id\":\"https:\\\/\\\/www.szentimrekorhaz.hu\\\/#\\\/schema\\\/logo\\\/image\\\/\",\"url\":\"https:\\\/\\\/www.szentimrekorhaz.hu\\\/wp-content\\\/uploads\\\/2025\\\/05\\\/cropped-logo.png\",\"contentUrl\":\"https:\\\/\\\/www.szentimrekorhaz.hu\\\/wp-content\\\/uploads\\\/2025\\\/05\\\/cropped-logo.png\",\"width\":577,\"height\":577,\"caption\":\"D\u00e9l-budai Centrumk\u00f3rh\u00e1z Szent Imre Egyetemi Oktat\u00f3k\u00f3rh\u00e1z\"},\"image\":{\"@id\":\"https:\\\/\\\/www.szentimrekorhaz.hu\\\/#\\\/schema\\\/logo\\\/image\\\/\"},\"sameAs\":[\"https:\\\/\\\/www.facebook.com\\\/szentimrekorhaz\",\"https:\\\/\\\/www.instagram.com\\\/szentimrekorhaz\"]}]}<\/script>\n<!-- \/ Yoast SEO plugin. -->","yoast_head_json":{"title":"V\u00e1r\u00f3lista - D\u00e9l-budai Centrumk\u00f3rh\u00e1z","robots":{"index":"index","follow":"follow","max-snippet":"max-snippet:-1","max-image-preview":"max-image-preview:large","max-video-preview":"max-video-preview:-1"},"canonical":"https:\/\/www.szentimrekorhaz.hu\/index.php\/varolista\/","og_locale":"hu_HU","og_type":"article","og_title":"V\u00e1r\u00f3lista - D\u00e9l-budai Centrumk\u00f3rh\u00e1z","og_description":"2012. j\u00falius 1-\u00e9t\u00f5l jogszab\u00e1lyv\u00e1ltoz\u00e1s t\u00f6rt\u00e9nt. Int\u00e9zet\u00fcnk ezut\u00e1n nem vezet semmilyen oszt\u00e1lyos v\u00e1r\u00f3list\u00e1t. A k\u00f6zponti, \u00f6sszes\u00edtett v\u00e1r\u00f3list\u00e1kat az Orsz\u00e1gos Online V\u00e1r\u00f3lista Rendszerben, al\u00e1bbi oldalon tekintheti meg:&hellip;","og_url":"https:\/\/www.szentimrekorhaz.hu\/index.php\/varolista\/","og_site_name":"D\u00e9l-budai Centrumk\u00f3rh\u00e1z","article_publisher":"https:\/\/www.facebook.com\/szentimrekorhaz","article_modified_time":"2025-06-04T13:26:07+00:00","og_image":[{"width":173,"height":65,"url":"https:\/\/www.szentimrekorhaz.hu\/wp-content\/uploads\/2019\/07\/SORRENDxx.png","type":"image\/png"}],"twitter_card":"summary_large_image","schema":{"@context":"https:\/\/schema.org","@graph":[{"@type":"WebPage","@id":"https:\/\/www.szentimrekorhaz.hu\/index.php\/varolista\/","url":"https:\/\/www.szentimrekorhaz.hu\/index.php\/varolista\/","name":"V\u00e1r\u00f3lista - D\u00e9l-budai Centrumk\u00f3rh\u00e1z","isPartOf":{"@id":"https:\/\/www.szentimrekorhaz.hu\/#website"},"primaryImageOfPage":{"@id":"https:\/\/www.szentimrekorhaz.hu\/index.php\/varolista\/#primaryimage"},"image":{"@id":"https:\/\/www.szentimrekorhaz.hu\/index.php\/varolista\/#primaryimage"},"thumbnailUrl":"https:\/\/www.szentimrekorhaz.hu\/wp-content\/uploads\/2019\/07\/SORRENDxx.png","datePublished":"2019-07-12T09:27:01+00:00","dateModified":"2025-06-04T13:26:07+00:00","breadcrumb":{"@id":"https:\/\/www.szentimrekorhaz.hu\/index.php\/varolista\/#breadcrumb"},"inLanguage":"hu","potentialAction":[{"@type":"ReadAction","target":["https:\/\/www.szentimrekorhaz.hu\/index.php\/varolista\/"]}]},{"@type":"ImageObject","inLanguage":"hu","@id":"https:\/\/www.szentimrekorhaz.hu\/index.php\/varolista\/#primaryimage","url":"https:\/\/www.szentimrekorhaz.hu\/wp-content\/uploads\/2019\/07\/SORRENDxx.png","contentUrl":"https:\/\/www.szentimrekorhaz.hu\/wp-content\/uploads\/2019\/07\/SORRENDxx.png","width":173,"height":65,"caption":"Orsz\u00e1gos online v\u00e1r\u00f3lista ny\u00edlv\u00e1ntart\u00f3 rendszer"},{"@type":"BreadcrumbList","@id":"https:\/\/www.szentimrekorhaz.hu\/index.php\/varolista\/#breadcrumb","itemListElement":[{"@type":"ListItem","position":1,"name":"Home","item":"https:\/\/www.szentimrekorhaz.hu\/"},{"@type":"ListItem","position":2,"name":"V\u00e1r\u00f3lista"}]},{"@type":"WebSite","@id":"https:\/\/www.szentimrekorhaz.hu\/#website","url":"https:\/\/www.szentimrekorhaz.hu\/","name":"D\u00e9l-budai Centrumk\u00f3rh\u00e1z Szent Imre Egyetemi Oktat\u00f3k\u00f3rh\u00e1z","description":"Szent Imre Egyetemi Oktat\u00f3k\u00f3rh\u00e1z","publisher":{"@id":"https:\/\/www.szentimrekorhaz.hu\/#organization"},"potentialAction":[{"@type":"SearchAction","target":{"@type":"EntryPoint","urlTemplate":"https:\/\/www.szentimrekorhaz.hu\/?s={search_term_string}"},"query-input":{"@type":"PropertyValueSpecification","valueRequired":true,"valueName":"search_term_string"}}],"inLanguage":"hu"},{"@type":"Organization","@id":"https:\/\/www.szentimrekorhaz.hu\/#organization","name":"D\u00e9l-budai Centrumk\u00f3rh\u00e1z Szent Imre Egyetemi Oktat\u00f3k\u00f3rh\u00e1z","url":"https:\/\/www.szentimrekorhaz.hu\/","logo":{"@type":"ImageObject","inLanguage":"hu","@id":"https:\/\/www.szentimrekorhaz.hu\/#\/schema\/logo\/image\/","url":"https:\/\/www.szentimrekorhaz.hu\/wp-content\/uploads\/2025\/05\/cropped-logo.png","contentUrl":"https:\/\/www.szentimrekorhaz.hu\/wp-content\/uploads\/2025\/05\/cropped-logo.png","width":577,"height":577,"caption":"D\u00e9l-budai Centrumk\u00f3rh\u00e1z Szent Imre Egyetemi Oktat\u00f3k\u00f3rh\u00e1z"},"image":{"@id":"https:\/\/www.szentimrekorhaz.hu\/#\/schema\/logo\/image\/"},"sameAs":["https:\/\/www.facebook.com\/szentimrekorhaz","https:\/\/www.instagram.com\/szentimrekorhaz"]}]}},"uagb_featured_image_src":{"full":["https:\/\/www.szentimrekorhaz.hu\/wp-content\/uploads\/2019\/07\/SORRENDxx.png",173,65,false],"thumbnail":["https:\/\/www.szentimrekorhaz.hu\/wp-content\/uploads\/2019\/07\/SORRENDxx-150x65.png",150,65,true],"medium":["https:\/\/www.szentimrekorhaz.hu\/wp-content\/uploads\/2019\/07\/SORRENDxx.png",173,65,false],"medium_large":["https:\/\/www.szentimrekorhaz.hu\/wp-content\/uploads\/2019\/07\/SORRENDxx.png",173,65,false],"large":["https:\/\/www.szentimrekorhaz.hu\/wp-content\/uploads\/2019\/07\/SORRENDxx.png",173,65,false],"1536x1536":["https:\/\/www.szentimrekorhaz.hu\/wp-content\/uploads\/2019\/07\/SORRENDxx.png",173,65,false],"2048x2048":["https:\/\/www.szentimrekorhaz.hu\/wp-content\/uploads\/2019\/07\/SORRENDxx.png",173,65,false],"410x410":["https:\/\/www.szentimrekorhaz.hu\/wp-content\/uploads\/2019\/07\/SORRENDxx.png",173,65,false]},"uagb_author_info":{"display_name":"Bal\u00f3 \u00c1d\u00e1m","author_link":"https:\/\/www.szentimrekorhaz.hu\/index.php\/author\/balo\/"},"uagb_comment_info":0,"uagb_excerpt":"2012. j\u00falius 1-\u00e9t\u00f5l jogszab\u00e1lyv\u00e1ltoz\u00e1s t\u00f6rt\u00e9nt. Int\u00e9zet\u00fcnk ezut\u00e1n nem vezet semmilyen oszt\u00e1lyos v\u00e1r\u00f3list\u00e1t. A k\u00f6zponti, \u00f6sszes\u00edtett v\u00e1r\u00f3list\u00e1kat az Orsz\u00e1gos Online V\u00e1r\u00f3lista Rendszerben, al\u00e1bbi oldalon tekintheti meg:&hellip;","post_type":"page","author_name":"Bal\u00f3 \u00c1d\u00e1m","_links":{"self":[{"href":"https:\/\/www.szentimrekorhaz.hu\/index.php\/wp-json\/wp\/v2\/pages\/507","targetHints":{"allow":["GET"]}}],"collection":[{"href":"https:\/\/www.szentimrekorhaz.hu\/index.php\/wp-json\/wp\/v2\/pages"}],"about":[{"href":"https:\/\/www.szentimrekorhaz.hu\/index.php\/wp-json\/wp\/v2\/types\/page"}],"author":[{"embeddable":true,"href":"https:\/\/www.szentimrekorhaz.hu\/index.php\/wp-json\/wp\/v2\/users\/2"}],"replies":[{"embeddable":true,"href":"https:\/\/www.szentimrekorhaz.hu\/index.php\/wp-json\/wp\/v2\/comments?post=507"}],"version-history":[{"count":2,"href":"https:\/\/www.szentimrekorhaz.hu\/index.php\/wp-json\/wp\/v2\/pages\/507\/revisions"}],"predecessor-version":[{"id":1275,"href":"https:\/\/www.szentimrekorhaz.hu\/index.php\/wp-json\/wp\/v2\/pages\/507\/revisions\/1275"}],"wp:featuredmedia":[{"embeddable":true,"href":"https:\/\/www.szentimrekorhaz.hu\/index.php\/wp-json\/wp\/v2\/media\/506"}],"wp:attachment":[{"href":"https:\/\/www.szentimrekorhaz.hu\/index.php\/wp-json\/wp\/v2\/media?parent=507"}],"wp:term":[{"taxonomy":"category","embeddable":true,"href":"https:\/\/www.szentimrekorhaz.hu\/index.php\/wp-json\/wp\/v2\/categories?post=507"},{"taxonomy":"post_tag","embeddable":true,"href":"https:\/\/www.szentimrekorhaz.hu\/index.php\/wp-json\/wp\/v2\/tags?post=507"}],"curies":[{"name":"wp","href":"https:\/\/api.w.org\/{rel}","templated":true}]}}