{"id":668,"date":"2024-02-15T13:59:55","date_gmt":"2024-02-15T12:59:55","guid":{"rendered":"http:\/\/localhost\/index.php\/tajekoztatas-a-ngyogyaszati-es-szueleszeti-osztaly-mkoedesevel-kapcsolatban\/"},"modified":"2025-05-29T08:49:08","modified_gmt":"2025-05-29T06:49:08","slug":"tajekoztatas-a-ngyogyaszati-es-szueleszeti-osztaly-mkoedesevel-kapcsolatban","status":"publish","type":"page","link":"https:\/\/www.szentimrekorhaz.hu\/index.php\/tajekoztatas-a-ngyogyaszati-es-szueleszeti-osztaly-mkoedesevel-kapcsolatban\/","title":{"rendered":"T\u00e1j\u00e9koztat\u00e1s a N\u0151gy\u00f3gy\u00e1szati \u00e9s Sz\u00fcl\u00e9szeti Oszt\u00e1ly m\u0171k\u00f6d\u00e9s\u00e9vel kapcsolatban"},"content":{"rendered":"<p>\n\tA D\u00e9l-budai Centrumk\u00f3rh\u00e1z Szent Imre Egyetemi Oktat\u00f3k\u00f3rh\u00e1z Sz\u00fcl\u00e9szeti- \u00e9s N\u0151gy\u00f3gy\u00e1szati Oszt\u00e1ly\u00e1nak az al\u00e1bbi felt\u00e9telek fenn\u00e1ll\u00e1sa eset\u00e9n \u00e1ll m\u00f3dj\u00e1ban a vaj\u00fad\u00e1s \u00e9s a sz\u00fcl\u00e9s alatt a <u>k\u00eds\u00e9r\u0151 jelenl\u00e9te mellett<\/u> a d\u00fala jelenl\u00e9t\u00e9hez is hozz\u00e1j\u00e1rulni <u>a ter\u00fcleti ell\u00e1t\u00e1si k\u00f6telezetts\u00e9g\u00e9hez tartoz\u00f3<\/u> kismam\u00e1k vonatkoz\u00e1s\u00e1ban a biztons\u00e1gos betegell\u00e1t\u00e1s \u00e9rdek\u00e9ben:<\/p>\n<p>\n\t\u2022\u00a0\u00a0\u00a0\u00a0\u00a0\u00a0\u00a0 a d\u00fala k\u00f6teles igazolni szakk\u00e9pzetts\u00e9g\u00e9t, az azt igazol\u00f3 dokumentumot bemutatja;<\/p>\n<p>\n\t\u2022\u00a0\u00a0\u00a0\u00a0\u00a0\u00a0\u00a0 a sz\u00fcl\u0151 n\u0151 tudom\u00e1sul veszi, hogy amennyiben a k\u00eds\u00e9r\u0151k jelenl\u00e9te b\u00e1rmilyen szempontb\u00f3l, illetve orvosszakmai v\u00e9lem\u00e9ny szerint akad\u00e1lyozza, illetve vesz\u00e9lyezteti a biztons\u00e1gos sz\u00fcl\u00e9szeti ell\u00e1t\u00e1st, vagy annak zavartalans\u00e1g\u00e1t, a k\u00eds\u00e9r\u0151k a sz\u00fcl\u00e9st levezet\u0151 eg\u00e9szs\u00e9g\u00fcgyi szem\u00e9lyzet felsz\u00f3l\u00edt\u00e1s\u00e1ra halad\u00e9ktalanul k\u00f6telesek t\u00e1vozni a sz\u00fcl\u0151szob\u00e1r\u00f3l, a tov\u00e1bbiakban a v\u00e1r\u00f3ban tart\u00f3zkodhatnak, \u00e9s erre a sz\u00fcl\u0151 n\u0151 is k\u00f6teles megk\u00e9rni a k\u00eds\u00e9r\u0151ket a szakszem\u00e9lyzet felh\u00edv\u00e1s\u00e1val egyez\u0151en,<\/p>\n<p>\n\t\u2022\u00a0\u00a0\u00a0\u00a0\u00a0\u00a0\u00a0 a d\u00fala tudom\u00e1sul veszi \u2013a d\u00fal\u00e1k \u00e1ltal elfogadott \u00e9s tan\u00fas\u00edtott \u00e9rt\u00e9krenddel, etikai alapelvekkel \u00f6sszhangban \u2013, hogy a vaj\u00fad\u00e1s \u00e9s a sz\u00fcl\u00e9s sor\u00e1n nem helyettes\u00edti a szakszem\u00e9lyzetet, nem v\u00e9gezhet vizsg\u00e1latokat, klinikai feladatokat, szerepe kiz\u00e1r\u00f3lag a sz\u00fcl\u0151 n\u0151 \u00e9rzelmi t\u00e1mogat\u00e1s\u00e1ban nyilv\u00e1nulhat meg, a sz\u00fcl\u00e9s alatt nem vehet r\u00e9sz sem a sz\u00fcl\u0151 n\u0151, sem a k\u00f3rh\u00e1zi szem\u00e9lyzet d\u00f6nt\u00e9shozatal\u00e1ban.\u00a0\u00a0<\/p>\n<p>\n\tA K\u00f3rh\u00e1z a sz\u00fcl\u0151 n\u0151 \u00e9s a d\u00fala r\u00e9sz\u00e9re biztos\u00edtja annak lehet\u0151s\u00e9g\u00e9t, hogy nyilatkozatukat szem\u00e9lyesen tegy\u00e9k meg, valamint a d\u00fala szakk\u00e9pzetts\u00e9g\u00e9t szem\u00e9lyesen igazolja a sz\u00fcl\u00e9st megel\u0151z\u0151en a K\u00f3rh\u00e1z N\u0151gy\u00f3gy\u00e1szati- \u00e9s Sz\u00fcl\u00e9szeti Oszt\u00e1lyos Irod\u00e1j\u00e1n munkanapokon 7-15 \u00f3ra k\u00f6z\u00f6tt. A nyilatkozatok megt\u00e9tel\u00e9re a K\u00f3rh\u00e1z rendszeres\u00edtett formanyomtatv\u00e1nyain van lehet\u0151s\u00e9g. Amennyiben a d\u00fala szakk\u00e9pzetts\u00e9g\u00e9t nem igazolj\u00e1k, valamint a sz\u00fcl\u0151 n\u0151 \u00e9s a d\u00fala nem teszi meg a sz\u00fcks\u00e9ges nyilatkozatokat legk\u00e9s\u0151bb a sz\u00fcl\u0151szob\u00e1ra t\u00f6rt\u00e9n\u0151 felv\u00e9telkor, abban az esetben a d\u00fala k\u00eds\u00e9r\u0151 melletti jelenl\u00e9t\u00e9hez a K\u00f3rh\u00e1znak nem \u00e1ll m\u00f3dj\u00e1ban hozz\u00e1j\u00e1rulni!<\/p>\n<p>\n\t\u00a0<\/p>\n\n\n\n\t<div class=\"dkpdf-button-container\" style=\"            text-align:right \">\n\n\t\t<a class=\"dkpdf-button\" href=\"\/index.php\/wp-json\/wp\/v2\/pages\/668?pdf=668\" target=\"_blank\"><span class=\"dkpdf-button-icon\"><i class=\"fa fa-file-pdf-o\"><\/i><\/span> Let\u00f6lt\u00e9s<\/a>\n\n\t<\/div>\n\n\n\n\n\n<!-- PMB print buttons is only displayed on a single post\/page URLs-->","protected":false},"excerpt":{"rendered":"<p>A D\u00e9l-budai Centrumk\u00f3rh\u00e1z Szent Imre Egyetemi Oktat\u00f3k\u00f3rh\u00e1z Sz\u00fcl\u00e9szeti- \u00e9s N\u0151gy\u00f3gy\u00e1szati Oszt\u00e1ly\u00e1nak az al\u00e1bbi felt\u00e9telek fenn\u00e1ll\u00e1sa eset\u00e9n \u00e1ll m\u00f3dj\u00e1ban a vaj\u00fad\u00e1s \u00e9s a sz\u00fcl\u00e9s alatt a&hellip;<\/p>\n","protected":false},"author":4,"featured_media":0,"parent":0,"menu_order":7,"comment_status":"closed","ping_status":"closed","template":"","meta":{"_acf_changed":false,"_uag_custom_page_level_css":"","footnotes":""},"categories":[37],"tags":[],"class_list":["post-668","page","type-page","status-publish","hentry","category-cimlaphirek"],"acf":[],"yoast_head":"<!-- This site is optimized with the Yoast SEO plugin v28.2 - https:\/\/yoast.com\/product\/yoast-seo-wordpress\/ -->\n<title>T\u00e1j\u00e9koztat\u00e1s a N\u0151gy\u00f3gy\u00e1szati \u00e9s Sz\u00fcl\u00e9szeti Oszt\u00e1ly m\u0171k\u00f6d\u00e9s\u00e9vel kapcsolatban - D\u00e9l-budai Centrumk\u00f3rh\u00e1z<\/title>\n<meta name=\"robots\" content=\"index, follow, max-snippet:-1, max-image-preview:large, max-video-preview:-1\" \/>\n<link rel=\"canonical\" href=\"https:\/\/www.szentimrekorhaz.hu\/index.php\/tajekoztatas-a-ngyogyaszati-es-szueleszeti-osztaly-mkoedesevel-kapcsolatban\/\" \/>\n<meta property=\"og:locale\" content=\"hu_HU\" \/>\n<meta property=\"og:type\" content=\"article\" \/>\n<meta property=\"og:title\" content=\"T\u00e1j\u00e9koztat\u00e1s a N\u0151gy\u00f3gy\u00e1szati \u00e9s Sz\u00fcl\u00e9szeti Oszt\u00e1ly m\u0171k\u00f6d\u00e9s\u00e9vel kapcsolatban - D\u00e9l-budai Centrumk\u00f3rh\u00e1z\" \/>\n<meta property=\"og:description\" content=\"A D\u00e9l-budai Centrumk\u00f3rh\u00e1z Szent Imre Egyetemi Oktat\u00f3k\u00f3rh\u00e1z Sz\u00fcl\u00e9szeti- \u00e9s N\u0151gy\u00f3gy\u00e1szati Oszt\u00e1ly\u00e1nak az al\u00e1bbi felt\u00e9telek fenn\u00e1ll\u00e1sa eset\u00e9n \u00e1ll m\u00f3dj\u00e1ban a vaj\u00fad\u00e1s \u00e9s a sz\u00fcl\u00e9s alatt a&hellip;\" \/>\n<meta property=\"og:url\" content=\"https:\/\/www.szentimrekorhaz.hu\/index.php\/tajekoztatas-a-ngyogyaszati-es-szueleszeti-osztaly-mkoedesevel-kapcsolatban\/\" \/>\n<meta property=\"og:site_name\" content=\"D\u00e9l-budai Centrumk\u00f3rh\u00e1z\" \/>\n<meta property=\"article:publisher\" content=\"https:\/\/www.facebook.com\/szentimrekorhaz\" \/>\n<meta property=\"article:modified_time\" content=\"2025-05-29T06:49:08+00:00\" \/>\n<meta name=\"twitter:card\" content=\"summary_large_image\" \/>\n<meta name=\"twitter:label1\" content=\"Est. reading time\" \/>\n\t<meta name=\"twitter:data1\" content=\"3 perc\" \/>\n<script type=\"application\/ld+json\" class=\"yoast-schema-graph\">{\"@context\":\"https:\\\/\\\/schema.org\",\"@graph\":[{\"@type\":\"WebPage\",\"@id\":\"https:\\\/\\\/www.szentimrekorhaz.hu\\\/index.php\\\/tajekoztatas-a-ngyogyaszati-es-szueleszeti-osztaly-mkoedesevel-kapcsolatban\\\/\",\"url\":\"https:\\\/\\\/www.szentimrekorhaz.hu\\\/index.php\\\/tajekoztatas-a-ngyogyaszati-es-szueleszeti-osztaly-mkoedesevel-kapcsolatban\\\/\",\"name\":\"T\u00e1j\u00e9koztat\u00e1s a N\u0151gy\u00f3gy\u00e1szati \u00e9s Sz\u00fcl\u00e9szeti Oszt\u00e1ly m\u0171k\u00f6d\u00e9s\u00e9vel kapcsolatban - D\u00e9l-budai Centrumk\u00f3rh\u00e1z\",\"isPartOf\":{\"@id\":\"https:\\\/\\\/www.szentimrekorhaz.hu\\\/#website\"},\"datePublished\":\"2024-02-15T12:59:55+00:00\",\"dateModified\":\"2025-05-29T06:49:08+00:00\",\"breadcrumb\":{\"@id\":\"https:\\\/\\\/www.szentimrekorhaz.hu\\\/index.php\\\/tajekoztatas-a-ngyogyaszati-es-szueleszeti-osztaly-mkoedesevel-kapcsolatban\\\/#breadcrumb\"},\"inLanguage\":\"hu\",\"potentialAction\":[{\"@type\":\"ReadAction\",\"target\":[\"https:\\\/\\\/www.szentimrekorhaz.hu\\\/index.php\\\/tajekoztatas-a-ngyogyaszati-es-szueleszeti-osztaly-mkoedesevel-kapcsolatban\\\/\"]}]},{\"@type\":\"BreadcrumbList\",\"@id\":\"https:\\\/\\\/www.szentimrekorhaz.hu\\\/index.php\\\/tajekoztatas-a-ngyogyaszati-es-szueleszeti-osztaly-mkoedesevel-kapcsolatban\\\/#breadcrumb\",\"itemListElement\":[{\"@type\":\"ListItem\",\"position\":1,\"name\":\"Home\",\"item\":\"https:\\\/\\\/www.szentimrekorhaz.hu\\\/\"},{\"@type\":\"ListItem\",\"position\":2,\"name\":\"T\u00e1j\u00e9koztat\u00e1s a N\u0151gy\u00f3gy\u00e1szati \u00e9s Sz\u00fcl\u00e9szeti Oszt\u00e1ly m\u0171k\u00f6d\u00e9s\u00e9vel kapcsolatban\"}]},{\"@type\":\"WebSite\",\"@id\":\"https:\\\/\\\/www.szentimrekorhaz.hu\\\/#website\",\"url\":\"https:\\\/\\\/www.szentimrekorhaz.hu\\\/\",\"name\":\"D\u00e9l-budai Centrumk\u00f3rh\u00e1z Szent Imre Egyetemi Oktat\u00f3k\u00f3rh\u00e1z\",\"description\":\"Szent Imre Egyetemi Oktat\u00f3k\u00f3rh\u00e1z\",\"publisher\":{\"@id\":\"https:\\\/\\\/www.szentimrekorhaz.hu\\\/#organization\"},\"potentialAction\":[{\"@type\":\"SearchAction\",\"target\":{\"@type\":\"EntryPoint\",\"urlTemplate\":\"https:\\\/\\\/www.szentimrekorhaz.hu\\\/?s={search_term_string}\"},\"query-input\":{\"@type\":\"PropertyValueSpecification\",\"valueRequired\":true,\"valueName\":\"search_term_string\"}}],\"inLanguage\":\"hu\"},{\"@type\":\"Organization\",\"@id\":\"https:\\\/\\\/www.szentimrekorhaz.hu\\\/#organization\",\"name\":\"D\u00e9l-budai Centrumk\u00f3rh\u00e1z Szent Imre Egyetemi Oktat\u00f3k\u00f3rh\u00e1z\",\"url\":\"https:\\\/\\\/www.szentimrekorhaz.hu\\\/\",\"logo\":{\"@type\":\"ImageObject\",\"inLanguage\":\"hu\",\"@id\":\"https:\\\/\\\/www.szentimrekorhaz.hu\\\/#\\\/schema\\\/logo\\\/image\\\/\",\"url\":\"https:\\\/\\\/www.szentimrekorhaz.hu\\\/wp-content\\\/uploads\\\/2025\\\/05\\\/cropped-logo.png\",\"contentUrl\":\"https:\\\/\\\/www.szentimrekorhaz.hu\\\/wp-content\\\/uploads\\\/2025\\\/05\\\/cropped-logo.png\",\"width\":577,\"height\":577,\"caption\":\"D\u00e9l-budai Centrumk\u00f3rh\u00e1z Szent Imre Egyetemi Oktat\u00f3k\u00f3rh\u00e1z\"},\"image\":{\"@id\":\"https:\\\/\\\/www.szentimrekorhaz.hu\\\/#\\\/schema\\\/logo\\\/image\\\/\"},\"sameAs\":[\"https:\\\/\\\/www.facebook.com\\\/szentimrekorhaz\",\"https:\\\/\\\/www.instagram.com\\\/szentimrekorhaz\"]}]}<\/script>\n<!-- \/ Yoast SEO plugin. -->","yoast_head_json":{"title":"T\u00e1j\u00e9koztat\u00e1s a N\u0151gy\u00f3gy\u00e1szati \u00e9s Sz\u00fcl\u00e9szeti Oszt\u00e1ly m\u0171k\u00f6d\u00e9s\u00e9vel kapcsolatban - D\u00e9l-budai Centrumk\u00f3rh\u00e1z","robots":{"index":"index","follow":"follow","max-snippet":"max-snippet:-1","max-image-preview":"max-image-preview:large","max-video-preview":"max-video-preview:-1"},"canonical":"https:\/\/www.szentimrekorhaz.hu\/index.php\/tajekoztatas-a-ngyogyaszati-es-szueleszeti-osztaly-mkoedesevel-kapcsolatban\/","og_locale":"hu_HU","og_type":"article","og_title":"T\u00e1j\u00e9koztat\u00e1s a N\u0151gy\u00f3gy\u00e1szati \u00e9s Sz\u00fcl\u00e9szeti Oszt\u00e1ly m\u0171k\u00f6d\u00e9s\u00e9vel kapcsolatban - D\u00e9l-budai Centrumk\u00f3rh\u00e1z","og_description":"A D\u00e9l-budai Centrumk\u00f3rh\u00e1z Szent Imre Egyetemi Oktat\u00f3k\u00f3rh\u00e1z Sz\u00fcl\u00e9szeti- \u00e9s N\u0151gy\u00f3gy\u00e1szati Oszt\u00e1ly\u00e1nak az al\u00e1bbi felt\u00e9telek fenn\u00e1ll\u00e1sa eset\u00e9n \u00e1ll m\u00f3dj\u00e1ban a vaj\u00fad\u00e1s \u00e9s a sz\u00fcl\u00e9s alatt a&hellip;","og_url":"https:\/\/www.szentimrekorhaz.hu\/index.php\/tajekoztatas-a-ngyogyaszati-es-szueleszeti-osztaly-mkoedesevel-kapcsolatban\/","og_site_name":"D\u00e9l-budai Centrumk\u00f3rh\u00e1z","article_publisher":"https:\/\/www.facebook.com\/szentimrekorhaz","article_modified_time":"2025-05-29T06:49:08+00:00","twitter_card":"summary_large_image","twitter_misc":{"Est. reading time":"3 perc"},"schema":{"@context":"https:\/\/schema.org","@graph":[{"@type":"WebPage","@id":"https:\/\/www.szentimrekorhaz.hu\/index.php\/tajekoztatas-a-ngyogyaszati-es-szueleszeti-osztaly-mkoedesevel-kapcsolatban\/","url":"https:\/\/www.szentimrekorhaz.hu\/index.php\/tajekoztatas-a-ngyogyaszati-es-szueleszeti-osztaly-mkoedesevel-kapcsolatban\/","name":"T\u00e1j\u00e9koztat\u00e1s a N\u0151gy\u00f3gy\u00e1szati \u00e9s Sz\u00fcl\u00e9szeti Oszt\u00e1ly m\u0171k\u00f6d\u00e9s\u00e9vel kapcsolatban - D\u00e9l-budai Centrumk\u00f3rh\u00e1z","isPartOf":{"@id":"https:\/\/www.szentimrekorhaz.hu\/#website"},"datePublished":"2024-02-15T12:59:55+00:00","dateModified":"2025-05-29T06:49:08+00:00","breadcrumb":{"@id":"https:\/\/www.szentimrekorhaz.hu\/index.php\/tajekoztatas-a-ngyogyaszati-es-szueleszeti-osztaly-mkoedesevel-kapcsolatban\/#breadcrumb"},"inLanguage":"hu","potentialAction":[{"@type":"ReadAction","target":["https:\/\/www.szentimrekorhaz.hu\/index.php\/tajekoztatas-a-ngyogyaszati-es-szueleszeti-osztaly-mkoedesevel-kapcsolatban\/"]}]},{"@type":"BreadcrumbList","@id":"https:\/\/www.szentimrekorhaz.hu\/index.php\/tajekoztatas-a-ngyogyaszati-es-szueleszeti-osztaly-mkoedesevel-kapcsolatban\/#breadcrumb","itemListElement":[{"@type":"ListItem","position":1,"name":"Home","item":"https:\/\/www.szentimrekorhaz.hu\/"},{"@type":"ListItem","position":2,"name":"T\u00e1j\u00e9koztat\u00e1s a N\u0151gy\u00f3gy\u00e1szati \u00e9s Sz\u00fcl\u00e9szeti Oszt\u00e1ly m\u0171k\u00f6d\u00e9s\u00e9vel kapcsolatban"}]},{"@type":"WebSite","@id":"https:\/\/www.szentimrekorhaz.hu\/#website","url":"https:\/\/www.szentimrekorhaz.hu\/","name":"D\u00e9l-budai Centrumk\u00f3rh\u00e1z Szent Imre Egyetemi Oktat\u00f3k\u00f3rh\u00e1z","description":"Szent Imre Egyetemi Oktat\u00f3k\u00f3rh\u00e1z","publisher":{"@id":"https:\/\/www.szentimrekorhaz.hu\/#organization"},"potentialAction":[{"@type":"SearchAction","target":{"@type":"EntryPoint","urlTemplate":"https:\/\/www.szentimrekorhaz.hu\/?s={search_term_string}"},"query-input":{"@type":"PropertyValueSpecification","valueRequired":true,"valueName":"search_term_string"}}],"inLanguage":"hu"},{"@type":"Organization","@id":"https:\/\/www.szentimrekorhaz.hu\/#organization","name":"D\u00e9l-budai Centrumk\u00f3rh\u00e1z Szent Imre Egyetemi Oktat\u00f3k\u00f3rh\u00e1z","url":"https:\/\/www.szentimrekorhaz.hu\/","logo":{"@type":"ImageObject","inLanguage":"hu","@id":"https:\/\/www.szentimrekorhaz.hu\/#\/schema\/logo\/image\/","url":"https:\/\/www.szentimrekorhaz.hu\/wp-content\/uploads\/2025\/05\/cropped-logo.png","contentUrl":"https:\/\/www.szentimrekorhaz.hu\/wp-content\/uploads\/2025\/05\/cropped-logo.png","width":577,"height":577,"caption":"D\u00e9l-budai Centrumk\u00f3rh\u00e1z Szent Imre Egyetemi Oktat\u00f3k\u00f3rh\u00e1z"},"image":{"@id":"https:\/\/www.szentimrekorhaz.hu\/#\/schema\/logo\/image\/"},"sameAs":["https:\/\/www.facebook.com\/szentimrekorhaz","https:\/\/www.instagram.com\/szentimrekorhaz"]}]}},"uagb_featured_image_src":{"full":false,"thumbnail":false,"medium":false,"medium_large":false,"large":false,"1536x1536":false,"2048x2048":false,"410x410":false},"uagb_author_info":{"display_name":"Informatikai csoport","author_link":"https:\/\/www.szentimrekorhaz.hu\/index.php\/author\/infocsop\/"},"uagb_comment_info":0,"uagb_excerpt":"A D\u00e9l-budai Centrumk\u00f3rh\u00e1z Szent Imre Egyetemi Oktat\u00f3k\u00f3rh\u00e1z Sz\u00fcl\u00e9szeti- \u00e9s N\u0151gy\u00f3gy\u00e1szati Oszt\u00e1ly\u00e1nak az al\u00e1bbi felt\u00e9telek fenn\u00e1ll\u00e1sa eset\u00e9n \u00e1ll m\u00f3dj\u00e1ban a vaj\u00fad\u00e1s \u00e9s a sz\u00fcl\u00e9s alatt a&hellip;","post_type":"page","author_name":"Informatikai csoport","_links":{"self":[{"href":"https:\/\/www.szentimrekorhaz.hu\/index.php\/wp-json\/wp\/v2\/pages\/668","targetHints":{"allow":["GET"]}}],"collection":[{"href":"https:\/\/www.szentimrekorhaz.hu\/index.php\/wp-json\/wp\/v2\/pages"}],"about":[{"href":"https:\/\/www.szentimrekorhaz.hu\/index.php\/wp-json\/wp\/v2\/types\/page"}],"author":[{"embeddable":true,"href":"https:\/\/www.szentimrekorhaz.hu\/index.php\/wp-json\/wp\/v2\/users\/4"}],"replies":[{"embeddable":true,"href":"https:\/\/www.szentimrekorhaz.hu\/index.php\/wp-json\/wp\/v2\/comments?post=668"}],"version-history":[{"count":1,"href":"https:\/\/www.szentimrekorhaz.hu\/index.php\/wp-json\/wp\/v2\/pages\/668\/revisions"}],"predecessor-version":[{"id":1080,"href":"https:\/\/www.szentimrekorhaz.hu\/index.php\/wp-json\/wp\/v2\/pages\/668\/revisions\/1080"}],"wp:attachment":[{"href":"https:\/\/www.szentimrekorhaz.hu\/index.php\/wp-json\/wp\/v2\/media?parent=668"}],"wp:term":[{"taxonomy":"category","embeddable":true,"href":"https:\/\/www.szentimrekorhaz.hu\/index.php\/wp-json\/wp\/v2\/categories?post=668"},{"taxonomy":"post_tag","embeddable":true,"href":"https:\/\/www.szentimrekorhaz.hu\/index.php\/wp-json\/wp\/v2\/tags?post=668"}],"curies":[{"name":"wp","href":"https:\/\/api.w.org\/{rel}","templated":true}]}}