{"id":694,"date":"2025-02-25T09:16:21","date_gmt":"2025-02-25T08:16:21","guid":{"rendered":"http:\/\/localhost\/index.php\/klinikaionkologiaszakambulancia\/"},"modified":"2025-11-17T08:46:12","modified_gmt":"2025-11-17T07:46:12","slug":"klinikaionkologiaszakambulancia","status":"publish","type":"page","link":"https:\/\/www.szentimrekorhaz.hu\/index.php\/klinikaionkologiaszakambulancia\/","title":{"rendered":"Klinikai Onkol\u00f3gia Szakambulancia"},"content":{"rendered":"<div><\/div>\n<div><strong>Oszt\u00e1lyvezet\u0151 f\u0151orvos:<\/strong> Dr. Nagy Zsuzsanna PhD.<\/div>\n<div><strong>\u00c1pol\u00e1si egys\u00e9gvezet\u0151 f\u0151n\u0151v\u00e9r:<\/strong> Tornyai Nikolett<\/div>\n<div><u><strong>Telefon:<\/strong><\/u> +36 1 464 8600\/1716 mell\u00e9k<\/div>\n<div><u><strong>E-mail:<\/strong><\/u>\u00a0 onkologia@szentimrekorhaz.hu<\/div>\n<div><\/div>\n<div>\n<table style=\"width: 840px;\" border=\"1\" cellspacing=\"1\" cellpadding=\"1\">\n<tbody>\n<tr>\n<td><strong>Ambulancia megnevez\u00e9se<\/strong><\/td>\n<td style=\"width: 86px;\"><strong>Rendel\u00e9s helye<\/strong><\/td>\n<td style=\"width: 130px;\" colspan=\"2\"><strong>Rendel\u00e9s ideje<\/strong><\/td>\n<td style=\"width: 159px;\"><strong>Rendel\u00e9st v\u00e9gz\u0151 orvos<\/strong><\/td>\n<td style=\"width: 68px;\"><strong>Telefonsz\u00e1m<\/strong><\/td>\n<td style=\"width: 279px;\"><strong>Fontos tudnval\u00f3k<\/strong><\/td>\n<\/tr>\n<tr>\n<td rowspan=\"5\"><strong>Klinikai Onkol\u00f3gia Szakambulancia<\/strong><\/td>\n<td style=\"width: 86px;\" rowspan=\"5\">\n<div><strong>B\u00e1rtfai utca. \u201eR\u201d \u00e9p\u00fclet <\/strong><\/div>\n<div><strong>I. em. 1.14.<\/strong><\/div>\n<\/td>\n<td style=\"width: 46px;\">H\u00e9tf\u0151<\/td>\n<td style=\"width: 81px;\">11:00-16:00<\/td>\n<td style=\"width: 159px;\">Dr. Valtinyi Dorottya<\/td>\n<td style=\"width: 68px;\" rowspan=\"5\">36 1 464 8600\/1716<\/td>\n<td style=\"width: 279px;\" rowspan=\"5\">onkologia@szentimrekorhaz.huMunkanapokon 11:00 \u2013 14:30- k\u00f6z\u00f6tt a Szakambulancia mell\u00e9k\u00e9n.\n<p><strong>K\u00e9rj\u00fck, a hossz\u00fa v\u00e1rakoz\u00e1s elker\u00fcl\u00e9se \u00e9rdek\u00e9ben az egyeztetett id\u0151pontban jelenjen meg Szakambulanci\u00e1nkon!<\/strong><\/p><\/td>\n<\/tr>\n<tr>\n<td style=\"width: 46px;\">Kedd<\/td>\n<td style=\"width: 81px;\">11:00-16:00<\/td>\n<td style=\"width: 159px;\">Dr. \u00c1rvay T\u00fcnde Ilona<\/td>\n<\/tr>\n<tr>\n<td style=\"width: 46px;\">Szerda<\/td>\n<td style=\"width: 81px;\">11:00-16:00<\/td>\n<td style=\"width: 159px;\">Dr. Sipos Norbert Ferenc<\/td>\n<\/tr>\n<tr>\n<td style=\"width: 46px;\">Cs\u00fct\u00f6rt\u00f6k<\/td>\n<td style=\"width: 81px;\">11:00-16:00<\/td>\n<td style=\"width: 159px;\">Dr. Szkukalek Judita<\/td>\n<\/tr>\n<tr>\n<td style=\"width: 46px;\">P\u00e9ntek<\/td>\n<td style=\"width: 81px;\">11:00-16:00<\/td>\n<td style=\"width: 159px;\">Dr. Salfer Eszter<\/td>\n<\/tr>\n<\/tbody>\n<\/table>\n<\/div>\n<div><\/div>\n<div><strong>Szakambulanci\u00e1nkon ell\u00e1tott betegek:<\/strong><\/div>\n<div>\u2013 ismert daganatos betegek gondoz\u00e1sa<\/div>\n<div>\u2013 daganatos betegs\u00e9g gyan\u00faja eset\u00e9n t\u00f6rt\u00e9n\u0151 kivizsg\u00e1l\u00e1s- kiz\u00e1r\u00f3lag Szakambulanci\u00e1nk orvos\u00e1val t\u00f6rt\u00e9nt egyeztet\u00e9st alapj\u00e1n<\/div>\n<div><strong>Ell\u00e1t\u00e1shoz beutal\u00f3 nem sz\u00fcks\u00e9ges.<\/strong><\/div>\n<div><u>K\u00e9rj\u00fck, Szakambulanci\u00e1nkon t\u00f6rt\u00e9n\u0151 els\u0151 megjelen\u00e9skor hozza mag\u00e1val eg\u00e9szs\u00e9g\u00fcgyi dokument\u00e1ci\u00f3j\u00e1t!\u00a0<\/u><\/div>\n<div><u>Oszt\u00e1lyunkon kor\u00e1bban kezelt, illetve Szakambulanci\u00e1nkon gondozott beteg csak az utols\u00f3 megjelen\u00e9s \u00f3ta t\u00f6rt\u00e9nt vizsg\u00e1latok leleteit\/eredm\u00e9nyeit hozza mag\u00e1val.\u00a0<\/u><\/div>\n<div><strong>Panaszmentess\u00e9g eset\u00e9n<\/strong> a betegek fogad\u00e1sa el\u0151jegyz\u00e9s alapj\u00e1n t\u00f6rt\u00e9nik.<\/div>\n<div><strong>Panaszok eset\u00e9n<\/strong> Szakambulanci\u00e1nk orvos\u00e1val t\u00f6rt\u00e9nt egyeztet\u00e9s alapj\u00e1n.<\/div>\n<div><strong><u>El\u0151jegyz\u00e9s\/id\u0151pontk\u00e9r\u00e9s:<\/u><\/strong> munkanapokon 11:00-14:30 k\u00f6z\u00f6tt a Szakambulancia mell\u00e9k\u00e9n.<\/div>\n<div><span style=\"font-size: 14px;\"><u><strong>K\u00e9rj\u00fck, a hossz\u00fa v\u00e1rakoz\u00e1s elker\u00fcl\u00e9se \u00e9rdek\u00e9ben az egyeztetett id\u0151pontban jelenjen meg Szakambulanci\u00e1nkon!<\/strong><\/u><\/span><\/div>\n<div><\/div>\n<div><a href=\"https:\/\/www.szentimrekorhaz.hu\/index.php\/klinikai-onkologia-osztaly\/\">Kattints ide az oszt\u00e1ly fekv\u0151beteg ell\u00e1t\u00e1s\u00e1ra.<\/a><\/div>\n<div><\/div>\n<div><\/div>\n\n\n\n\t<div class=\"dkpdf-button-container\" style=\"            text-align:right \">\n\n\t\t<a class=\"dkpdf-button\" href=\"\/index.php\/wp-json\/wp\/v2\/pages\/694?pdf=694\" target=\"_blank\"><span class=\"dkpdf-button-icon\"><i class=\"fa fa-file-pdf-o\"><\/i><\/span> Let\u00f6lt\u00e9s<\/a>\n\n\t<\/div>\n\n\n\n\n\n<!-- PMB print buttons is only displayed on a single post\/page URLs-->","protected":false},"excerpt":{"rendered":"<p>Oszt\u00e1lyvezet\u0151 f\u0151orvos: Dr. Nagy Zsuzsanna PhD. \u00c1pol\u00e1si egys\u00e9gvezet\u0151 f\u0151n\u0151v\u00e9r: Tornyai Nikolett Telefon: +36 1 464 8600\/1716 mell\u00e9k E-mail:\u00a0 onkologia@szentimrekorhaz.hu Ambulancia megnevez\u00e9se Rendel\u00e9s helye Rendel\u00e9s ideje&hellip;<\/p>\n","protected":false},"author":4,"featured_media":0,"parent":0,"menu_order":19,"comment_status":"closed","ping_status":"closed","template":"","meta":{"_acf_changed":false,"footnotes":""},"categories":[],"tags":[],"class_list":["post-694","page","type-page","status-publish","hentry"],"acf":[],"post_type":"page","author_name":"Informatikai csoport","_links":{"self":[{"href":"https:\/\/www.szentimrekorhaz.hu\/index.php\/wp-json\/wp\/v2\/pages\/694","targetHints":{"allow":["GET"]}}],"collection":[{"href":"https:\/\/www.szentimrekorhaz.hu\/index.php\/wp-json\/wp\/v2\/pages"}],"about":[{"href":"https:\/\/www.szentimrekorhaz.hu\/index.php\/wp-json\/wp\/v2\/types\/page"}],"author":[{"embeddable":true,"href":"https:\/\/www.szentimrekorhaz.hu\/index.php\/wp-json\/wp\/v2\/users\/4"}],"replies":[{"embeddable":true,"href":"https:\/\/www.szentimrekorhaz.hu\/index.php\/wp-json\/wp\/v2\/comments?post=694"}],"version-history":[{"count":2,"href":"https:\/\/www.szentimrekorhaz.hu\/index.php\/wp-json\/wp\/v2\/pages\/694\/revisions"}],"predecessor-version":[{"id":3215,"href":"https:\/\/www.szentimrekorhaz.hu\/index.php\/wp-json\/wp\/v2\/pages\/694\/revisions\/3215"}],"wp:attachment":[{"href":"https:\/\/www.szentimrekorhaz.hu\/index.php\/wp-json\/wp\/v2\/media?parent=694"}],"wp:term":[{"taxonomy":"category","embeddable":true,"href":"https:\/\/www.szentimrekorhaz.hu\/index.php\/wp-json\/wp\/v2\/categories?post=694"},{"taxonomy":"post_tag","embeddable":true,"href":"https:\/\/www.szentimrekorhaz.hu\/index.php\/wp-json\/wp\/v2\/tags?post=694"}],"curies":[{"name":"wp","href":"https:\/\/api.w.org\/{rel}","templated":true}]}}